{"id":1608,"date":"2015-12-01T16:02:28","date_gmt":"2015-12-01T14:02:28","guid":{"rendered":"http:\/\/blogs.lyceecfadumene.fr\/tyanheol\/?page_id=1608"},"modified":"2015-12-01T19:45:51","modified_gmt":"2015-12-01T17:45:51","slug":"gateau-au-speculoos-fromage-blanc-et-coulis-de-framboise","status":"publish","type":"page","link":"https:\/\/blogs.lyceecfadumene.fr\/tyanheol\/restauration\/gateau-au-speculoos-fromage-blanc-et-coulis-de-framboise\/","title":{"rendered":"G\u00e2teau au speculoos, fromage blanc et coulis de framboise"},"content":{"rendered":"<div class=\"tiled-gallery type-circle tiled-gallery-unresized\" data-original-width=\"604\" data-carousel-extra='{&quot;blog_id&quot;:84,&quot;permalink&quot;:&quot;https:\\\/\\\/blogs.lyceecfadumene.fr\\\/tyanheol\\\/restauration\\\/gateau-au-speculoos-fromage-blanc-et-coulis-de-framboise\\\/&quot;,&quot;likes_blog_id&quot;:27752986}' itemscope itemtype=\"http:\/\/schema.org\/ImageGallery\" > <div class=\"gallery-row\" style=\"width: 604px; height: 302px;\" data-original-width=\"604\" data-original-height=\"302\" > <div class=\"gallery-group\" style=\"width: 302px; height: 302px;\" data-original-width=\"302\" data-original-height=\"302\" > <div class=\"tiled-gallery-item \" itemprop=\"associatedMedia\" itemscope itemtype=\"http:\/\/schema.org\/ImageObject\"> <a href=\"https:\/\/blogs.lyceecfadumene.fr\/tyanheol\/restauration\/lentilles-a-la-tomate-et-au-chorizo\/framboise\/\" border=\"0\" itemprop=\"url\"> <meta itemprop=\"width\" content=\"298\"> <meta itemprop=\"height\" content=\"298\"> <img decoding=\"async\" class=\"\" data-attachment-id=\"1634\" data-orig-file=\"https:\/\/blogs.lyceecfadumene.fr\/tyanheol\/files\/2015\/11\/framboise.jpg\" data-orig-size=\"640,452\" data-comments-opened=\"1\" data-image-meta=\"{&quot;aperture&quot;:&quot;0&quot;,&quot;credit&quot;:&quot;&quot;,&quot;camera&quot;:&quot;&quot;,&quot;caption&quot;:&quot;&quot;,&quot;created_timestamp&quot;:&quot;0&quot;,&quot;copyright&quot;:&quot;&quot;,&quot;focal_length&quot;:&quot;0&quot;,&quot;iso&quot;:&quot;0&quot;,&quot;shutter_speed&quot;:&quot;0&quot;,&quot;title&quot;:&quot;&quot;,&quot;orientation&quot;:&quot;0&quot;}\" data-image-title=\"framboise\" data-image-description=\"\" data-medium-file=\"https:\/\/i0.wp.com\/blogs.lyceecfadumene.fr\/tyanheol\/files\/2015\/11\/framboise.jpg?fit=300%2C212&#038;ssl=1\" data-large-file=\"https:\/\/i0.wp.com\/blogs.lyceecfadumene.fr\/tyanheol\/files\/2015\/11\/framboise.jpg?fit=604%2C427&#038;ssl=1\" src=\"https:\/\/i0.wp.com\/blogs.lyceecfadumene.fr\/tyanheol\/files\/2015\/11\/framboise.jpg?w=298&#038;h=298&#038;crop=1&#038;ssl=1\" srcset=\"https:\/\/i0.wp.com\/blogs.lyceecfadumene.fr\/tyanheol\/files\/2015\/11\/framboise.jpg?resize=150%2C150&amp;ssl=1 150w, https:\/\/i0.wp.com\/blogs.lyceecfadumene.fr\/tyanheol\/files\/2015\/11\/framboise.jpg?zoom=2&amp;resize=298%2C298 596w\" width=\"298\" height=\"298\" loading=\"lazy\" data-original-width=\"298\" data-original-height=\"298\" itemprop=\"http:\/\/schema.org\/image\" title=\"framboise\" alt=\"framboise\" style=\"width: 298px; height: 298px;\" \/> <\/a> <\/div> <\/div> <div class=\"gallery-group\" style=\"width: 302px; height: 302px;\" data-original-width=\"302\" data-original-height=\"302\" > <div class=\"tiled-gallery-item \" itemprop=\"associatedMedia\" itemscope itemtype=\"http:\/\/schema.org\/ImageObject\"> <a href=\"https:\/\/blogs.lyceecfadumene.fr\/tyanheol\/restauration\/lentilles-a-la-tomate-et-au-chorizo\/speculoos\/\" border=\"0\" itemprop=\"url\"> <meta itemprop=\"width\" content=\"298\"> <meta itemprop=\"height\" content=\"298\"> <img decoding=\"async\" class=\"\" data-attachment-id=\"1632\" data-orig-file=\"https:\/\/blogs.lyceecfadumene.fr\/tyanheol\/files\/2015\/11\/speculoos.jpg\" data-orig-size=\"784,648\" data-comments-opened=\"1\" data-image-meta=\"{&quot;aperture&quot;:&quot;0&quot;,&quot;credit&quot;:&quot;&quot;,&quot;camera&quot;:&quot;&quot;,&quot;caption&quot;:&quot;&quot;,&quot;created_timestamp&quot;:&quot;0&quot;,&quot;copyright&quot;:&quot;&quot;,&quot;focal_length&quot;:&quot;0&quot;,&quot;iso&quot;:&quot;0&quot;,&quot;shutter_speed&quot;:&quot;0&quot;,&quot;title&quot;:&quot;&quot;,&quot;orientation&quot;:&quot;0&quot;}\" data-image-title=\"speculoos\" data-image-description=\"\" data-medium-file=\"https:\/\/i0.wp.com\/blogs.lyceecfadumene.fr\/tyanheol\/files\/2015\/11\/speculoos.jpg?fit=300%2C248&#038;ssl=1\" data-large-file=\"https:\/\/i0.wp.com\/blogs.lyceecfadumene.fr\/tyanheol\/files\/2015\/11\/speculoos.jpg?fit=604%2C499&#038;ssl=1\" src=\"https:\/\/i0.wp.com\/blogs.lyceecfadumene.fr\/tyanheol\/files\/2015\/11\/speculoos.jpg?w=298&#038;h=298&#038;crop=1&#038;ssl=1\" srcset=\"https:\/\/i0.wp.com\/blogs.lyceecfadumene.fr\/tyanheol\/files\/2015\/11\/speculoos.jpg?resize=150%2C150&amp;ssl=1 150w, https:\/\/i0.wp.com\/blogs.lyceecfadumene.fr\/tyanheol\/files\/2015\/11\/speculoos.jpg?zoom=2&amp;resize=298%2C298 596w\" width=\"298\" height=\"298\" loading=\"lazy\" data-original-width=\"298\" data-original-height=\"298\" itemprop=\"http:\/\/schema.org\/image\" title=\"speculoos\" alt=\"speculoos\" style=\"width: 298px; height: 298px;\" \/> <\/a> <\/div> <\/div> <\/div> <\/div>\n<p><strong>Temps de pr\u00e9paration :<\/strong> 15 minutes<\/p>\n<p><strong>Temps de cuisson :<\/strong> 0 minutes<\/p>\n<p><strong>Ingr\u00e9dients (pour 6 personnes) :<\/strong><\/p>\n<ul>\n<li>200 g de biscuits sp\u00e9culoos<\/li>\n<li>75 g de beurre sans sel<\/li>\n<li>500 g de fromage blanc<\/li>\n<li>1 citron<\/li>\n<li>2 sachets de sucre vanill\u00e9<\/li>\n<li>8 cuiller\u00e9es \u00e0 soupe de sucre<\/li>\n<li>1\/4 litre de cr\u00e8me fra\u00eeche<\/li>\n<li>4 feuilles de g\u00e9latine<\/li>\n<li>coulis de framboise<\/li>\n<\/ul>\n<p><strong>Pr\u00e9paration de la recette :<\/strong><\/p>\n<p>\u00c9craser les sp\u00e9culoos et m\u00e9langer avec le beurre.<\/p>\n<p>D\u00e9poser le m\u00e9lange dans le fond d&rsquo;un moule \u00e0 g\u00e2teau. M\u00e9langer le fromage blanc avec le jus du citron, les sachets de sucre vanill\u00e9 et le sucre.<\/p>\n<p>Battre la cr\u00e8me fra\u00eeche et l&rsquo;ajouter au m\u00e9lange, ainsi que les feuilles de g\u00e9latine dissoutes dans un peu d&rsquo;eau. Verser le m\u00e9lange au-dessus de la p\u00e2te de sp\u00e9culoos.<\/p>\n<p>Laisser refroidir 24 heures au frigo.<\/p>\n<p>Avant de servir, couvrir d&rsquo;une fine couche de coulis de framboises m\u00e9lang\u00e9es avec de la g\u00e9latine, laisser encore refroidir une heure. Servir napp\u00e9 de coulis de framboise.<\/p>\n","protected":false},"excerpt":{"rendered":"<p>Temps de pr\u00e9paration : 15 minutes Temps de cuisson : 0 minutes Ingr\u00e9dients (pour 6 personnes) : 200 g de biscuits sp\u00e9culoos 75 g de beurre sans sel 500 g de fromage blanc 1 citron 2 sachets de sucre vanill\u00e9 8 cuiller\u00e9es \u00e0 soupe de sucre 1\/4 litre de cr\u00e8me fra\u00eeche 4 feuilles de g\u00e9latine &hellip; <a href=\"https:\/\/blogs.lyceecfadumene.fr\/tyanheol\/restauration\/gateau-au-speculoos-fromage-blanc-et-coulis-de-framboise\/\" class=\"more-link\">Continuer la lecture de <span class=\"screen-reader-text\">G\u00e2teau au speculoos, fromage blanc et coulis de framboise<\/span> <span class=\"meta-nav\">&rarr;<\/span><\/a><\/p>\n","protected":false},"author":43,"featured_media":0,"parent":1562,"menu_order":0,"comment_status":"closed","ping_status":"closed","template":"","meta":{"footnotes":""},"class_list":["post-1608","page","type-page","status-publish","hentry"],"aioseo_notices":[],"jetpack_shortlink":"https:\/\/wp.me\/P1SrOO-pW","jetpack_sharing_enabled":true,"_links":{"self":[{"href":"https:\/\/blogs.lyceecfadumene.fr\/tyanheol\/wp-json\/wp\/v2\/pages\/1608","targetHints":{"allow":["GET"]}}],"collection":[{"href":"https:\/\/blogs.lyceecfadumene.fr\/tyanheol\/wp-json\/wp\/v2\/pages"}],"about":[{"href":"https:\/\/blogs.lyceecfadumene.fr\/tyanheol\/wp-json\/wp\/v2\/types\/page"}],"author":[{"embeddable":true,"href":"https:\/\/blogs.lyceecfadumene.fr\/tyanheol\/wp-json\/wp\/v2\/users\/43"}],"replies":[{"embeddable":true,"href":"https:\/\/blogs.lyceecfadumene.fr\/tyanheol\/wp-json\/wp\/v2\/comments?post=1608"}],"version-history":[{"count":0,"href":"https:\/\/blogs.lyceecfadumene.fr\/tyanheol\/wp-json\/wp\/v2\/pages\/1608\/revisions"}],"up":[{"embeddable":true,"href":"https:\/\/blogs.lyceecfadumene.fr\/tyanheol\/wp-json\/wp\/v2\/pages\/1562"}],"wp:attachment":[{"href":"https:\/\/blogs.lyceecfadumene.fr\/tyanheol\/wp-json\/wp\/v2\/media?parent=1608"}],"curies":[{"name":"wp","href":"https:\/\/api.w.org\/{rel}","templated":true}]}}