{"id":1593,"date":"2015-12-01T16:07:47","date_gmt":"2015-12-01T14:07:47","guid":{"rendered":"http:\/\/blogs.lyceecfadumene.fr\/tyanheol\/?page_id=1593"},"modified":"2015-12-01T20:02:51","modified_gmt":"2015-12-01T18:02:51","slug":"lentilles-a-la-tomate-et-au-chorizo","status":"publish","type":"page","link":"https:\/\/blogs.lyceecfadumene.fr\/tyanheol\/restauration\/lentilles-a-la-tomate-et-au-chorizo\/","title":{"rendered":"Lentilles \u00e0 la tomate et au chorizo"},"content":{"rendered":"<div class=\"tiled-gallery type-circle tiled-gallery-unresized\" data-original-width=\"604\" data-carousel-extra='{&quot;blog_id&quot;:84,&quot;permalink&quot;:&quot;https:\\\/\\\/blogs.lyceecfadumene.fr\\\/tyanheol\\\/restauration\\\/lentilles-a-la-tomate-et-au-chorizo\\\/&quot;,&quot;likes_blog_id&quot;:27752986}' itemscope itemtype=\"http:\/\/schema.org\/ImageGallery\" > <div class=\"gallery-row\" style=\"width: 604px; height: 201px;\" data-original-width=\"604\" data-original-height=\"201\" > <div class=\"gallery-group\" style=\"width: 201px; height: 201px;\" data-original-width=\"201\" data-original-height=\"201\" > <div class=\"tiled-gallery-item \" itemprop=\"associatedMedia\" itemscope itemtype=\"http:\/\/schema.org\/ImageObject\"> <a href=\"https:\/\/blogs.lyceecfadumene.fr\/tyanheol\/restauration\/lentilles-a-la-tomate-et-au-chorizo\/chorizo\/\" border=\"0\" itemprop=\"url\"> <meta itemprop=\"width\" content=\"197\"> <meta itemprop=\"height\" content=\"197\"> <img decoding=\"async\" class=\"\" data-attachment-id=\"1631\" data-orig-file=\"https:\/\/blogs.lyceecfadumene.fr\/tyanheol\/files\/2015\/11\/chorizo.jpg\" data-orig-size=\"1788,1212\" data-comments-opened=\"1\" data-image-meta=\"{&quot;aperture&quot;:&quot;5.6&quot;,&quot;credit&quot;:&quot;&quot;,&quot;camera&quot;:&quot;NIKON D80&quot;,&quot;caption&quot;:&quot;&quot;,&quot;created_timestamp&quot;:&quot;1297607178&quot;,&quot;copyright&quot;:&quot;&quot;,&quot;focal_length&quot;:&quot;135&quot;,&quot;iso&quot;:&quot;200&quot;,&quot;shutter_speed&quot;:&quot;0.0166666666667&quot;,&quot;title&quot;:&quot;&quot;,&quot;orientation&quot;:&quot;1&quot;}\" data-image-title=\"chorizo\" data-image-description=\"\" data-medium-file=\"https:\/\/i0.wp.com\/blogs.lyceecfadumene.fr\/tyanheol\/files\/2015\/11\/chorizo.jpg?fit=300%2C203&#038;ssl=1\" data-large-file=\"https:\/\/i0.wp.com\/blogs.lyceecfadumene.fr\/tyanheol\/files\/2015\/11\/chorizo.jpg?fit=604%2C409&#038;ssl=1\" src=\"https:\/\/i0.wp.com\/blogs.lyceecfadumene.fr\/tyanheol\/files\/2015\/11\/chorizo.jpg?w=197&#038;h=197&#038;crop=1&#038;ssl=1\" srcset=\"https:\/\/i0.wp.com\/blogs.lyceecfadumene.fr\/tyanheol\/files\/2015\/11\/chorizo.jpg?resize=150%2C150&amp;ssl=1 150w, https:\/\/i0.wp.com\/blogs.lyceecfadumene.fr\/tyanheol\/files\/2015\/11\/chorizo.jpg?zoom=2&amp;resize=197%2C197 394w, https:\/\/i0.wp.com\/blogs.lyceecfadumene.fr\/tyanheol\/files\/2015\/11\/chorizo.jpg?zoom=3&amp;resize=197%2C197 591w\" width=\"197\" height=\"197\" loading=\"lazy\" data-original-width=\"197\" data-original-height=\"197\" itemprop=\"http:\/\/schema.org\/image\" title=\"chorizo\" alt=\"chorizo\" style=\"width: 197px; height: 197px;\" \/> <\/a> <\/div> <\/div> <div class=\"gallery-group\" style=\"width: 201px; height: 201px;\" data-original-width=\"201\" data-original-height=\"201\" > <div class=\"tiled-gallery-item \" itemprop=\"associatedMedia\" itemscope itemtype=\"http:\/\/schema.org\/ImageObject\"> <a href=\"https:\/\/blogs.lyceecfadumene.fr\/tyanheol\/restauration\/lentilles-a-la-tomate-et-au-chorizo\/tomate\/\" border=\"0\" itemprop=\"url\"> <meta itemprop=\"width\" content=\"197\"> <meta itemprop=\"height\" content=\"197\"> <img decoding=\"async\" class=\"\" data-attachment-id=\"1630\" data-orig-file=\"https:\/\/blogs.lyceecfadumene.fr\/tyanheol\/files\/2015\/11\/tomate.jpg\" data-orig-size=\"3008,2000\" data-comments-opened=\"1\" data-image-meta=\"{&quot;aperture&quot;:&quot;10&quot;,&quot;credit&quot;:&quot;&quot;,&quot;camera&quot;:&quot;NIKON D40&quot;,&quot;caption&quot;:&quot;&quot;,&quot;created_timestamp&quot;:&quot;1209155851&quot;,&quot;copyright&quot;:&quot;&quot;,&quot;focal_length&quot;:&quot;31&quot;,&quot;iso&quot;:&quot;400&quot;,&quot;shutter_speed&quot;:&quot;0.0166666666667&quot;,&quot;title&quot;:&quot;&quot;,&quot;orientation&quot;:&quot;1&quot;}\" data-image-title=\"tomate\" data-image-description=\"\" data-medium-file=\"https:\/\/i0.wp.com\/blogs.lyceecfadumene.fr\/tyanheol\/files\/2015\/11\/tomate.jpg?fit=300%2C199&#038;ssl=1\" data-large-file=\"https:\/\/i0.wp.com\/blogs.lyceecfadumene.fr\/tyanheol\/files\/2015\/11\/tomate.jpg?fit=604%2C402&#038;ssl=1\" src=\"https:\/\/i0.wp.com\/blogs.lyceecfadumene.fr\/tyanheol\/files\/2015\/11\/tomate.jpg?w=197&#038;h=197&#038;crop=1&#038;ssl=1\" srcset=\"https:\/\/i0.wp.com\/blogs.lyceecfadumene.fr\/tyanheol\/files\/2015\/11\/tomate.jpg?resize=150%2C150&amp;ssl=1 150w, https:\/\/i0.wp.com\/blogs.lyceecfadumene.fr\/tyanheol\/files\/2015\/11\/tomate.jpg?zoom=2&amp;resize=197%2C197 394w, https:\/\/i0.wp.com\/blogs.lyceecfadumene.fr\/tyanheol\/files\/2015\/11\/tomate.jpg?zoom=3&amp;resize=197%2C197 591w\" width=\"197\" height=\"197\" loading=\"lazy\" data-original-width=\"197\" data-original-height=\"197\" itemprop=\"http:\/\/schema.org\/image\" title=\"tomate\" alt=\"tomate\" style=\"width: 197px; height: 197px;\" \/> <\/a> <\/div> <\/div> <div class=\"gallery-group\" style=\"width: 201px; height: 201px;\" data-original-width=\"201\" data-original-height=\"201\" > <div class=\"tiled-gallery-item \" itemprop=\"associatedMedia\" itemscope itemtype=\"http:\/\/schema.org\/ImageObject\"> <a href=\"https:\/\/blogs.lyceecfadumene.fr\/tyanheol\/restauration\/lentilles-a-la-tomate-et-au-chorizo\/lentil-315509_1280\/\" border=\"0\" itemprop=\"url\"> <meta itemprop=\"width\" content=\"197\"> <meta itemprop=\"height\" content=\"197\"> <img decoding=\"async\" class=\"\" data-attachment-id=\"1625\" data-orig-file=\"https:\/\/blogs.lyceecfadumene.fr\/tyanheol\/files\/2015\/11\/lentil-315509_1280.jpg\" data-orig-size=\"1280,847\" data-comments-opened=\"1\" data-image-meta=\"{&quot;aperture&quot;:&quot;0&quot;,&quot;credit&quot;:&quot;&quot;,&quot;camera&quot;:&quot;&quot;,&quot;caption&quot;:&quot;&quot;,&quot;created_timestamp&quot;:&quot;0&quot;,&quot;copyright&quot;:&quot;&quot;,&quot;focal_length&quot;:&quot;0&quot;,&quot;iso&quot;:&quot;0&quot;,&quot;shutter_speed&quot;:&quot;0&quot;,&quot;title&quot;:&quot;&quot;,&quot;orientation&quot;:&quot;0&quot;}\" data-image-title=\"lentil-315509_1280\" data-image-description=\"\" data-medium-file=\"https:\/\/i0.wp.com\/blogs.lyceecfadumene.fr\/tyanheol\/files\/2015\/11\/lentil-315509_1280.jpg?fit=300%2C199&#038;ssl=1\" data-large-file=\"https:\/\/i0.wp.com\/blogs.lyceecfadumene.fr\/tyanheol\/files\/2015\/11\/lentil-315509_1280.jpg?fit=604%2C400&#038;ssl=1\" src=\"https:\/\/i0.wp.com\/blogs.lyceecfadumene.fr\/tyanheol\/files\/2015\/11\/lentil-315509_1280.jpg?w=197&#038;h=197&#038;crop=1&#038;ssl=1\" srcset=\"https:\/\/i0.wp.com\/blogs.lyceecfadumene.fr\/tyanheol\/files\/2015\/11\/lentil-315509_1280.jpg?resize=150%2C150&amp;ssl=1 150w, https:\/\/i0.wp.com\/blogs.lyceecfadumene.fr\/tyanheol\/files\/2015\/11\/lentil-315509_1280.jpg?zoom=2&amp;resize=197%2C197 394w, https:\/\/i0.wp.com\/blogs.lyceecfadumene.fr\/tyanheol\/files\/2015\/11\/lentil-315509_1280.jpg?zoom=3&amp;resize=197%2C197 591w\" width=\"197\" height=\"197\" loading=\"lazy\" data-original-width=\"197\" data-original-height=\"197\" itemprop=\"http:\/\/schema.org\/image\" title=\"lentil-315509_1280\" alt=\"lentil-315509_1280\" style=\"width: 197px; height: 197px;\" \/> <\/a> <\/div> <\/div> <\/div> <\/div>\n<p><strong>Temps de pr\u00e9paration :<\/strong> 45 minutes<\/p>\n<p><strong>Temps de cuisson :<\/strong> 60 minutes<\/p>\n<p><strong>Ingr\u00e9dients (pour 4 personnes) :<\/strong><\/p>\n<ul>\n<li>375 g de lentilles<\/li>\n<li>65 g d&rsquo;oignons<\/li>\n<li>1 gousse d&rsquo;ail<\/li>\n<li>150 g de chorizo<\/li>\n<li>poudre de piment<\/li>\n<li>375 g de tomates<\/li>\n<li>2 cuiller\u00e9es \u00e0 soupe d&rsquo;huile- sel<\/li>\n<\/ul>\n<p><strong>Pr\u00e9paration de la recette :<\/strong><\/p>\n<p>Couvrir les lentilles d&rsquo;eau froide. Amener \u00e0 \u00e9bullition pour 30 minutes de cuisson. Peler les tomates puis les concasser. Hacher l&rsquo;ail et l&rsquo;oignon. Les faire suer dans l&rsquo;huile puis ajouter la tomate et une pinc\u00e9e de piment. Faire cuire \u00e0 feu doux jusqu&rsquo;\u00e0 obtention d&rsquo;une \u00e9paisse pur\u00e9e. Incorporer le chorizo coup\u00e9 en tranches ainsi que les lentilles \u00e9goutt\u00e9es. M\u00e9langer et cuire \u00e0 feu tr\u00e8s doux pendant 1 heure.<\/p>\n","protected":false},"excerpt":{"rendered":"<p>Temps de pr\u00e9paration : 45 minutes Temps de cuisson : 60 minutes Ingr\u00e9dients (pour 4 personnes) : 375 g de lentilles 65 g d&rsquo;oignons 1 gousse d&rsquo;ail 150 g de chorizo poudre de piment 375 g de tomates 2 cuiller\u00e9es \u00e0 soupe d&rsquo;huile- sel Pr\u00e9paration de la recette : Couvrir les lentilles d&rsquo;eau froide. Amener &hellip; <a href=\"https:\/\/blogs.lyceecfadumene.fr\/tyanheol\/restauration\/lentilles-a-la-tomate-et-au-chorizo\/\" class=\"more-link\">Continuer la lecture de <span class=\"screen-reader-text\">Lentilles \u00e0 la tomate et au chorizo<\/span> <span class=\"meta-nav\">&rarr;<\/span><\/a><\/p>\n","protected":false},"author":43,"featured_media":0,"parent":1562,"menu_order":0,"comment_status":"closed","ping_status":"closed","template":"","meta":{"footnotes":""},"class_list":["post-1593","page","type-page","status-publish","hentry"],"aioseo_notices":[],"jetpack_shortlink":"https:\/\/wp.me\/P1SrOO-pH","jetpack_sharing_enabled":true,"_links":{"self":[{"href":"https:\/\/blogs.lyceecfadumene.fr\/tyanheol\/wp-json\/wp\/v2\/pages\/1593","targetHints":{"allow":["GET"]}}],"collection":[{"href":"https:\/\/blogs.lyceecfadumene.fr\/tyanheol\/wp-json\/wp\/v2\/pages"}],"about":[{"href":"https:\/\/blogs.lyceecfadumene.fr\/tyanheol\/wp-json\/wp\/v2\/types\/page"}],"author":[{"embeddable":true,"href":"https:\/\/blogs.lyceecfadumene.fr\/tyanheol\/wp-json\/wp\/v2\/users\/43"}],"replies":[{"embeddable":true,"href":"https:\/\/blogs.lyceecfadumene.fr\/tyanheol\/wp-json\/wp\/v2\/comments?post=1593"}],"version-history":[{"count":0,"href":"https:\/\/blogs.lyceecfadumene.fr\/tyanheol\/wp-json\/wp\/v2\/pages\/1593\/revisions"}],"up":[{"embeddable":true,"href":"https:\/\/blogs.lyceecfadumene.fr\/tyanheol\/wp-json\/wp\/v2\/pages\/1562"}],"wp:attachment":[{"href":"https:\/\/blogs.lyceecfadumene.fr\/tyanheol\/wp-json\/wp\/v2\/media?parent=1593"}],"curies":[{"name":"wp","href":"https:\/\/api.w.org\/{rel}","templated":true}]}}