{"id":1562,"date":"2015-12-01T16:01:12","date_gmt":"2015-12-01T14:01:12","guid":{"rendered":"http:\/\/blogs.lyceecfadumene.fr\/tyanheol\/?page_id=1562"},"modified":"2016-05-31T14:02:51","modified_gmt":"2016-05-31T12:02:51","slug":"restauration","status":"publish","type":"page","link":"https:\/\/blogs.lyceecfadumene.fr\/tyanheol\/restauration\/","title":{"rendered":"Restauration"},"content":{"rendered":"<h1 style=\"text-align: left\">Ce qui se passe dans notre assiette au lyc\u00e9e<\/h1>\n<figure id=\"attachment_1570\" aria-describedby=\"caption-attachment-1570\" style=\"width: 800px\" class=\"wp-caption aligncenter\"><a href=\"https:\/\/blogs.lyceecfadumene.fr\/tyanheol\/restauration\/vitrine-7\/\" rel=\"attachment wp-att-1570\"><img data-recalc-dims=\"1\" loading=\"lazy\" decoding=\"async\" data-attachment-id=\"1570\" data-permalink=\"https:\/\/blogs.lyceecfadumene.fr\/tyanheol\/restauration\/vitrine-7\/\" data-orig-file=\"https:\/\/i0.wp.com\/blogs.lyceecfadumene.fr\/tyanheol\/files\/2015\/11\/vitrine-7.png?fit=800%2C266&amp;ssl=1\" data-orig-size=\"800,266\" data-comments-opened=\"1\" data-image-meta=\"{&quot;aperture&quot;:&quot;0&quot;,&quot;credit&quot;:&quot;&quot;,&quot;camera&quot;:&quot;&quot;,&quot;caption&quot;:&quot;&quot;,&quot;created_timestamp&quot;:&quot;0&quot;,&quot;copyright&quot;:&quot;&quot;,&quot;focal_length&quot;:&quot;0&quot;,&quot;iso&quot;:&quot;0&quot;,&quot;shutter_speed&quot;:&quot;0&quot;,&quot;title&quot;:&quot;&quot;,&quot;orientation&quot;:&quot;0&quot;}\" data-image-title=\"vitrine 7\" data-image-description=\"\" data-image-caption=\"\" data-large-file=\"https:\/\/i0.wp.com\/blogs.lyceecfadumene.fr\/tyanheol\/files\/2015\/11\/vitrine-7.png?fit=604%2C201&amp;ssl=1\" class=\"wp-image-1570 size-full\" style=\"border: 2px solid #000000\" src=\"https:\/\/i0.wp.com\/blogs.lyceecfadumene.fr\/tyanheol\/files\/2015\/11\/vitrine-7.png?resize=604%2C201&#038;ssl=1\" alt=\"vitrine 7\" width=\"604\" height=\"201\" srcset=\"https:\/\/i0.wp.com\/blogs.lyceecfadumene.fr\/tyanheol\/files\/2015\/11\/vitrine-7.png?w=800&amp;ssl=1 800w, https:\/\/i0.wp.com\/blogs.lyceecfadumene.fr\/tyanheol\/files\/2015\/11\/vitrine-7.png?resize=300%2C100&amp;ssl=1 300w, https:\/\/i0.wp.com\/blogs.lyceecfadumene.fr\/tyanheol\/files\/2015\/11\/vitrine-7.png?resize=500%2C166&amp;ssl=1 500w\" sizes=\"auto, (max-width: 604px) 100vw, 604px\" \/><\/a><figcaption id=\"caption-attachment-1570\" class=\"wp-caption-text\">L&rsquo;\u00e9quipe de cuisine au travail pour nous r\u00e9galer.<\/figcaption><\/figure>\n<p>Suite \u00e0 la semaine du go\u00fbt qui a eu lieu au lyc\u00e9e du Men\u00e9. Julie la responsable des cuisines nous propose diff\u00e9rentes recettes qu&rsquo;elle et son \u00e9quipe ont r\u00e9alis\u00e9 pour cette occasion.<\/p>\n<h2>Les recettes de Julie :<\/h2>\n<ul>\n<li><a href=\"https:\/\/blogs.lyceecfadumene.fr\/tyanheol\/restauration\/crumble-de-chou-fleur-et-brocolis\/\">Crumble de chou-fleur et brocolis<\/a><\/li>\n<li><a href=\"https:\/\/blogs.lyceecfadumene.fr\/tyanheol\/restauration\/escalopes-de-dinde-au-camembert\/\">Escalopes de dinde au camembert<\/a><\/li>\n<li><a href=\"https:\/\/blogs.lyceecfadumene.fr\/tyanheol\/restauration\/boulette-au-roquefort-et-coulis-de-courge-cameleon\/\">Boulette au roquefort et coulis de courge cam\u00e9l\u00e9on<\/a><\/li>\n<li><a href=\"https:\/\/blogs.lyceecfadumene.fr\/tyanheol\/restauration\/gateau-au-speculoos-fromage-blanc-et-coulis-de-framboise\/\">G\u00e2teau au speculoos, fromage blanc et coulis de framboise<\/a><\/li>\n<li><a href=\"https:\/\/blogs.lyceecfadumene.fr\/tyanheol\/restauration\/filet-mignon-de-porc-aux-litchis\/\">Filet mignon de porc aux litchis<\/a><\/li>\n<li><a href=\"https:\/\/blogs.lyceecfadumene.fr\/tyanheol\/lentilles-a-la-tomate-et-au-chorizo\/\">Lentilles \u00e0 la tomate et au chorizo<\/a><\/li>\n<li><a href=\"https:\/\/blogs.lyceecfadumene.fr\/tyanheol\/pave-de-saumon-en-croute-dherbes-sauce-raifort\/\">Pav\u00e9 de saumon en cro\u00fbte d&rsquo;herbes, sauce raifort<\/a><\/li>\n<li><a href=\"https:\/\/blogs.lyceecfadumene.fr\/tyanheol\/puree-de-panais-et-poire-sauce-legere-au-porto-pour-accompagner-les-viandes-de-fete\/\">Pur\u00e9e de panais et poire, sauce l\u00e9g\u00e8re au porto pour accompagner les viandes de f\u00eate<\/a><\/li>\n<li><a href=\"https:\/\/blogs.lyceecfadumene.fr\/tyanheol\/veloute-froid-de-betteraves-2\/\">Velout\u00e9 froid de betteraves<\/a><\/li>\n<li><a href=\"https:\/\/blogs.lyceecfadumene.fr\/tyanheol\/tarte-tatin-aux-endives-et-chavignol\/\">Tarte tatin aux endives et chavignol<\/a><\/li>\n<li><a href=\"https:\/\/blogs.lyceecfadumene.fr\/tyanheol\/restauration\/terrine-tricolore\/\">Terrine Tricolore<\/a><\/li>\n<\/ul>\n<p>&nbsp;<\/p>\n","protected":false},"excerpt":{"rendered":"<p>Ce qui se passe dans notre assiette au lyc\u00e9e Suite \u00e0 la semaine du go\u00fbt qui a eu lieu au lyc\u00e9e du Men\u00e9. Julie la responsable des cuisines nous propose diff\u00e9rentes recettes qu&rsquo;elle et son \u00e9quipe ont r\u00e9alis\u00e9 pour cette occasion. Les recettes de Julie : Crumble de chou-fleur et brocolis Escalopes de dinde au &hellip; <a href=\"https:\/\/blogs.lyceecfadumene.fr\/tyanheol\/restauration\/\" class=\"more-link\">Continuer la lecture de <span class=\"screen-reader-text\">Restauration<\/span> <span class=\"meta-nav\">&rarr;<\/span><\/a><\/p>\n","protected":false},"author":43,"featured_media":0,"parent":0,"menu_order":0,"comment_status":"closed","ping_status":"closed","template":"","meta":{"footnotes":""},"class_list":["post-1562","page","type-page","status-publish","hentry"],"aioseo_notices":[],"jetpack_shortlink":"https:\/\/wp.me\/P1SrOO-pc","jetpack_sharing_enabled":true,"_links":{"self":[{"href":"https:\/\/blogs.lyceecfadumene.fr\/tyanheol\/wp-json\/wp\/v2\/pages\/1562","targetHints":{"allow":["GET"]}}],"collection":[{"href":"https:\/\/blogs.lyceecfadumene.fr\/tyanheol\/wp-json\/wp\/v2\/pages"}],"about":[{"href":"https:\/\/blogs.lyceecfadumene.fr\/tyanheol\/wp-json\/wp\/v2\/types\/page"}],"author":[{"embeddable":true,"href":"https:\/\/blogs.lyceecfadumene.fr\/tyanheol\/wp-json\/wp\/v2\/users\/43"}],"replies":[{"embeddable":true,"href":"https:\/\/blogs.lyceecfadumene.fr\/tyanheol\/wp-json\/wp\/v2\/comments?post=1562"}],"version-history":[{"count":0,"href":"https:\/\/blogs.lyceecfadumene.fr\/tyanheol\/wp-json\/wp\/v2\/pages\/1562\/revisions"}],"wp:attachment":[{"href":"https:\/\/blogs.lyceecfadumene.fr\/tyanheol\/wp-json\/wp\/v2\/media?parent=1562"}],"curies":[{"name":"wp","href":"https:\/\/api.w.org\/{rel}","templated":true}]}}