{"id":955,"date":"2024-03-20T08:34:49","date_gmt":"2024-03-20T07:34:49","guid":{"rendered":"https:\/\/blogs.lyceecfadumene.fr\/cdr\/?page_id=955"},"modified":"2026-03-13T15:44:25","modified_gmt":"2026-03-13T14:44:25","slug":"veille-accessibilite-numerique","status":"publish","type":"page","link":"https:\/\/blogs.lyceecfadumene.fr\/cdr\/veille-accessibilite-numerique\/","title":{"rendered":"Veille Accessibilit\u00e9 num\u00e9rique"},"content":{"rendered":"\n<figure class=\"wp-block-image size-large\"><img data-recalc-dims=\"1\" loading=\"lazy\" decoding=\"async\" width=\"1024\" height=\"341\" data-attachment-id=\"961\" data-permalink=\"https:\/\/blogs.lyceecfadumene.fr\/cdr\/veille-accessibilite-numerique\/banniere-blog-veille-acessibilite-numerique\/\" data-orig-file=\"https:\/\/i0.wp.com\/blogs.lyceecfadumene.fr\/cdr\/files\/2024\/03\/Banniere-blog-Veille-acessibilite-numerique.png?fit=1500%2C500&amp;ssl=1\" data-orig-size=\"1500,500\" data-comments-opened=\"1\" data-image-meta=\"{&quot;aperture&quot;:&quot;0&quot;,&quot;credit&quot;:&quot;&quot;,&quot;camera&quot;:&quot;&quot;,&quot;caption&quot;:&quot;&quot;,&quot;created_timestamp&quot;:&quot;0&quot;,&quot;copyright&quot;:&quot;&quot;,&quot;focal_length&quot;:&quot;0&quot;,&quot;iso&quot;:&quot;0&quot;,&quot;shutter_speed&quot;:&quot;0&quot;,&quot;title&quot;:&quot;&quot;,&quot;orientation&quot;:&quot;0&quot;}\" data-image-title=\"Banniere-blog-Veille-acessibilite-numerique\" data-image-description=\"\" data-image-caption=\"\" data-large-file=\"https:\/\/i0.wp.com\/blogs.lyceecfadumene.fr\/cdr\/files\/2024\/03\/Banniere-blog-Veille-acessibilite-numerique.png?fit=1024%2C341&amp;ssl=1\" src=\"https:\/\/i0.wp.com\/blogs.lyceecfadumene.fr\/cdr\/files\/2024\/03\/Banniere-blog-Veille-acessibilite-numerique-1024x341.png?resize=1024%2C341&#038;ssl=1\" alt=\"\" class=\"wp-image-961\" srcset=\"https:\/\/i0.wp.com\/blogs.lyceecfadumene.fr\/cdr\/files\/2024\/03\/Banniere-blog-Veille-acessibilite-numerique.png?resize=1024%2C341&amp;ssl=1 1024w, https:\/\/i0.wp.com\/blogs.lyceecfadumene.fr\/cdr\/files\/2024\/03\/Banniere-blog-Veille-acessibilite-numerique.png?resize=400%2C133&amp;ssl=1 400w, https:\/\/i0.wp.com\/blogs.lyceecfadumene.fr\/cdr\/files\/2024\/03\/Banniere-blog-Veille-acessibilite-numerique.png?resize=768%2C256&amp;ssl=1 768w, https:\/\/i0.wp.com\/blogs.lyceecfadumene.fr\/cdr\/files\/2024\/03\/Banniere-blog-Veille-acessibilite-numerique.png?w=1500&amp;ssl=1 1500w\" sizes=\"auto, (max-width: 1000px) 100vw, 1000px\" \/><\/figure>\n\n\n\n<div class=\"wp-block-columns alignwide is-layout-flex wp-container-core-columns-is-layout-d0b3c9c8 wp-block-columns-is-layout-flex\">\n<div class=\"wp-block-column is-layout-flow wp-block-column-is-layout-flow\">\n<div class=\"wp-block-media-text is-stacked-on-mobile\"><figure class=\"wp-block-media-text__media\"><a href=\"https:\/\/blogs.lyceecfadumene.fr\/cdr\/2024\/03\/14\/mirage-make-mirage-dys\/\" target=\"_blank\" rel=\"noreferrer noopener\"><img data-recalc-dims=\"1\" loading=\"lazy\" decoding=\"async\" width=\"200\" height=\"200\" data-attachment-id=\"875\" data-permalink=\"https:\/\/blogs.lyceecfadumene.fr\/cdr\/2024\/03\/14\/mirage-make-mirage-dys\/mirage_make-200x200-1\/\" data-orig-file=\"https:\/\/i0.wp.com\/blogs.lyceecfadumene.fr\/cdr\/files\/2023\/10\/mirage_make-200x200-1.png?fit=200%2C200&amp;ssl=1\" data-orig-size=\"200,200\" data-comments-opened=\"1\" data-image-meta=\"{&quot;aperture&quot;:&quot;0&quot;,&quot;credit&quot;:&quot;&quot;,&quot;camera&quot;:&quot;&quot;,&quot;caption&quot;:&quot;&quot;,&quot;created_timestamp&quot;:&quot;0&quot;,&quot;copyright&quot;:&quot;&quot;,&quot;focal_length&quot;:&quot;0&quot;,&quot;iso&quot;:&quot;0&quot;,&quot;shutter_speed&quot;:&quot;0&quot;,&quot;title&quot;:&quot;&quot;,&quot;orientation&quot;:&quot;0&quot;}\" data-image-title=\"mirage_make-200&amp;#215;200-1\" data-image-description=\"\" data-image-caption=\"\" data-large-file=\"https:\/\/i0.wp.com\/blogs.lyceecfadumene.fr\/cdr\/files\/2023\/10\/mirage_make-200x200-1.png?fit=200%2C200&amp;ssl=1\" src=\"https:\/\/i0.wp.com\/blogs.lyceecfadumene.fr\/cdr\/files\/2023\/10\/mirage_make-200x200-1.png?resize=200%2C200\" alt=\"\" class=\"wp-image-875 size-full\" srcset=\"https:\/\/i0.wp.com\/blogs.lyceecfadumene.fr\/cdr\/files\/2023\/10\/mirage_make-200x200-1.png?w=200&amp;ssl=1 200w, https:\/\/i0.wp.com\/blogs.lyceecfadumene.fr\/cdr\/files\/2023\/10\/mirage_make-200x200-1.png?resize=150%2C150&amp;ssl=1 150w\" sizes=\"auto, (max-width: 200px) 100vw, 200px\" \/><\/a><\/figure><div class=\"wp-block-media-text__content\">\n<p style=\"font-size:22px\"><strong><a href=\"https:\/\/blogs.lyceecfadumene.fr\/cdr\/2024\/03\/14\/mirage-make-mirage-dys\/\" target=\"_blank\" rel=\"noopener\" title=\"\">Mirage Dys<\/a><\/strong><\/p>\n\n\n\n<p>Appli de conversion audio avec QR codes<\/p>\n<\/div><\/div>\n<\/div>\n\n\n\n<div class=\"wp-block-column is-layout-flow wp-block-column-is-layout-flow\">\n<div class=\"wp-block-media-text is-stacked-on-mobile\"><figure class=\"wp-block-media-text__media\"><a href=\"https:\/\/blogs.lyceecfadumene.fr\/cdr\/2024\/01\/09\/balabolka\/\" target=\"_blank\" rel=\"noreferrer noopener\"><img data-recalc-dims=\"1\" loading=\"lazy\" decoding=\"async\" width=\"529\" height=\"551\" data-attachment-id=\"963\" data-permalink=\"https:\/\/blogs.lyceecfadumene.fr\/cdr\/veille-accessibilite-numerique\/balaboka-logobis\/\" data-orig-file=\"https:\/\/i0.wp.com\/blogs.lyceecfadumene.fr\/cdr\/files\/2024\/03\/balaboka-logobis.png?fit=529%2C551&amp;ssl=1\" data-orig-size=\"529,551\" data-comments-opened=\"1\" data-image-meta=\"{&quot;aperture&quot;:&quot;0&quot;,&quot;credit&quot;:&quot;&quot;,&quot;camera&quot;:&quot;&quot;,&quot;caption&quot;:&quot;&quot;,&quot;created_timestamp&quot;:&quot;0&quot;,&quot;copyright&quot;:&quot;&quot;,&quot;focal_length&quot;:&quot;0&quot;,&quot;iso&quot;:&quot;0&quot;,&quot;shutter_speed&quot;:&quot;0&quot;,&quot;title&quot;:&quot;&quot;,&quot;orientation&quot;:&quot;0&quot;}\" data-image-title=\"balaboka-logobis\" data-image-description=\"\" data-image-caption=\"\" data-large-file=\"https:\/\/i0.wp.com\/blogs.lyceecfadumene.fr\/cdr\/files\/2024\/03\/balaboka-logobis.png?fit=529%2C551&amp;ssl=1\" src=\"https:\/\/i0.wp.com\/blogs.lyceecfadumene.fr\/cdr\/files\/2024\/03\/balaboka-logobis.png?resize=529%2C551&#038;ssl=1\" alt=\"\" class=\"wp-image-963 size-full\" srcset=\"https:\/\/i0.wp.com\/blogs.lyceecfadumene.fr\/cdr\/files\/2024\/03\/balaboka-logobis.png?w=529&amp;ssl=1 529w, https:\/\/i0.wp.com\/blogs.lyceecfadumene.fr\/cdr\/files\/2024\/03\/balaboka-logobis.png?resize=384%2C400&amp;ssl=1 384w\" sizes=\"auto, (max-width: 529px) 100vw, 529px\" \/><\/a><\/figure><div class=\"wp-block-media-text__content\">\n<p style=\"font-size:22px\"><strong><a href=\"https:\/\/blogs.lyceecfadumene.fr\/cdr\/2024\/01\/09\/balabolka\/\" target=\"_blank\" rel=\"noopener\" title=\"\">Balabolka<\/a><\/strong><\/p>\n\n\n\n<p>Logiciel de conversion audio<\/p>\n<\/div><\/div>\n<\/div>\n\n\n\n<div class=\"wp-block-column is-layout-flow wp-block-column-is-layout-flow\">\n<div class=\"wp-block-media-text is-stacked-on-mobile\" style=\"grid-template-columns:44% auto\"><figure class=\"wp-block-media-text__media\"><a href=\"https:\/\/blogs.lyceecfadumene.fr\/cdr\/2026\/03\/13\/dys-tout-un-site-ressource-pour-mieux-comprendre-et-accompagner-les-troubles-dys\/\"><img data-recalc-dims=\"1\" loading=\"lazy\" decoding=\"async\" width=\"152\" height=\"157\" data-attachment-id=\"964\" data-permalink=\"https:\/\/blogs.lyceecfadumene.fr\/cdr\/veille-accessibilite-numerique\/index-2\/\" data-orig-file=\"https:\/\/i0.wp.com\/blogs.lyceecfadumene.fr\/cdr\/files\/2024\/03\/index.png?fit=152%2C157&amp;ssl=1\" data-orig-size=\"152,157\" data-comments-opened=\"1\" data-image-meta=\"{&quot;aperture&quot;:&quot;0&quot;,&quot;credit&quot;:&quot;&quot;,&quot;camera&quot;:&quot;&quot;,&quot;caption&quot;:&quot;&quot;,&quot;created_timestamp&quot;:&quot;0&quot;,&quot;copyright&quot;:&quot;&quot;,&quot;focal_length&quot;:&quot;0&quot;,&quot;iso&quot;:&quot;0&quot;,&quot;shutter_speed&quot;:&quot;0&quot;,&quot;title&quot;:&quot;&quot;,&quot;orientation&quot;:&quot;0&quot;}\" data-image-title=\"index\" data-image-description=\"\" data-image-caption=\"\" data-large-file=\"https:\/\/i0.wp.com\/blogs.lyceecfadumene.fr\/cdr\/files\/2024\/03\/index.png?fit=152%2C157&amp;ssl=1\" src=\"https:\/\/i0.wp.com\/blogs.lyceecfadumene.fr\/cdr\/files\/2024\/03\/index.png?resize=152%2C157\" alt=\"\" class=\"wp-image-964 size-full\" \/><\/a><\/figure><div class=\"wp-block-media-text__content\">\n<p style=\"font-size:22px\"><strong><a href=\"https:\/\/blogs.lyceecfadumene.fr\/cdr\/2026\/03\/13\/dys-tout-un-site-ressource-pour-mieux-comprendre-et-accompagner-les-troubles-dys\/\" target=\"_blank\" rel=\"noopener\" title=\"\">Dys tout<\/a><\/strong><\/p>\n\n\n\n<p>Site d&rsquo;informations sur les dys<\/p>\n<\/div><\/div>\n<\/div>\n<\/div>\n\n\n\n<div class=\"wp-block-columns alignwide is-layout-flex wp-container-core-columns-is-layout-d0b3c9c8 wp-block-columns-is-layout-flex\">\n<div class=\"wp-block-column is-layout-flow wp-block-column-is-layout-flow\">\n<div class=\"wp-block-media-text is-stacked-on-mobile\" style=\"grid-template-columns:45% auto\"><figure class=\"wp-block-media-text__media\"><a href=\"https:\/\/blogs.lyceecfadumene.fr\/cdr\/2026\/03\/13\/languagetool-un-correcteur-intelligent-pour-ecrire-sans-fautes\/\"><img data-recalc-dims=\"1\" loading=\"lazy\" decoding=\"async\" width=\"1024\" height=\"773\" data-attachment-id=\"969\" data-permalink=\"https:\/\/blogs.lyceecfadumene.fr\/cdr\/veille-accessibilite-numerique\/languagetool_logo_2018-svg_\/\" data-orig-file=\"https:\/\/i0.wp.com\/blogs.lyceecfadumene.fr\/cdr\/files\/2024\/03\/LanguageTool_Logo_2018.svg_.png?fit=1200%2C906&amp;ssl=1\" data-orig-size=\"1200,906\" data-comments-opened=\"1\" data-image-meta=\"{&quot;aperture&quot;:&quot;0&quot;,&quot;credit&quot;:&quot;&quot;,&quot;camera&quot;:&quot;&quot;,&quot;caption&quot;:&quot;&quot;,&quot;created_timestamp&quot;:&quot;0&quot;,&quot;copyright&quot;:&quot;&quot;,&quot;focal_length&quot;:&quot;0&quot;,&quot;iso&quot;:&quot;0&quot;,&quot;shutter_speed&quot;:&quot;0&quot;,&quot;title&quot;:&quot;&quot;,&quot;orientation&quot;:&quot;0&quot;}\" data-image-title=\"LanguageTool_Logo_2018.svg_\" data-image-description=\"\" data-image-caption=\"\" data-large-file=\"https:\/\/i0.wp.com\/blogs.lyceecfadumene.fr\/cdr\/files\/2024\/03\/LanguageTool_Logo_2018.svg_.png?fit=1024%2C773&amp;ssl=1\" src=\"https:\/\/i0.wp.com\/blogs.lyceecfadumene.fr\/cdr\/files\/2024\/03\/LanguageTool_Logo_2018.svg_.png?resize=1024%2C773\" alt=\"\" class=\"wp-image-969 size-full\" srcset=\"https:\/\/i0.wp.com\/blogs.lyceecfadumene.fr\/cdr\/files\/2024\/03\/LanguageTool_Logo_2018.svg_.png?resize=1024%2C773&amp;ssl=1 1024w, https:\/\/i0.wp.com\/blogs.lyceecfadumene.fr\/cdr\/files\/2024\/03\/LanguageTool_Logo_2018.svg_.png?resize=400%2C302&amp;ssl=1 400w, https:\/\/i0.wp.com\/blogs.lyceecfadumene.fr\/cdr\/files\/2024\/03\/LanguageTool_Logo_2018.svg_.png?resize=768%2C580&amp;ssl=1 768w, https:\/\/i0.wp.com\/blogs.lyceecfadumene.fr\/cdr\/files\/2024\/03\/LanguageTool_Logo_2018.svg_.png?w=1200&amp;ssl=1 1200w\" sizes=\"auto, (max-width: 1000px) 100vw, 1000px\" \/><\/a><\/figure><div class=\"wp-block-media-text__content\">\n<p style=\"font-size:22px\"><strong><a href=\"https:\/\/blogs.lyceecfadumene.fr\/cdr\/2026\/03\/13\/languagetool-un-correcteur-intelligent-pour-ecrire-sans-fautes\/\" target=\"_blank\" rel=\"noopener\" title=\"\">Language Tool<\/a><\/strong><\/p>\n\n\n\n<p>Plug-in correcteur en ligne<\/p>\n<\/div><\/div>\n<\/div>\n\n\n\n<div class=\"wp-block-column is-layout-flow wp-block-column-is-layout-flow\">\n<div class=\"wp-block-media-text is-stacked-on-mobile\" style=\"grid-template-columns:38% auto\"><figure class=\"wp-block-media-text__media\"><a href=\"https:\/\/blogs.lyceecfadumene.fr\/cdr\/2026\/03\/13\/lirec-une-plateforme-pour-ecrire-en-facile-a-lire-et-a-comprendre\/\"><img data-recalc-dims=\"1\" loading=\"lazy\" decoding=\"async\" width=\"81\" height=\"81\" data-attachment-id=\"966\" data-permalink=\"https:\/\/blogs.lyceecfadumene.fr\/cdr\/veille-accessibilite-numerique\/logo-lirec\/\" data-orig-file=\"https:\/\/i0.wp.com\/blogs.lyceecfadumene.fr\/cdr\/files\/2024\/03\/Logo-lirec.png?fit=81%2C81&amp;ssl=1\" data-orig-size=\"81,81\" data-comments-opened=\"1\" data-image-meta=\"{&quot;aperture&quot;:&quot;0&quot;,&quot;credit&quot;:&quot;&quot;,&quot;camera&quot;:&quot;&quot;,&quot;caption&quot;:&quot;&quot;,&quot;created_timestamp&quot;:&quot;0&quot;,&quot;copyright&quot;:&quot;&quot;,&quot;focal_length&quot;:&quot;0&quot;,&quot;iso&quot;:&quot;0&quot;,&quot;shutter_speed&quot;:&quot;0&quot;,&quot;title&quot;:&quot;&quot;,&quot;orientation&quot;:&quot;0&quot;}\" data-image-title=\"Logo-lirec\" data-image-description=\"\" data-image-caption=\"\" data-large-file=\"https:\/\/i0.wp.com\/blogs.lyceecfadumene.fr\/cdr\/files\/2024\/03\/Logo-lirec.png?fit=81%2C81&amp;ssl=1\" src=\"https:\/\/i0.wp.com\/blogs.lyceecfadumene.fr\/cdr\/files\/2024\/03\/Logo-lirec.png?resize=81%2C81\" alt=\"\" class=\"wp-image-966 size-full\" \/><\/a><\/figure><div class=\"wp-block-media-text__content\">\n<p style=\"font-size:22px\"><strong><a href=\"https:\/\/blogs.lyceecfadumene.fr\/cdr\/2026\/03\/13\/lirec-une-plateforme-pour-ecrire-en-facile-a-lire-et-a-comprendre\/\" target=\"_blank\" rel=\"noopener\" title=\"\">Lirec<\/a><\/strong><\/p>\n\n\n\n<p>Plateforme pour traduire en FALC<\/p>\n<\/div><\/div>\n<\/div>\n\n\n\n<div class=\"wp-block-column is-layout-flow wp-block-column-is-layout-flow\">\n<div class=\"wp-block-media-text is-stacked-on-mobile\" style=\"grid-template-columns:35% auto\"><figure class=\"wp-block-media-text__media\"><a href=\"https:\/\/blogs.lyceecfadumene.fr\/cdr\/2026\/03\/13\/narakeet-creer-des-voix-off-et-des-videos-narrees-a-partir-de-texte\/\"><img data-recalc-dims=\"1\" loading=\"lazy\" decoding=\"async\" width=\"240\" height=\"257\" data-attachment-id=\"968\" data-permalink=\"https:\/\/blogs.lyceecfadumene.fr\/cdr\/veille-accessibilite-numerique\/narakeet-logo-rond\/\" data-orig-file=\"https:\/\/i0.wp.com\/blogs.lyceecfadumene.fr\/cdr\/files\/2024\/03\/narakeet-logo-rond.png?fit=240%2C257&amp;ssl=1\" data-orig-size=\"240,257\" data-comments-opened=\"1\" data-image-meta=\"{&quot;aperture&quot;:&quot;0&quot;,&quot;credit&quot;:&quot;&quot;,&quot;camera&quot;:&quot;&quot;,&quot;caption&quot;:&quot;&quot;,&quot;created_timestamp&quot;:&quot;0&quot;,&quot;copyright&quot;:&quot;&quot;,&quot;focal_length&quot;:&quot;0&quot;,&quot;iso&quot;:&quot;0&quot;,&quot;shutter_speed&quot;:&quot;0&quot;,&quot;title&quot;:&quot;&quot;,&quot;orientation&quot;:&quot;0&quot;}\" data-image-title=\"narakeet-logo-rond\" data-image-description=\"\" data-image-caption=\"\" data-large-file=\"https:\/\/i0.wp.com\/blogs.lyceecfadumene.fr\/cdr\/files\/2024\/03\/narakeet-logo-rond.png?fit=240%2C257&amp;ssl=1\" src=\"https:\/\/i0.wp.com\/blogs.lyceecfadumene.fr\/cdr\/files\/2024\/03\/narakeet-logo-rond.png?resize=240%2C257\" alt=\"\" class=\"wp-image-968 size-full\" \/><\/a><\/figure><div class=\"wp-block-media-text__content\">\n<p style=\"font-size:22px\"><strong><a href=\"https:\/\/blogs.lyceecfadumene.fr\/cdr\/2026\/03\/13\/narakeet-creer-des-voix-off-et-des-videos-narrees-a-partir-de-texte\/\" target=\"_blank\" rel=\"noopener\" title=\"\">Narakeet<\/a><\/strong><\/p>\n\n\n\n<p>Outil de synth\u00e8se vocale<\/p>\n<\/div><\/div>\n<\/div>\n<\/div>\n\n\n\n<div class=\"wp-block-columns alignwide is-layout-flex wp-container-core-columns-is-layout-d0b3c9c8 wp-block-columns-is-layout-flex\">\n<div class=\"wp-block-column is-layout-flow wp-block-column-is-layout-flow\">\n<div class=\"wp-block-media-text is-stacked-on-mobile\" style=\"grid-template-columns:48% auto\"><figure class=\"wp-block-media-text__media\"><a href=\"https:\/\/blogs.lyceecfadumene.fr\/cdr\/2026\/03\/13\/hoptoys-des-fidgets-toys-pour-accompagner-les-troubles-de-lapprentissage\/\"><img data-recalc-dims=\"1\" loading=\"lazy\" decoding=\"async\" width=\"311\" height=\"247\" data-attachment-id=\"970\" data-permalink=\"https:\/\/blogs.lyceecfadumene.fr\/cdr\/veille-accessibilite-numerique\/hoptoys-logopetit\/\" data-orig-file=\"https:\/\/i0.wp.com\/blogs.lyceecfadumene.fr\/cdr\/files\/2024\/03\/hoptoys-logopetit.jpg?fit=311%2C247&amp;ssl=1\" data-orig-size=\"311,247\" data-comments-opened=\"1\" data-image-meta=\"{&quot;aperture&quot;:&quot;0&quot;,&quot;credit&quot;:&quot;&quot;,&quot;camera&quot;:&quot;&quot;,&quot;caption&quot;:&quot;&quot;,&quot;created_timestamp&quot;:&quot;0&quot;,&quot;copyright&quot;:&quot;&quot;,&quot;focal_length&quot;:&quot;0&quot;,&quot;iso&quot;:&quot;0&quot;,&quot;shutter_speed&quot;:&quot;0&quot;,&quot;title&quot;:&quot;&quot;,&quot;orientation&quot;:&quot;0&quot;}\" data-image-title=\"hoptoys-logopetit\" data-image-description=\"\" data-image-caption=\"\" data-large-file=\"https:\/\/i0.wp.com\/blogs.lyceecfadumene.fr\/cdr\/files\/2024\/03\/hoptoys-logopetit.jpg?fit=311%2C247&amp;ssl=1\" src=\"https:\/\/i0.wp.com\/blogs.lyceecfadumene.fr\/cdr\/files\/2024\/03\/hoptoys-logopetit.jpg?resize=311%2C247&#038;ssl=1\" alt=\"\" class=\"wp-image-970 size-full\" \/><\/a><\/figure><div class=\"wp-block-media-text__content\">\n<p style=\"font-size:22px\"><strong><a href=\"https:\/\/blogs.lyceecfadumene.fr\/cdr\/2026\/03\/13\/hoptoys-des-fidgets-toys-pour-accompagner-les-troubles-de-lapprentissage\/\" target=\"_blank\" rel=\"noopener\" title=\"\">Hop&rsquo;toys<\/a><\/strong><\/p>\n\n\n\n<p>Site vente et pr\u00e9sentation mat\u00e9riel adapt\u00e9<\/p>\n<\/div><\/div>\n<\/div>\n\n\n\n<div class=\"wp-block-column is-layout-flow wp-block-column-is-layout-flow\">\n<div class=\"wp-block-media-text is-stacked-on-mobile\" style=\"grid-template-columns:43% auto\"><figure class=\"wp-block-media-text__media\"><a href=\"https:\/\/blogs.lyceecfadumene.fr\/cdr\/2024\/03\/20\/glaaster-un-outil-pour-les-dys\/\" target=\"_blank\" rel=\"noreferrer noopener\"><img data-recalc-dims=\"1\" loading=\"lazy\" decoding=\"async\" width=\"225\" height=\"225\" data-attachment-id=\"971\" data-permalink=\"https:\/\/blogs.lyceecfadumene.fr\/cdr\/veille-accessibilite-numerique\/glaaster-logo\/\" data-orig-file=\"https:\/\/i0.wp.com\/blogs.lyceecfadumene.fr\/cdr\/files\/2024\/03\/glaaster-logo.png?fit=225%2C225&amp;ssl=1\" data-orig-size=\"225,225\" data-comments-opened=\"1\" data-image-meta=\"{&quot;aperture&quot;:&quot;0&quot;,&quot;credit&quot;:&quot;&quot;,&quot;camera&quot;:&quot;&quot;,&quot;caption&quot;:&quot;&quot;,&quot;created_timestamp&quot;:&quot;0&quot;,&quot;copyright&quot;:&quot;&quot;,&quot;focal_length&quot;:&quot;0&quot;,&quot;iso&quot;:&quot;0&quot;,&quot;shutter_speed&quot;:&quot;0&quot;,&quot;title&quot;:&quot;&quot;,&quot;orientation&quot;:&quot;0&quot;}\" data-image-title=\"glaaster-logo\" data-image-description=\"\" data-image-caption=\"\" data-large-file=\"https:\/\/i0.wp.com\/blogs.lyceecfadumene.fr\/cdr\/files\/2024\/03\/glaaster-logo.png?fit=225%2C225&amp;ssl=1\" src=\"https:\/\/i0.wp.com\/blogs.lyceecfadumene.fr\/cdr\/files\/2024\/03\/glaaster-logo.png?resize=225%2C225&#038;ssl=1\" alt=\"\" class=\"wp-image-971 size-full\" srcset=\"https:\/\/i0.wp.com\/blogs.lyceecfadumene.fr\/cdr\/files\/2024\/03\/glaaster-logo.png?w=225&amp;ssl=1 225w, https:\/\/i0.wp.com\/blogs.lyceecfadumene.fr\/cdr\/files\/2024\/03\/glaaster-logo.png?resize=150%2C150&amp;ssl=1 150w\" sizes=\"auto, (max-width: 225px) 100vw, 225px\" \/><\/a><\/figure><div class=\"wp-block-media-text__content\">\n<p style=\"font-size:22px\"><strong><a href=\"https:\/\/blogs.lyceecfadumene.fr\/cdr\/2024\/03\/20\/glaaster-un-outil-pour-les-dys\/\" target=\"_blank\" rel=\"noopener\" title=\"\">Glaaster<\/a><\/strong><\/p>\n\n\n\n<p>Logiciel de transcription pour Dys<\/p>\n<\/div><\/div>\n<\/div>\n\n\n\n<div class=\"wp-block-column is-layout-flow wp-block-column-is-layout-flow\">\n<div class=\"wp-block-media-text is-stacked-on-mobile\" style=\"grid-template-columns:42% auto\"><figure class=\"wp-block-media-text__media\"><a href=\"https:\/\/blogs.lyceecfadumene.fr\/cdr\/2026\/03\/13\/duolingo-apprendre-les-langues-de-facon-ludique\/\"><img data-recalc-dims=\"1\" loading=\"lazy\" decoding=\"async\" width=\"532\" height=\"525\" data-attachment-id=\"1293\" data-permalink=\"https:\/\/blogs.lyceecfadumene.fr\/cdr\/veille-accessibilite-numerique\/logo-duo-lingopetit\/\" data-orig-file=\"https:\/\/i0.wp.com\/blogs.lyceecfadumene.fr\/cdr\/files\/2026\/03\/logo-duo-lingopetit.jpg?fit=532%2C525&amp;ssl=1\" data-orig-size=\"532,525\" data-comments-opened=\"1\" data-image-meta=\"{&quot;aperture&quot;:&quot;0&quot;,&quot;credit&quot;:&quot;Keneth Alexander Cruz Pineda&quot;,&quot;camera&quot;:&quot;&quot;,&quot;caption&quot;:&quot;&quot;,&quot;created_timestamp&quot;:&quot;0&quot;,&quot;copyright&quot;:&quot;&quot;,&quot;focal_length&quot;:&quot;0&quot;,&quot;iso&quot;:&quot;0&quot;,&quot;shutter_speed&quot;:&quot;0&quot;,&quot;title&quot;:&quot;&quot;,&quot;orientation&quot;:&quot;0&quot;}\" data-image-title=\"logo duo lingopetit\" data-image-description=\"\" data-image-caption=\"\" data-large-file=\"https:\/\/i0.wp.com\/blogs.lyceecfadumene.fr\/cdr\/files\/2026\/03\/logo-duo-lingopetit.jpg?fit=532%2C525&amp;ssl=1\" src=\"https:\/\/i0.wp.com\/blogs.lyceecfadumene.fr\/cdr\/files\/2026\/03\/logo-duo-lingopetit.jpg?resize=532%2C525&#038;ssl=1\" alt=\"\" class=\"wp-image-1293 size-full\" srcset=\"https:\/\/i0.wp.com\/blogs.lyceecfadumene.fr\/cdr\/files\/2026\/03\/logo-duo-lingopetit.jpg?w=532&amp;ssl=1 532w, https:\/\/i0.wp.com\/blogs.lyceecfadumene.fr\/cdr\/files\/2026\/03\/logo-duo-lingopetit.jpg?resize=400%2C395&amp;ssl=1 400w\" sizes=\"auto, (max-width: 532px) 100vw, 532px\" \/><\/a><\/figure><div class=\"wp-block-media-text__content\">\n<p style=\"font-size:22px\"><strong><a href=\"https:\/\/blogs.lyceecfadumene.fr\/cdr\/2026\/03\/13\/duolingo-apprendre-les-langues-de-facon-ludique\/\" target=\"_blank\" rel=\"noopener\" title=\"\">Duolingo<\/a><\/strong><\/p>\n\n\n\n<p>Application d&rsquo;apprentissage des langues<\/p>\n<\/div><\/div>\n<\/div>\n<\/div>\n\n\n\n<div class=\"wp-block-columns alignwide is-layout-flex wp-container-core-columns-is-layout-d0b3c9c8 wp-block-columns-is-layout-flex\">\n<div class=\"wp-block-column is-layout-flow wp-block-column-is-layout-flow\">\n<div class=\"wp-block-media-text is-stacked-on-mobile\" style=\"grid-template-columns:43% auto\"><figure class=\"wp-block-media-text__media\"><a href=\"https:\/\/blogs.lyceecfadumene.fr\/cdr\/2026\/03\/13\/eva-evaluer-les-competences-de-base-avec-lanlci\/\"><img data-recalc-dims=\"1\" loading=\"lazy\" decoding=\"async\" width=\"183\" height=\"159\" data-attachment-id=\"1294\" data-permalink=\"https:\/\/blogs.lyceecfadumene.fr\/cdr\/veille-accessibilite-numerique\/logo-eva\/\" data-orig-file=\"https:\/\/i0.wp.com\/blogs.lyceecfadumene.fr\/cdr\/files\/2026\/03\/logo-eva.png?fit=183%2C159&amp;ssl=1\" data-orig-size=\"183,159\" data-comments-opened=\"1\" data-image-meta=\"{&quot;aperture&quot;:&quot;0&quot;,&quot;credit&quot;:&quot;&quot;,&quot;camera&quot;:&quot;&quot;,&quot;caption&quot;:&quot;&quot;,&quot;created_timestamp&quot;:&quot;0&quot;,&quot;copyright&quot;:&quot;&quot;,&quot;focal_length&quot;:&quot;0&quot;,&quot;iso&quot;:&quot;0&quot;,&quot;shutter_speed&quot;:&quot;0&quot;,&quot;title&quot;:&quot;&quot;,&quot;orientation&quot;:&quot;0&quot;}\" data-image-title=\"logo eva\" data-image-description=\"\" data-image-caption=\"\" data-large-file=\"https:\/\/i0.wp.com\/blogs.lyceecfadumene.fr\/cdr\/files\/2026\/03\/logo-eva.png?fit=183%2C159&amp;ssl=1\" src=\"https:\/\/i0.wp.com\/blogs.lyceecfadumene.fr\/cdr\/files\/2026\/03\/logo-eva.png?resize=183%2C159\" alt=\"\" class=\"wp-image-1294 size-full\" \/><\/a><\/figure><div class=\"wp-block-media-text__content\">\n<p style=\"font-size:22px\"><strong><a href=\"https:\/\/blogs.lyceecfadumene.fr\/cdr\/2026\/03\/13\/eva-evaluer-les-competences-de-base-avec-lanlci\/\" target=\"_blank\" rel=\"noopener\" title=\"\">EVA<\/a><\/strong><\/p>\n\n\n\n<p>Plateforme num\u00e9rique de d\u00e9tection de l&rsquo;illetrisme<\/p>\n<\/div><\/div>\n<\/div>\n\n\n\n<div class=\"wp-block-column is-layout-flow wp-block-column-is-layout-flow\">\n<div class=\"wp-block-media-text is-stacked-on-mobile\" style=\"grid-template-columns:43% auto\"><figure class=\"wp-block-media-text__media\"><img data-recalc-dims=\"1\" loading=\"lazy\" decoding=\"async\" width=\"1024\" height=\"1024\" data-attachment-id=\"1295\" data-permalink=\"https:\/\/blogs.lyceecfadumene.fr\/cdr\/veille-accessibilite-numerique\/logo-notebook-lm\/\" data-orig-file=\"https:\/\/i0.wp.com\/blogs.lyceecfadumene.fr\/cdr\/files\/2026\/03\/logo-notebook-lm.jpg?fit=1502%2C1502&amp;ssl=1\" data-orig-size=\"1502,1502\" data-comments-opened=\"1\" data-image-meta=\"{&quot;aperture&quot;:&quot;0&quot;,&quot;credit&quot;:&quot;&quot;,&quot;camera&quot;:&quot;&quot;,&quot;caption&quot;:&quot;&quot;,&quot;created_timestamp&quot;:&quot;0&quot;,&quot;copyright&quot;:&quot;&quot;,&quot;focal_length&quot;:&quot;0&quot;,&quot;iso&quot;:&quot;0&quot;,&quot;shutter_speed&quot;:&quot;0&quot;,&quot;title&quot;:&quot;&quot;,&quot;orientation&quot;:&quot;0&quot;}\" data-image-title=\"logo notebook lm\" data-image-description=\"\" data-image-caption=\"\" data-large-file=\"https:\/\/i0.wp.com\/blogs.lyceecfadumene.fr\/cdr\/files\/2026\/03\/logo-notebook-lm.jpg?fit=1024%2C1024&amp;ssl=1\" src=\"https:\/\/i0.wp.com\/blogs.lyceecfadumene.fr\/cdr\/files\/2026\/03\/logo-notebook-lm-1024x1024.jpg?resize=1024%2C1024&#038;ssl=1\" alt=\"\" class=\"wp-image-1295 size-full\" srcset=\"https:\/\/i0.wp.com\/blogs.lyceecfadumene.fr\/cdr\/files\/2026\/03\/logo-notebook-lm.jpg?resize=1024%2C1024&amp;ssl=1 1024w, https:\/\/i0.wp.com\/blogs.lyceecfadumene.fr\/cdr\/files\/2026\/03\/logo-notebook-lm.jpg?resize=400%2C400&amp;ssl=1 400w, https:\/\/i0.wp.com\/blogs.lyceecfadumene.fr\/cdr\/files\/2026\/03\/logo-notebook-lm.jpg?resize=150%2C150&amp;ssl=1 150w, https:\/\/i0.wp.com\/blogs.lyceecfadumene.fr\/cdr\/files\/2026\/03\/logo-notebook-lm.jpg?resize=768%2C768&amp;ssl=1 768w, https:\/\/i0.wp.com\/blogs.lyceecfadumene.fr\/cdr\/files\/2026\/03\/logo-notebook-lm.jpg?w=1502&amp;ssl=1 1502w\" sizes=\"auto, (max-width: 1000px) 100vw, 1000px\" \/><\/figure><div class=\"wp-block-media-text__content\">\n<p style=\"font-size:22px\"><strong>Notebook LM<\/strong><\/p>\n\n\n\n<p>Outil IA de production de contenu<\/p>\n<\/div><\/div>\n<\/div>\n\n\n\n<div class=\"wp-block-column is-layout-flow wp-block-column-is-layout-flow\">\n<div class=\"wp-block-media-text is-stacked-on-mobile\" style=\"grid-template-columns:30% auto\"><figure class=\"wp-block-media-text__media\"><img data-recalc-dims=\"1\" loading=\"lazy\" decoding=\"async\" width=\"191\" height=\"263\" data-attachment-id=\"1296\" data-permalink=\"https:\/\/blogs.lyceecfadumene.fr\/cdr\/veille-accessibilite-numerique\/logo-google-doc\/\" data-orig-file=\"https:\/\/i0.wp.com\/blogs.lyceecfadumene.fr\/cdr\/files\/2026\/03\/logo-google-doc.png?fit=191%2C263&amp;ssl=1\" data-orig-size=\"191,263\" data-comments-opened=\"1\" data-image-meta=\"{&quot;aperture&quot;:&quot;0&quot;,&quot;credit&quot;:&quot;&quot;,&quot;camera&quot;:&quot;&quot;,&quot;caption&quot;:&quot;&quot;,&quot;created_timestamp&quot;:&quot;0&quot;,&quot;copyright&quot;:&quot;&quot;,&quot;focal_length&quot;:&quot;0&quot;,&quot;iso&quot;:&quot;0&quot;,&quot;shutter_speed&quot;:&quot;0&quot;,&quot;title&quot;:&quot;&quot;,&quot;orientation&quot;:&quot;0&quot;}\" data-image-title=\"logo google doc\" data-image-description=\"\" data-image-caption=\"\" data-large-file=\"https:\/\/i0.wp.com\/blogs.lyceecfadumene.fr\/cdr\/files\/2026\/03\/logo-google-doc.png?fit=191%2C263&amp;ssl=1\" src=\"https:\/\/i0.wp.com\/blogs.lyceecfadumene.fr\/cdr\/files\/2026\/03\/logo-google-doc.png?resize=191%2C263&#038;ssl=1\" alt=\"\" class=\"wp-image-1296 size-full\" \/><\/figure><div class=\"wp-block-media-text__content\">\n<p style=\"font-size:22px\"><strong>Google Doc<\/strong><\/p>\n\n\n\n<p>Outil du Google Workspace avec un puissant OCR<\/p>\n<\/div><\/div>\n<\/div>\n<\/div>\n\n\n\n<p><\/p>\n","protected":false},"excerpt":{"rendered":"<p>Mirage Dys Appli de conversion audio avec QR codes Balabolka Logiciel de conversion audio Dys tout Site d&rsquo;informations sur les dys Language Tool Plug-in correcteur en ligne Lirec Plateforme pour traduire en FALC Narakeet Outil de synth\u00e8se vocale Hop&rsquo;toys Site vente et pr\u00e9sentation mat\u00e9riel adapt\u00e9 Glaaster Logiciel de transcription pour Dys Duolingo Application d&rsquo;apprentissage des [&hellip;]<\/p>\n","protected":false},"author":103,"featured_media":0,"parent":0,"menu_order":0,"comment_status":"closed","ping_status":"closed","template":"","meta":{"footnotes":""},"class_list":["post-955","page","type-page","status-publish","hentry"],"aioseo_notices":[],"jetpack_sharing_enabled":true,"jetpack-related-posts":[{"id":46,"url":"https:\/\/blogs.lyceecfadumene.fr\/cdr\/les-outils-numeriques\/","url_meta":{"origin":955,"position":0},"title":"Les outils num\u00e9riques","author":"fdouan","date":"14 juin 2022","format":false,"excerpt":"Les outils num\u00e9riques Il est important pour notre CDR de proposer \u00e0 la fois des ressources de parcours avec du contenu, des exercices, des cas pratiques mais \u00e9galement des outils pour construire ses ressources, ses cours, ses visuels ou encore pour am\u00e9liorer son animation p\u00e9dagogique. Voici donc le r\u00e9pertoire des\u2026","rel":"","context":"Avec 1 commentaire","block_context":{"text":"Avec 1 commentaire","link":"https:\/\/blogs.lyceecfadumene.fr\/cdr\/les-outils-numeriques\/#comments"},"img":{"alt_text":"","src":"https:\/\/i0.wp.com\/blogs.lyceecfadumene.fr\/cdr\/files\/2022\/06\/undraw_Co_workers_re_1i6i.png?resize=350%2C200&ssl=1","width":350,"height":200,"srcset":"https:\/\/i0.wp.com\/blogs.lyceecfadumene.fr\/cdr\/files\/2022\/06\/undraw_Co_workers_re_1i6i.png?resize=350%2C200&ssl=1 1x, https:\/\/i0.wp.com\/blogs.lyceecfadumene.fr\/cdr\/files\/2022\/06\/undraw_Co_workers_re_1i6i.png?resize=525%2C300&ssl=1 1.5x, https:\/\/i0.wp.com\/blogs.lyceecfadumene.fr\/cdr\/files\/2022\/06\/undraw_Co_workers_re_1i6i.png?resize=700%2C400&ssl=1 2x"},"classes":[]},{"id":691,"url":"https:\/\/blogs.lyceecfadumene.fr\/cdr\/creation-de-ressources-numeriques\/","url_meta":{"origin":955,"position":1},"title":"Cr\u00e9ation de ressources num\u00e9riques","author":"fdouan","date":"22 juin 2023","format":false,"excerpt":"Le CDR organise r\u00e9guli\u00e8rement des formations pour aider l'\u00e9quipe p\u00e9dagogique \u00e0 cr\u00e9er de nouvelles ressources num\u00e9riques. Pour chacune de ces formations, un livret de formation est disponible : Formation cr\u00e9ation de quiz interactifs et synchrones et augmentation de son animation de cours avec Kahoot et Plickers T\u00e9l\u00e9charger le livret de\u2026","rel":"","context":"Article similaire","block_context":{"text":"Article similaire","link":""},"img":{"alt_text":"","src":"https:\/\/i0.wp.com\/blogs.lyceecfadumene.fr\/cdr\/files\/2025\/12\/image-differenciation.png?resize=350%2C200&ssl=1","width":350,"height":200},"classes":[]},{"id":65,"url":"https:\/\/blogs.lyceecfadumene.fr\/cdr\/les-outils-numeriques\/creer-un-quiz-synchrone\/","url_meta":{"origin":955,"position":2},"title":"Cr\u00e9er un quiz synchrone","author":"fdouan","date":"14 juin 2022","format":false,"excerpt":"Quels outils pour un cr\u00e9er un quiz synchrone ? Plickers, pour cr\u00e9er des quiz type QCM ou Vrai\/Faux sans ordinateur ni smartphone pour les apprenants et seulement avec des QR codes. Article et d\u00e9tails Kahoot, pour cr\u00e9er des quiz type QCM ou Vrai\/Faux ( dans sa version gratuite ). L'outil\u2026","rel":"","context":"Article similaire","block_context":{"text":"Article similaire","link":""},"img":{"alt_text":"","src":"https:\/\/i0.wp.com\/blogs.lyceecfadumene.fr\/cdr\/files\/2022\/06\/plickers.png?resize=350%2C200&ssl=1","width":350,"height":200,"srcset":"https:\/\/i0.wp.com\/blogs.lyceecfadumene.fr\/cdr\/files\/2022\/06\/plickers.png?resize=350%2C200&ssl=1 1x, https:\/\/i0.wp.com\/blogs.lyceecfadumene.fr\/cdr\/files\/2022\/06\/plickers.png?resize=525%2C300&ssl=1 1.5x, https:\/\/i0.wp.com\/blogs.lyceecfadumene.fr\/cdr\/files\/2022\/06\/plickers.png?resize=700%2C400&ssl=1 2x"},"classes":[]},{"id":1352,"url":"https:\/\/blogs.lyceecfadumene.fr\/cdr\/ressources-paysage\/","url_meta":{"origin":955,"position":3},"title":"Ressources paysage","author":"fdouan","date":"8 avril 2026","format":false,"excerpt":"Cette page contient des ressources pour le Paysage. Il y a des contenus et des exercices. Les \u00e9l\u00e8ves peuvent les utiliser en classe ou seuls. Les ressources sont class\u00e9es par niveau et parfois par sp\u00e9cialit\u00e9. Le type de support est indiqu\u00e9. Si le support sur lequel se trouve la ressource\u2026","rel":"","context":"Article similaire","block_context":{"text":"Article similaire","link":""},"img":{"alt_text":"","src":"https:\/\/i0.wp.com\/blogs.lyceecfadumene.fr\/cdr\/files\/2026\/04\/guy_dugas-chateau-de-villandry-1147841_1280-e1775639747172.jpg?fit=1200%2C534&ssl=1&resize=350%2C200","width":350,"height":200,"srcset":"https:\/\/i0.wp.com\/blogs.lyceecfadumene.fr\/cdr\/files\/2026\/04\/guy_dugas-chateau-de-villandry-1147841_1280-e1775639747172.jpg?fit=1200%2C534&ssl=1&resize=350%2C200 1x, https:\/\/i0.wp.com\/blogs.lyceecfadumene.fr\/cdr\/files\/2026\/04\/guy_dugas-chateau-de-villandry-1147841_1280-e1775639747172.jpg?fit=1200%2C534&ssl=1&resize=525%2C300 1.5x, https:\/\/i0.wp.com\/blogs.lyceecfadumene.fr\/cdr\/files\/2026\/04\/guy_dugas-chateau-de-villandry-1147841_1280-e1775639747172.jpg?fit=1200%2C534&ssl=1&resize=700%2C400 2x, https:\/\/i0.wp.com\/blogs.lyceecfadumene.fr\/cdr\/files\/2026\/04\/guy_dugas-chateau-de-villandry-1147841_1280-e1775639747172.jpg?fit=1200%2C534&ssl=1&resize=1050%2C600 3x"},"classes":[]},{"id":210,"url":"https:\/\/blogs.lyceecfadumene.fr\/cdr\/anglais\/","url_meta":{"origin":955,"position":4},"title":"Ressources Anglais","author":"fdouan","date":"28 juin 2022","format":false,"excerpt":"Cette page regroupe les ressources parcours ( soit les ressources de contenu ou d'exercices pouvant servir directement en cours ou en autonomie aux apprenants concernant l'Anglais. Ces ressources sont class\u00e9es par niveau, \u00e9ventuellement par sp\u00e9cialit\u00e9, et leur support est pr\u00e9cis\u00e9. Sommaire : Niveau 3 Niveau 4 Niveau 5 TitreAuteurTypeDur\u00e9eNiv\/Pr\u00e9requisSupportRessourceAtomic LearningVeille\u2026","rel":"","context":"Article similaire","block_context":{"text":"Article similaire","link":""},"img":{"alt_text":"","src":"https:\/\/i0.wp.com\/blogs.lyceecfadumene.fr\/cdr\/files\/2024\/06\/north-ireland-2957607_1280-1.jpg?fit=1200%2C510&ssl=1&resize=350%2C200","width":350,"height":200,"srcset":"https:\/\/i0.wp.com\/blogs.lyceecfadumene.fr\/cdr\/files\/2024\/06\/north-ireland-2957607_1280-1.jpg?fit=1200%2C510&ssl=1&resize=350%2C200 1x, https:\/\/i0.wp.com\/blogs.lyceecfadumene.fr\/cdr\/files\/2024\/06\/north-ireland-2957607_1280-1.jpg?fit=1200%2C510&ssl=1&resize=525%2C300 1.5x, https:\/\/i0.wp.com\/blogs.lyceecfadumene.fr\/cdr\/files\/2024\/06\/north-ireland-2957607_1280-1.jpg?fit=1200%2C510&ssl=1&resize=700%2C400 2x, https:\/\/i0.wp.com\/blogs.lyceecfadumene.fr\/cdr\/files\/2024\/06\/north-ireland-2957607_1280-1.jpg?fit=1200%2C510&ssl=1&resize=1050%2C600 3x"},"classes":[]},{"id":165,"url":"https:\/\/blogs.lyceecfadumene.fr\/cdr\/les-ressources-parcours\/niveau-3\/mathematiques\/","url_meta":{"origin":955,"position":5},"title":"Ressources Math\u00e9matiques","author":"fdouan","date":"21 juin 2022","format":false,"excerpt":"Cette page contient des ressources pour les math\u00e9matiques. Il y a des contenus et des exercices. Les \u00e9l\u00e8ves peuvent les utiliser en classe ou seuls. Les ressources sont class\u00e9es par niveau et parfois par sp\u00e9cialit\u00e9. Le type de support est indiqu\u00e9. Si le support sur lequel se trouve la ressource\u2026","rel":"","context":"Article similaire","block_context":{"text":"Article similaire","link":""},"img":{"alt_text":"","src":"https:\/\/i0.wp.com\/blogs.lyceecfadumene.fr\/cdr\/files\/2024\/08\/geometry-1023846_1280bis.jpg?fit=1150%2C350&ssl=1&resize=350%2C200","width":350,"height":200,"srcset":"https:\/\/i0.wp.com\/blogs.lyceecfadumene.fr\/cdr\/files\/2024\/08\/geometry-1023846_1280bis.jpg?fit=1150%2C350&ssl=1&resize=350%2C200 1x, https:\/\/i0.wp.com\/blogs.lyceecfadumene.fr\/cdr\/files\/2024\/08\/geometry-1023846_1280bis.jpg?fit=1150%2C350&ssl=1&resize=525%2C300 1.5x, https:\/\/i0.wp.com\/blogs.lyceecfadumene.fr\/cdr\/files\/2024\/08\/geometry-1023846_1280bis.jpg?fit=1150%2C350&ssl=1&resize=700%2C400 2x, https:\/\/i0.wp.com\/blogs.lyceecfadumene.fr\/cdr\/files\/2024\/08\/geometry-1023846_1280bis.jpg?fit=1150%2C350&ssl=1&resize=1050%2C600 3x"},"classes":[]}],"_links":{"self":[{"href":"https:\/\/blogs.lyceecfadumene.fr\/cdr\/wp-json\/wp\/v2\/pages\/955","targetHints":{"allow":["GET"]}}],"collection":[{"href":"https:\/\/blogs.lyceecfadumene.fr\/cdr\/wp-json\/wp\/v2\/pages"}],"about":[{"href":"https:\/\/blogs.lyceecfadumene.fr\/cdr\/wp-json\/wp\/v2\/types\/page"}],"author":[{"embeddable":true,"href":"https:\/\/blogs.lyceecfadumene.fr\/cdr\/wp-json\/wp\/v2\/users\/103"}],"replies":[{"embeddable":true,"href":"https:\/\/blogs.lyceecfadumene.fr\/cdr\/wp-json\/wp\/v2\/comments?post=955"}],"version-history":[{"count":21,"href":"https:\/\/blogs.lyceecfadumene.fr\/cdr\/wp-json\/wp\/v2\/pages\/955\/revisions"}],"predecessor-version":[{"id":1327,"href":"https:\/\/blogs.lyceecfadumene.fr\/cdr\/wp-json\/wp\/v2\/pages\/955\/revisions\/1327"}],"wp:attachment":[{"href":"https:\/\/blogs.lyceecfadumene.fr\/cdr\/wp-json\/wp\/v2\/media?parent=955"}],"curies":[{"name":"wp","href":"https:\/\/api.w.org\/{rel}","templated":true}]}}