{"id":689,"date":"2023-06-22T13:47:37","date_gmt":"2023-06-22T11:47:37","guid":{"rendered":"https:\/\/blogs.lyceecfadumene.fr\/cdr\/?page_id=689"},"modified":"2024-02-20T11:14:32","modified_gmt":"2024-02-20T10:14:32","slug":"materiel-en-emprunt","status":"publish","type":"page","link":"https:\/\/blogs.lyceecfadumene.fr\/cdr\/materiel-en-emprunt\/","title":{"rendered":"Mat\u00e9riel en emprunt"},"content":{"rendered":"\n<div class=\"wp-block-columns alignwide is-layout-flex wp-container-core-columns-is-layout-d0b3c9c8 wp-block-columns-is-layout-flex\">\n<div class=\"wp-block-column is-vertically-aligned-center is-layout-flow wp-block-column-is-layout-flow\" style=\"--col-width:450px;flex-basis:450px\">\n<p><\/p>\n\n\n\n<p><\/p>\n\n\n\n<p><\/p>\n\n\n\n<p><\/p>\n\n\n\n<p><\/p>\n\n\n\n<p class=\"has-text-align-center has-medium-font-size\">Sur cette page, vous pourrez retrouver tout le mat\u00e9riel permettant<strong> l&rsquo;am\u00e9nagement num\u00e9rique <\/strong>disponible \u00e0 l&#8217;emprunt au CDR du CFA de Merdrignac. Ce mat\u00e9riel a \u00e9t\u00e9 choisi et achet\u00e9 par le <strong><a href=\"https:\/\/blogs.lyceecfadumene.fr\/cdr\/2022\/09\/15\/le-service-handicap\/\" target=\"_blank\" rel=\"noopener\" title=\"\">Service Handicap<\/a><\/strong> afin de correspondre aux besoins identifi\u00e9s des apprenants. Ce mat\u00e9riel correspond aux besoins identifi\u00e9s de <strong>diff\u00e9rents troubles dys <\/strong>mais  n&rsquo;y sont pas r\u00e9serv\u00e9s. De ce fait, n&rsquo;importe quel personnel ou  apprenant peut emprunter le mat\u00e9riel pr\u00e9sent\u00e9 ici selon la proc\u00e9dure  d&#8217;emprunt ci-jointe.<\/p>\n<\/div>\n\n\n\n<div class=\"wp-block-column is-content-justification-right is-layout-constrained wp-container-core-column-is-layout-f1f2ed93 wp-block-column-is-layout-constrained\" style=\"--col-width:400px;flex-basis:400px\">\n<figure class=\"wp-block-image alignfull size-large\"><img data-recalc-dims=\"1\" loading=\"lazy\" decoding=\"async\" width=\"576\" height=\"1024\" data-attachment-id=\"720\" data-permalink=\"https:\/\/blogs.lyceecfadumene.fr\/cdr\/materiel-en-emprunt\/procedure-emprunt-materiel-numerique-dys-cdr-2\/\" data-orig-file=\"https:\/\/i0.wp.com\/blogs.lyceecfadumene.fr\/cdr\/files\/2023\/06\/Procedure-emprunt-materiel-numerique-dys-CDR-2.png?fit=1080%2C1920&amp;ssl=1\" data-orig-size=\"1080,1920\" data-comments-opened=\"1\" data-image-meta=\"{&quot;aperture&quot;:&quot;0&quot;,&quot;credit&quot;:&quot;&quot;,&quot;camera&quot;:&quot;&quot;,&quot;caption&quot;:&quot;&quot;,&quot;created_timestamp&quot;:&quot;0&quot;,&quot;copyright&quot;:&quot;&quot;,&quot;focal_length&quot;:&quot;0&quot;,&quot;iso&quot;:&quot;0&quot;,&quot;shutter_speed&quot;:&quot;0&quot;,&quot;title&quot;:&quot;&quot;,&quot;orientation&quot;:&quot;0&quot;}\" data-image-title=\"Procedure-emprunt-materiel-numerique-dys-CDR-2\" data-image-description=\"\" data-image-caption=\"\" data-large-file=\"https:\/\/i0.wp.com\/blogs.lyceecfadumene.fr\/cdr\/files\/2023\/06\/Procedure-emprunt-materiel-numerique-dys-CDR-2.png?fit=576%2C1024&amp;ssl=1\" src=\"https:\/\/i0.wp.com\/blogs.lyceecfadumene.fr\/cdr\/files\/2023\/06\/Procedure-emprunt-materiel-numerique-dys-CDR-2-576x1024.png?resize=576%2C1024&#038;ssl=1\" alt=\"\" class=\"wp-image-720\" srcset=\"https:\/\/i0.wp.com\/blogs.lyceecfadumene.fr\/cdr\/files\/2023\/06\/Procedure-emprunt-materiel-numerique-dys-CDR-2.png?resize=576%2C1024&amp;ssl=1 576w, https:\/\/i0.wp.com\/blogs.lyceecfadumene.fr\/cdr\/files\/2023\/06\/Procedure-emprunt-materiel-numerique-dys-CDR-2.png?resize=225%2C400&amp;ssl=1 225w, https:\/\/i0.wp.com\/blogs.lyceecfadumene.fr\/cdr\/files\/2023\/06\/Procedure-emprunt-materiel-numerique-dys-CDR-2.png?resize=768%2C1365&amp;ssl=1 768w, https:\/\/i0.wp.com\/blogs.lyceecfadumene.fr\/cdr\/files\/2023\/06\/Procedure-emprunt-materiel-numerique-dys-CDR-2.png?resize=864%2C1536&amp;ssl=1 864w, https:\/\/i0.wp.com\/blogs.lyceecfadumene.fr\/cdr\/files\/2023\/06\/Procedure-emprunt-materiel-numerique-dys-CDR-2.png?w=1080&amp;ssl=1 1080w\" sizes=\"auto, (max-width: 576px) 100vw, 576px\" \/><\/figure>\n<\/div>\n<\/div>\n\n\n\n<hr class=\"wp-block-separator has-alpha-channel-opacity is-style-wide\" \/>\n\n\n\n<p class=\"has-text-align-center has-primary-color has-text-color has-xx-large-font-size\"><strong>Liste du mat\u00e9riel<\/strong><\/p>\n\n\n\n<div class=\"wp-block-columns alignwide is-layout-flex wp-container-core-columns-is-layout-d0b3c9c8 wp-block-columns-is-layout-flex\">\n<div class=\"wp-block-column is-layout-flow wp-block-column-is-layout-flow\">\n<p class=\"has-large-font-size\"><strong>R\u00e9glette Scanner &#8211; Iriscan book 5<\/strong><\/p>\n\n\n\n<p><strong><span style=\"text-decoration: underline\">Nombre<\/span><\/strong> : 3 exemplaires<\/p>\n\n\n\n<p><strong><span style=\"text-decoration: underline\">Utilisation<\/span><\/strong> : Cet appareil est un scanner portatif permettant de scanner n&rsquo;importe quel document au format A3, A4 ou plus petit. Il permet de scanner en noir et blanc ou en couleur. Il suffit de le faire glisser le long du document. Il propose des fichiers au format PNG ou PDF. Pour r\u00e9cup\u00e9rer les scans, il suffira de le brancher ou de connecter sa carte SD sur un ordinateur. Il fonctionne en plug and play ( pas besoin de driver pour le faire fonctionner ).<\/p>\n\n\n\n<p><strong><span style=\"text-decoration: underline\">Vid\u00e9o d&rsquo;utilisation<\/span><\/strong> : <strong><a href=\"https:\/\/www.youtube.com\/watch?v=87hqySjubfA\" target=\"_blank\" rel=\"noopener\" title=\"\">Lien vers la vid\u00e9o<\/a><\/strong><\/p>\n<\/div>\n\n\n\n<div class=\"wp-block-column is-layout-flow wp-block-column-is-layout-flow\">\n<figure class=\"wp-block-image size-large\"><img data-recalc-dims=\"1\" loading=\"lazy\" decoding=\"async\" width=\"1024\" height=\"749\" data-attachment-id=\"706\" data-permalink=\"https:\/\/blogs.lyceecfadumene.fr\/cdr\/materiel-en-emprunt\/reglette-scanner-01\/\" data-orig-file=\"https:\/\/i0.wp.com\/blogs.lyceecfadumene.fr\/cdr\/files\/2023\/06\/reglette-scanner-01.jpg?fit=2000%2C1462&amp;ssl=1\" data-orig-size=\"2000,1462\" data-comments-opened=\"1\" data-image-meta=\"{&quot;aperture&quot;:&quot;2.4&quot;,&quot;credit&quot;:&quot;&quot;,&quot;camera&quot;:&quot;SM-G965F&quot;,&quot;caption&quot;:&quot;&quot;,&quot;created_timestamp&quot;:&quot;1687443071&quot;,&quot;copyright&quot;:&quot;&quot;,&quot;focal_length&quot;:&quot;4.3&quot;,&quot;iso&quot;:&quot;50&quot;,&quot;shutter_speed&quot;:&quot;0.001&quot;,&quot;title&quot;:&quot;&quot;,&quot;orientation&quot;:&quot;0&quot;}\" data-image-title=\"reglette-scanner-01\" data-image-description=\"\" data-image-caption=\"\" data-large-file=\"https:\/\/i0.wp.com\/blogs.lyceecfadumene.fr\/cdr\/files\/2023\/06\/reglette-scanner-01.jpg?fit=1024%2C749&amp;ssl=1\" src=\"https:\/\/i0.wp.com\/blogs.lyceecfadumene.fr\/cdr\/files\/2023\/06\/reglette-scanner-01-1024x749.jpg?resize=1024%2C749&#038;ssl=1\" alt=\"\" class=\"wp-image-706\" srcset=\"https:\/\/i0.wp.com\/blogs.lyceecfadumene.fr\/cdr\/files\/2023\/06\/reglette-scanner-01.jpg?resize=1024%2C749&amp;ssl=1 1024w, https:\/\/i0.wp.com\/blogs.lyceecfadumene.fr\/cdr\/files\/2023\/06\/reglette-scanner-01.jpg?resize=400%2C292&amp;ssl=1 400w, https:\/\/i0.wp.com\/blogs.lyceecfadumene.fr\/cdr\/files\/2023\/06\/reglette-scanner-01.jpg?resize=768%2C561&amp;ssl=1 768w, https:\/\/i0.wp.com\/blogs.lyceecfadumene.fr\/cdr\/files\/2023\/06\/reglette-scanner-01.jpg?resize=1536%2C1123&amp;ssl=1 1536w, https:\/\/i0.wp.com\/blogs.lyceecfadumene.fr\/cdr\/files\/2023\/06\/reglette-scanner-01.jpg?w=2000&amp;ssl=1 2000w\" sizes=\"auto, (max-width: 1000px) 100vw, 1000px\" \/><\/figure>\n<\/div>\n<\/div>\n\n\n\n<hr class=\"wp-block-separator has-alpha-channel-opacity is-style-wide\" \/>\n\n\n\n<div class=\"wp-block-columns alignwide is-layout-flex wp-container-core-columns-is-layout-d0b3c9c8 wp-block-columns-is-layout-flex\">\n<div class=\"wp-block-column is-layout-flow wp-block-column-is-layout-flow\">\n<p class=\"has-large-font-size\"><strong>Stylo lecteur &#8211; C-pen reader 2<\/strong><\/p>\n\n\n\n<p><strong><span style=\"text-decoration: underline\">Nombre<\/span><\/strong> : 3 exemplaires<\/p>\n\n\n\n<p><strong><span style=\"text-decoration: underline\">Utilisation<\/span><\/strong> : Cet appareil est un stylo lecteur. C&rsquo;est un outil d&rsquo;aide \u00e0 la lecture qui, gr\u00e2ce \u00e0 la synth\u00e8se vocale permet de lire du texte dactylographi\u00e9. Il fonctionne en lisant une ligne apr\u00e8s l&rsquo;autre. Il peut fonctionner avec ou sans \u00e9couteurs. Il peut lire en fran\u00e7ais, en anglais et la plupart des caract\u00e8res sp\u00e9ciaux. En revanche, il ne peut pas lire une police trop grande ou trop petite. Il peut \u00e9galement servir de scanner, mais ce n&rsquo;est pas sa fonction la plus optimis\u00e9e.<\/p>\n\n\n\n<p><strong><span style=\"text-decoration: underline\">Vid\u00e9o d&rsquo;utilisation<\/span><\/strong> : <strong><a href=\"https:\/\/www.youtube.com\/watch?v=xxHq1pJS0rs\" target=\"_blank\" rel=\"noopener\" title=\"\">Lien vers la vid\u00e9o<\/a><\/strong><\/p>\n<\/div>\n\n\n\n<div class=\"wp-block-column is-layout-flow wp-block-column-is-layout-flow\">\n<figure class=\"wp-block-image size-large\"><img data-recalc-dims=\"1\" loading=\"lazy\" decoding=\"async\" width=\"1024\" height=\"700\" data-attachment-id=\"710\" data-permalink=\"https:\/\/blogs.lyceecfadumene.fr\/cdr\/materiel-en-emprunt\/stylo-lecteur-01\/\" data-orig-file=\"https:\/\/i0.wp.com\/blogs.lyceecfadumene.fr\/cdr\/files\/2023\/06\/stylo-lecteur-01-scaled.jpg?fit=2560%2C1750&amp;ssl=1\" data-orig-size=\"2560,1750\" data-comments-opened=\"1\" data-image-meta=\"{&quot;aperture&quot;:&quot;2.4&quot;,&quot;credit&quot;:&quot;&quot;,&quot;camera&quot;:&quot;SM-G965F&quot;,&quot;caption&quot;:&quot;&quot;,&quot;created_timestamp&quot;:&quot;1687443154&quot;,&quot;copyright&quot;:&quot;&quot;,&quot;focal_length&quot;:&quot;4.3&quot;,&quot;iso&quot;:&quot;50&quot;,&quot;shutter_speed&quot;:&quot;0.0053475935828877&quot;,&quot;title&quot;:&quot;&quot;,&quot;orientation&quot;:&quot;0&quot;}\" data-image-title=\"stylo-lecteur-01\" data-image-description=\"\" data-image-caption=\"\" data-large-file=\"https:\/\/i0.wp.com\/blogs.lyceecfadumene.fr\/cdr\/files\/2023\/06\/stylo-lecteur-01-scaled.jpg?fit=1024%2C700&amp;ssl=1\" src=\"https:\/\/i0.wp.com\/blogs.lyceecfadumene.fr\/cdr\/files\/2023\/06\/stylo-lecteur-01-1024x700.jpg?resize=1024%2C700&#038;ssl=1\" alt=\"\" class=\"wp-image-710\" srcset=\"https:\/\/i0.wp.com\/blogs.lyceecfadumene.fr\/cdr\/files\/2023\/06\/stylo-lecteur-01-scaled.jpg?resize=1024%2C700&amp;ssl=1 1024w, https:\/\/i0.wp.com\/blogs.lyceecfadumene.fr\/cdr\/files\/2023\/06\/stylo-lecteur-01-scaled.jpg?resize=400%2C273&amp;ssl=1 400w, https:\/\/i0.wp.com\/blogs.lyceecfadumene.fr\/cdr\/files\/2023\/06\/stylo-lecteur-01-scaled.jpg?resize=768%2C525&amp;ssl=1 768w, https:\/\/i0.wp.com\/blogs.lyceecfadumene.fr\/cdr\/files\/2023\/06\/stylo-lecteur-01-scaled.jpg?resize=1536%2C1050&amp;ssl=1 1536w, https:\/\/i0.wp.com\/blogs.lyceecfadumene.fr\/cdr\/files\/2023\/06\/stylo-lecteur-01-scaled.jpg?resize=2048%2C1400&amp;ssl=1 2048w\" sizes=\"auto, (max-width: 1000px) 100vw, 1000px\" \/><\/figure>\n<\/div>\n<\/div>\n\n\n\n<hr class=\"wp-block-separator has-alpha-channel-opacity is-style-wide\" \/>\n\n\n\n<div class=\"wp-block-columns alignwide is-layout-flex wp-container-core-columns-is-layout-d0b3c9c8 wp-block-columns-is-layout-flex\">\n<div class=\"wp-block-column is-layout-flow wp-block-column-is-layout-flow\">\n<p class=\"has-large-font-size\"><strong>Lampe \u00e0 lumi\u00e8re puls\u00e9e &#8211; Lili<\/strong><\/p>\n\n\n\n<p><strong><span style=\"text-decoration: underline\">Nombre<\/span><\/strong> : 3 exemplaires<\/p>\n\n\n\n<p><strong><span style=\"text-decoration: underline\">Utilisation<\/span><\/strong> : Cet appareil est une lampe \u00e0 lumi\u00e8re puls\u00e9e dont la vitesse peut se r\u00e9gler pour pouvoir s&rsquo;adapter au rythme de lecture de son utilisateur. Le technologie stroboscopique de la Lampe Lili est destin\u00e9e aux lecteurs souffrant de troubles dys, elle n\u00e9cessite un temps d&rsquo;adaptation ( tant sur les r\u00e9glages que sur l&rsquo;utilisation ) et ne convient pas syst\u00e9matique \u00e0 toutes les formes de dys. Cependant, les utilisateurs sur qui cela fonctionne constate moins de mouvement au niveau de lignes et moins de difficult\u00e9s \u00e0 suivre une ligne jusqu&rsquo;au bout dans un bloc de texte.<\/p>\n\n\n\n<p><strong><span style=\"text-decoration: underline\">Vid\u00e9o d&rsquo;utilisation<\/span><\/strong> : <strong><a href=\"https:\/\/www.youtube.com\/watch?v=FPW5LHRNvzw&amp;t=3s\" target=\"_blank\" rel=\"noopener\" title=\"\">Lien vers la vid\u00e9o<\/a><\/strong><\/p>\n<\/div>\n\n\n\n<div class=\"wp-block-column is-layout-flow wp-block-column-is-layout-flow\">\n<figure class=\"wp-block-image size-large\"><img data-recalc-dims=\"1\" loading=\"lazy\" decoding=\"async\" width=\"1024\" height=\"824\" data-attachment-id=\"718\" data-permalink=\"https:\/\/blogs.lyceecfadumene.fr\/cdr\/materiel-en-emprunt\/lampe-lili01\/\" data-orig-file=\"https:\/\/i0.wp.com\/blogs.lyceecfadumene.fr\/cdr\/files\/2023\/06\/lampe-lili01.jpg?fit=2000%2C1609&amp;ssl=1\" data-orig-size=\"2000,1609\" data-comments-opened=\"1\" data-image-meta=\"{&quot;aperture&quot;:&quot;2.4&quot;,&quot;credit&quot;:&quot;&quot;,&quot;camera&quot;:&quot;SM-G965F&quot;,&quot;caption&quot;:&quot;&quot;,&quot;created_timestamp&quot;:&quot;1687442930&quot;,&quot;copyright&quot;:&quot;&quot;,&quot;focal_length&quot;:&quot;4.3&quot;,&quot;iso&quot;:&quot;50&quot;,&quot;shutter_speed&quot;:&quot;0.0010615711252654&quot;,&quot;title&quot;:&quot;&quot;,&quot;orientation&quot;:&quot;0&quot;}\" data-image-title=\"lampe-lili01\" data-image-description=\"\" data-image-caption=\"\" data-large-file=\"https:\/\/i0.wp.com\/blogs.lyceecfadumene.fr\/cdr\/files\/2023\/06\/lampe-lili01.jpg?fit=1024%2C824&amp;ssl=1\" src=\"https:\/\/i0.wp.com\/blogs.lyceecfadumene.fr\/cdr\/files\/2023\/06\/lampe-lili01-1024x824.jpg?resize=1024%2C824&#038;ssl=1\" alt=\"\" class=\"wp-image-718\" srcset=\"https:\/\/i0.wp.com\/blogs.lyceecfadumene.fr\/cdr\/files\/2023\/06\/lampe-lili01.jpg?resize=1024%2C824&amp;ssl=1 1024w, https:\/\/i0.wp.com\/blogs.lyceecfadumene.fr\/cdr\/files\/2023\/06\/lampe-lili01.jpg?resize=400%2C322&amp;ssl=1 400w, https:\/\/i0.wp.com\/blogs.lyceecfadumene.fr\/cdr\/files\/2023\/06\/lampe-lili01.jpg?resize=768%2C618&amp;ssl=1 768w, https:\/\/i0.wp.com\/blogs.lyceecfadumene.fr\/cdr\/files\/2023\/06\/lampe-lili01.jpg?resize=1536%2C1236&amp;ssl=1 1536w, https:\/\/i0.wp.com\/blogs.lyceecfadumene.fr\/cdr\/files\/2023\/06\/lampe-lili01.jpg?w=2000&amp;ssl=1 2000w\" sizes=\"auto, (max-width: 1000px) 100vw, 1000px\" \/><\/figure>\n<\/div>\n<\/div>\n\n\n\n<hr class=\"wp-block-separator has-alpha-channel-opacity is-style-wide\" \/>\n\n\n\n<div class=\"wp-block-columns alignwide is-layout-flex wp-container-core-columns-is-layout-d0b3c9c8 wp-block-columns-is-layout-flex\">\n<div class=\"wp-block-column is-layout-flow wp-block-column-is-layout-flow\">\n<p class=\"has-large-font-size\"><strong>Casque anti-bruit<\/strong><\/p>\n\n\n\n<p><strong><span style=\"text-decoration: underline\">Nombre<\/span><\/strong> : 3 exemplaires<\/p>\n\n\n\n<p><strong><span style=\"text-decoration: underline\">Utilisation<\/span><\/strong> : Beaucoup d&rsquo;apprenants souffrent d\u2019un manque de concentration dans la classe et sont facilement distraits dans un environnement bruyant. Le dispositif casque anti-bruit est id\u00e9al pour isoler phoniquement un apprenant pendant un exercice ou une \u00e9valuation n\u00e9cessitant une forte concentration. Ils sont particuli\u00e8rement (mais pas exclusivement) adapt\u00e9s aux apprenants souffrant de troubles autistiques (comme de TDA ou TDAH). <\/p>\n\n\n\n<p><strong><span style=\"text-decoration: underline\">Vid\u00e9o sur la surchage sensorielle<\/span><\/strong> : <strong><a href=\"https:\/\/www.youtube.com\/watch?v=DaeisRGumqk\" target=\"_blank\" rel=\"noopener\" title=\"\">Lien vers la vid\u00e9o<\/a><\/strong><\/p>\n<\/div>\n\n\n\n<div class=\"wp-block-column is-layout-flow wp-block-column-is-layout-flow\">\n<figure class=\"wp-block-image size-full\"><img data-recalc-dims=\"1\" loading=\"lazy\" decoding=\"async\" width=\"768\" height=\"807\" data-attachment-id=\"917\" data-permalink=\"https:\/\/blogs.lyceecfadumene.fr\/cdr\/materiel-en-emprunt\/casque-anti-bruit\/\" data-orig-file=\"https:\/\/i0.wp.com\/blogs.lyceecfadumene.fr\/cdr\/files\/2024\/02\/Casque-anti-bruit.jpg?fit=768%2C807&amp;ssl=1\" data-orig-size=\"768,807\" data-comments-opened=\"1\" data-image-meta=\"{&quot;aperture&quot;:&quot;0&quot;,&quot;credit&quot;:&quot;&quot;,&quot;camera&quot;:&quot;&quot;,&quot;caption&quot;:&quot;&quot;,&quot;created_timestamp&quot;:&quot;0&quot;,&quot;copyright&quot;:&quot;&quot;,&quot;focal_length&quot;:&quot;0&quot;,&quot;iso&quot;:&quot;0&quot;,&quot;shutter_speed&quot;:&quot;0&quot;,&quot;title&quot;:&quot;&quot;,&quot;orientation&quot;:&quot;0&quot;}\" data-image-title=\"Casque-anti-bruit\" data-image-description=\"\" data-image-caption=\"\" data-large-file=\"https:\/\/i0.wp.com\/blogs.lyceecfadumene.fr\/cdr\/files\/2024\/02\/Casque-anti-bruit.jpg?fit=768%2C807&amp;ssl=1\" src=\"https:\/\/i0.wp.com\/blogs.lyceecfadumene.fr\/cdr\/files\/2024\/02\/Casque-anti-bruit.jpg?resize=768%2C807&#038;ssl=1\" alt=\"\" class=\"wp-image-917\" srcset=\"https:\/\/i0.wp.com\/blogs.lyceecfadumene.fr\/cdr\/files\/2024\/02\/Casque-anti-bruit.jpg?w=768&amp;ssl=1 768w, https:\/\/i0.wp.com\/blogs.lyceecfadumene.fr\/cdr\/files\/2024\/02\/Casque-anti-bruit.jpg?resize=381%2C400&amp;ssl=1 381w\" sizes=\"auto, (max-width: 768px) 100vw, 768px\" \/><\/figure>\n<\/div>\n<\/div>\n\n\n\n<hr class=\"wp-block-separator has-alpha-channel-opacity is-style-wide\" \/>\n\n\n\n<div class=\"wp-block-columns alignwide is-layout-flex wp-container-core-columns-is-layout-d0b3c9c8 wp-block-columns-is-layout-flex\">\n<div class=\"wp-block-column is-layout-flow wp-block-column-is-layout-flow\">\n<p class=\"has-large-font-size\"><strong>Fidget toys<\/strong><\/p>\n\n\n\n<p><strong><span style=\"text-decoration: underline\">Nombre<\/span><\/strong> : 3 exemplaires par type<\/p>\n\n\n\n<p><strong><span style=\"text-decoration: underline\">Utilisation<\/span><\/strong> : Le mot fidget vient de l\u2019anglais et signifie remuer, tripoter, fr\u00e9tiller ou avoir la bougeotte. Ce sont de vrais\u00a0<strong>outils pratiques<\/strong>\u00a0gr\u00e2ce \u00e0 leur petite taille. Plus qu\u2019un simple jouet anti-stress, le fidget est un outil essentiel pour les apprenants aux besoins sp\u00e9cifiques, mais pas que : ils aident \u00e0 l\u2019attention et \u00e0 la concentration de tous les apprenants.<\/p>\n\n\n\n<p><strong><span style=\"text-decoration: underline\">Plus d&rsquo;informations<\/span><\/strong> : <strong><a href=\"https:\/\/www.bloghoptoys.fr\/les-fidgets-pour-laider-a-se-concentrer\" target=\"_blank\" rel=\"noopener\" title=\"\">Lien vers le site Hop&rsquo;toys<\/a><\/strong><\/p>\n<\/div>\n\n\n\n<div class=\"wp-block-column is-layout-flow wp-block-column-is-layout-flow\">\n<figure class=\"wp-block-image size-full is-resized\"><img data-recalc-dims=\"1\" loading=\"lazy\" decoding=\"async\" width=\"750\" height=\"563\" data-attachment-id=\"919\" data-permalink=\"https:\/\/blogs.lyceecfadumene.fr\/cdr\/materiel-en-emprunt\/fidgets-toys\/\" data-orig-file=\"https:\/\/i0.wp.com\/blogs.lyceecfadumene.fr\/cdr\/files\/2024\/02\/Fidgets-toys.jpg?fit=750%2C563&amp;ssl=1\" data-orig-size=\"750,563\" data-comments-opened=\"1\" data-image-meta=\"{&quot;aperture&quot;:&quot;0&quot;,&quot;credit&quot;:&quot;&quot;,&quot;camera&quot;:&quot;&quot;,&quot;caption&quot;:&quot;&quot;,&quot;created_timestamp&quot;:&quot;0&quot;,&quot;copyright&quot;:&quot;&quot;,&quot;focal_length&quot;:&quot;0&quot;,&quot;iso&quot;:&quot;0&quot;,&quot;shutter_speed&quot;:&quot;0&quot;,&quot;title&quot;:&quot;&quot;,&quot;orientation&quot;:&quot;0&quot;}\" data-image-title=\"Fidgets-toys\" data-image-description=\"\" data-image-caption=\"\" data-large-file=\"https:\/\/i0.wp.com\/blogs.lyceecfadumene.fr\/cdr\/files\/2024\/02\/Fidgets-toys.jpg?fit=750%2C563&amp;ssl=1\" src=\"https:\/\/i0.wp.com\/blogs.lyceecfadumene.fr\/cdr\/files\/2024\/02\/Fidgets-toys.jpg?resize=750%2C563&#038;ssl=1\" alt=\"\" class=\"wp-image-919\" style=\"width:436px;height:auto\" srcset=\"https:\/\/i0.wp.com\/blogs.lyceecfadumene.fr\/cdr\/files\/2024\/02\/Fidgets-toys.jpg?w=750&amp;ssl=1 750w, https:\/\/i0.wp.com\/blogs.lyceecfadumene.fr\/cdr\/files\/2024\/02\/Fidgets-toys.jpg?resize=400%2C300&amp;ssl=1 400w\" sizes=\"auto, (max-width: 750px) 100vw, 750px\" \/><\/figure>\n<\/div>\n<\/div>\n\n\n\n<hr class=\"wp-block-separator has-alpha-channel-opacity is-style-wide\" \/>\n\n\n\n<div class=\"wp-block-columns alignwide is-layout-flex wp-container-core-columns-is-layout-d0b3c9c8 wp-block-columns-is-layout-flex\">\n<div class=\"wp-block-column is-layout-flow wp-block-column-is-layout-flow\">\n<p class=\"has-large-font-size\"><strong>R\u00e8gle loupe<\/strong><\/p>\n\n\n\n<p><strong><span style=\"text-decoration: underline\">Nombre<\/span><\/strong> : 5 exemplaires<\/p>\n\n\n\n<p><strong><span style=\"text-decoration: underline\">Utilisation<\/span><\/strong> : Cette r\u00e8gle a trois utilit\u00e9s : faire office de r\u00e8gle traditionnelle, lester la page pour faciliter le maintien du livre ouvert et faire office de loupe. Gr\u00e2ce \u00e0 son trait rouge et \u00e0 son fort grossissement, elle facilite la lecture et le suivi de la ligne.<\/p>\n\n\n\n<p><strong><span style=\"text-decoration: underline\">Plus d&rsquo;informations<\/span><\/strong> : <strong><a href=\"https:\/\/www.hoptoys.fr\/fournitures-scolaires-ergonomiques\/la-regle-loupe-p-8864.html?search_query=regle+loupe&amp;results=133\" target=\"_blank\" rel=\"noopener\" title=\"\">Lien vers le site Hop&rsquo;toys<\/a><\/strong><\/p>\n<\/div>\n\n\n\n<div class=\"wp-block-column is-layout-flow wp-block-column-is-layout-flow\">\n<figure class=\"wp-block-image size-full is-resized\"><img data-recalc-dims=\"1\" loading=\"lazy\" decoding=\"async\" width=\"1024\" height=\"625\" data-attachment-id=\"921\" data-permalink=\"https:\/\/blogs.lyceecfadumene.fr\/cdr\/materiel-en-emprunt\/reglette-loupe\/\" data-orig-file=\"https:\/\/i0.wp.com\/blogs.lyceecfadumene.fr\/cdr\/files\/2024\/02\/reglette-loupe.jpg?fit=1024%2C625&amp;ssl=1\" data-orig-size=\"1024,625\" data-comments-opened=\"1\" data-image-meta=\"{&quot;aperture&quot;:&quot;0&quot;,&quot;credit&quot;:&quot;&quot;,&quot;camera&quot;:&quot;&quot;,&quot;caption&quot;:&quot;&quot;,&quot;created_timestamp&quot;:&quot;0&quot;,&quot;copyright&quot;:&quot;&quot;,&quot;focal_length&quot;:&quot;0&quot;,&quot;iso&quot;:&quot;0&quot;,&quot;shutter_speed&quot;:&quot;0&quot;,&quot;title&quot;:&quot;&quot;,&quot;orientation&quot;:&quot;0&quot;}\" data-image-title=\"reglette-loupe\" data-image-description=\"\" data-image-caption=\"\" data-large-file=\"https:\/\/i0.wp.com\/blogs.lyceecfadumene.fr\/cdr\/files\/2024\/02\/reglette-loupe.jpg?fit=1024%2C625&amp;ssl=1\" src=\"https:\/\/i0.wp.com\/blogs.lyceecfadumene.fr\/cdr\/files\/2024\/02\/reglette-loupe.jpg?resize=1024%2C625&#038;ssl=1\" alt=\"\" class=\"wp-image-921\" style=\"width:449px;height:auto\" srcset=\"https:\/\/i0.wp.com\/blogs.lyceecfadumene.fr\/cdr\/files\/2024\/02\/reglette-loupe.jpg?w=1024&amp;ssl=1 1024w, https:\/\/i0.wp.com\/blogs.lyceecfadumene.fr\/cdr\/files\/2024\/02\/reglette-loupe.jpg?resize=400%2C244&amp;ssl=1 400w, https:\/\/i0.wp.com\/blogs.lyceecfadumene.fr\/cdr\/files\/2024\/02\/reglette-loupe.jpg?resize=768%2C469&amp;ssl=1 768w\" sizes=\"auto, (max-width: 1000px) 100vw, 1000px\" \/><\/figure>\n<\/div>\n<\/div>\n\n\n\n<hr class=\"wp-block-separator has-alpha-channel-opacity is-style-wide\" \/>\n\n\n\n<div class=\"wp-block-columns alignwide is-layout-flex wp-container-core-columns-is-layout-d0b3c9c8 wp-block-columns-is-layout-flex\">\n<div class=\"wp-block-column is-layout-flow wp-block-column-is-layout-flow\">\n<p class=\"has-large-font-size\"><strong>R\u00e8gle de lecture color\u00e9e<\/strong><\/p>\n\n\n\n<p><strong><span style=\"text-decoration: underline\">Nombre<\/span><\/strong> : 18 exemplaires<\/p>\n\n\n\n<p><strong><span style=\"text-decoration: underline\">Utilisation<\/span><\/strong> : Cette r\u00e8gle permet de faciliter la vitesse, la compr\u00e9hension et la pr\u00e9cision de lecture. Elle est color\u00e9e pour faciliter le contraste des caract\u00e8res et contient une bande opaque permettant de faciliter le passage d&rsquo;une ligne \u00e0 l&rsquo;autre.<\/p>\n\n\n\n<p><strong><span style=\"text-decoration: underline\">Plus d&rsquo;informations<\/span><\/strong> : <strong><a href=\"https:\/\/www.hoptoys.fr\/fournitures-scolaires-ergonomiques\/regles-de-lecture-colorees-surligner-10-p-15342.html?search_query=regle+coloree&amp;results=199\" target=\"_blank\" rel=\"noopener\" title=\"\">Lien vers le site Hop&rsquo;toys<\/a><\/strong><\/p>\n<\/div>\n\n\n\n<div class=\"wp-block-column is-layout-flow wp-block-column-is-layout-flow\">\n<figure class=\"wp-block-image size-full is-resized\"><img data-recalc-dims=\"1\" loading=\"lazy\" decoding=\"async\" width=\"750\" height=\"563\" data-attachment-id=\"924\" data-permalink=\"https:\/\/blogs.lyceecfadumene.fr\/cdr\/materiel-en-emprunt\/regle-coloree\/\" data-orig-file=\"https:\/\/i0.wp.com\/blogs.lyceecfadumene.fr\/cdr\/files\/2024\/02\/regle-coloree.jpg?fit=750%2C563&amp;ssl=1\" data-orig-size=\"750,563\" data-comments-opened=\"1\" data-image-meta=\"{&quot;aperture&quot;:&quot;0&quot;,&quot;credit&quot;:&quot;&quot;,&quot;camera&quot;:&quot;&quot;,&quot;caption&quot;:&quot;&quot;,&quot;created_timestamp&quot;:&quot;0&quot;,&quot;copyright&quot;:&quot;&quot;,&quot;focal_length&quot;:&quot;0&quot;,&quot;iso&quot;:&quot;0&quot;,&quot;shutter_speed&quot;:&quot;0&quot;,&quot;title&quot;:&quot;&quot;,&quot;orientation&quot;:&quot;0&quot;}\" data-image-title=\"regle-coloree\" data-image-description=\"\" data-image-caption=\"\" data-large-file=\"https:\/\/i0.wp.com\/blogs.lyceecfadumene.fr\/cdr\/files\/2024\/02\/regle-coloree.jpg?fit=750%2C563&amp;ssl=1\" src=\"https:\/\/i0.wp.com\/blogs.lyceecfadumene.fr\/cdr\/files\/2024\/02\/regle-coloree.jpg?resize=750%2C563&#038;ssl=1\" alt=\"\" class=\"wp-image-924\" style=\"width:405px;height:auto\" srcset=\"https:\/\/i0.wp.com\/blogs.lyceecfadumene.fr\/cdr\/files\/2024\/02\/regle-coloree.jpg?w=750&amp;ssl=1 750w, https:\/\/i0.wp.com\/blogs.lyceecfadumene.fr\/cdr\/files\/2024\/02\/regle-coloree.jpg?resize=400%2C300&amp;ssl=1 400w\" sizes=\"auto, (max-width: 750px) 100vw, 750px\" \/><\/figure>\n<\/div>\n<\/div>\n\n\n\n<hr class=\"wp-block-separator has-alpha-channel-opacity is-style-wide\" \/>\n\n\n\n<div class=\"wp-block-columns alignwide is-layout-flex wp-container-core-columns-is-layout-d0b3c9c8 wp-block-columns-is-layout-flex\">\n<div class=\"wp-block-column is-layout-flow wp-block-column-is-layout-flow\">\n<p class=\"has-large-font-size\"><strong>Timer<\/strong><\/p>\n\n\n\n<p><strong><span style=\"text-decoration: underline\">Nombre<\/span><\/strong> : 6 petits exemplaires et 1 grand<\/p>\n\n\n\n<p><strong><span style=\"text-decoration: underline\">Utilisation<\/span><\/strong> : Le timer est un outil qui permet de mat\u00e9rialiser le temps qui passe. Il est id\u00e9al pour les apprenants ayant des difficult\u00e9s \u00e0 se rep\u00e9rer dans le temps (par exemple pour une partie des dyspraxiques) dans le cadre d&rsquo;un exercice chronom\u00e9tr\u00e9 ou encore d&rsquo;un passage d&rsquo;oral.<\/p>\n\n\n\n<p><strong><span style=\"text-decoration: underline\">Vid\u00e9o d&rsquo;utilisation<\/span><\/strong> : <strong><a href=\"https:\/\/www.youtube.com\/watch?v=u2vGqq7CUE4&amp;t=1s\" target=\"_blank\" rel=\"noopener\" title=\"\">Lien vers la vid\u00e9o de Hop&rsquo;toys<\/a><\/strong><\/p>\n<\/div>\n\n\n\n<div class=\"wp-block-column is-layout-flow wp-block-column-is-layout-flow\">\n<figure class=\"wp-block-image size-full is-resized\"><img data-recalc-dims=\"1\" loading=\"lazy\" decoding=\"async\" width=\"763\" height=\"899\" data-attachment-id=\"926\" data-permalink=\"https:\/\/blogs.lyceecfadumene.fr\/cdr\/materiel-en-emprunt\/timer\/\" data-orig-file=\"https:\/\/i0.wp.com\/blogs.lyceecfadumene.fr\/cdr\/files\/2024\/02\/timer.jpg?fit=763%2C899&amp;ssl=1\" data-orig-size=\"763,899\" data-comments-opened=\"1\" data-image-meta=\"{&quot;aperture&quot;:&quot;0&quot;,&quot;credit&quot;:&quot;&quot;,&quot;camera&quot;:&quot;&quot;,&quot;caption&quot;:&quot;&quot;,&quot;created_timestamp&quot;:&quot;0&quot;,&quot;copyright&quot;:&quot;&quot;,&quot;focal_length&quot;:&quot;0&quot;,&quot;iso&quot;:&quot;0&quot;,&quot;shutter_speed&quot;:&quot;0&quot;,&quot;title&quot;:&quot;&quot;,&quot;orientation&quot;:&quot;0&quot;}\" data-image-title=\"timer\" data-image-description=\"\" data-image-caption=\"\" data-large-file=\"https:\/\/i0.wp.com\/blogs.lyceecfadumene.fr\/cdr\/files\/2024\/02\/timer.jpg?fit=763%2C899&amp;ssl=1\" src=\"https:\/\/i0.wp.com\/blogs.lyceecfadumene.fr\/cdr\/files\/2024\/02\/timer.jpg?resize=763%2C899&#038;ssl=1\" alt=\"\" class=\"wp-image-926\" style=\"width:317px;height:auto\" srcset=\"https:\/\/i0.wp.com\/blogs.lyceecfadumene.fr\/cdr\/files\/2024\/02\/timer.jpg?w=763&amp;ssl=1 763w, https:\/\/i0.wp.com\/blogs.lyceecfadumene.fr\/cdr\/files\/2024\/02\/timer.jpg?resize=339%2C400&amp;ssl=1 339w\" sizes=\"auto, (max-width: 763px) 100vw, 763px\" \/><\/figure>\n<\/div>\n<\/div>\n","protected":false},"excerpt":{"rendered":"<p>Sur cette page, vous pourrez retrouver tout le mat\u00e9riel permettant l&rsquo;am\u00e9nagement num\u00e9rique disponible \u00e0 l&#8217;emprunt au CDR du CFA de Merdrignac. Ce mat\u00e9riel a \u00e9t\u00e9 choisi et achet\u00e9 par le Service Handicap afin de correspondre aux besoins identifi\u00e9s des apprenants. Ce mat\u00e9riel correspond aux besoins identifi\u00e9s de diff\u00e9rents troubles dys mais n&rsquo;y sont pas r\u00e9serv\u00e9s. [&hellip;]<\/p>\n","protected":false},"author":103,"featured_media":0,"parent":0,"menu_order":0,"comment_status":"closed","ping_status":"closed","template":"","meta":{"footnotes":""},"class_list":["post-689","page","type-page","status-publish","hentry"],"aioseo_notices":[],"jetpack_sharing_enabled":true,"jetpack-related-posts":[{"id":955,"url":"https:\/\/blogs.lyceecfadumene.fr\/cdr\/veille-accessibilite-numerique\/","url_meta":{"origin":689,"position":0},"title":"Veille Accessibilit\u00e9 num\u00e9rique","author":"fdouan","date":"20 mars 2024","format":false,"excerpt":"Mirage Dys Appli de conversion audio avec QR codes Balabolka Logiciel de conversion audio Dys tout Site d'informations sur les dys Language Tool Plug-in correcteur en ligne Lirec Plateforme pour traduire en FALC Narakeet Outil de synth\u00e8se vocale Hop'toys Site vente et pr\u00e9sentation mat\u00e9riel adapt\u00e9 Glaaster Logiciel de transcription pour\u2026","rel":"","context":"Article similaire","block_context":{"text":"Article similaire","link":""},"img":{"alt_text":"","src":"https:\/\/i0.wp.com\/blogs.lyceecfadumene.fr\/cdr\/files\/2026\/03\/logo-duo-lingopetit.jpg?resize=350%2C200&ssl=1","width":350,"height":200,"srcset":"https:\/\/i0.wp.com\/blogs.lyceecfadumene.fr\/cdr\/files\/2026\/03\/logo-duo-lingopetit.jpg?resize=350%2C200&ssl=1 1x, https:\/\/i0.wp.com\/blogs.lyceecfadumene.fr\/cdr\/files\/2026\/03\/logo-duo-lingopetit.jpg?resize=525%2C300&ssl=1 1.5x"},"classes":[]},{"id":46,"url":"https:\/\/blogs.lyceecfadumene.fr\/cdr\/les-outils-numeriques\/","url_meta":{"origin":689,"position":1},"title":"Les outils num\u00e9riques","author":"fdouan","date":"14 juin 2022","format":false,"excerpt":"Les outils num\u00e9riques Il est important pour notre CDR de proposer \u00e0 la fois des ressources de parcours avec du contenu, des exercices, des cas pratiques mais \u00e9galement des outils pour construire ses ressources, ses cours, ses visuels ou encore pour am\u00e9liorer son animation p\u00e9dagogique. Voici donc le r\u00e9pertoire des\u2026","rel":"","context":"Avec 1 commentaire","block_context":{"text":"Avec 1 commentaire","link":"https:\/\/blogs.lyceecfadumene.fr\/cdr\/les-outils-numeriques\/#comments"},"img":{"alt_text":"","src":"https:\/\/i0.wp.com\/blogs.lyceecfadumene.fr\/cdr\/files\/2022\/06\/undraw_Co_workers_re_1i6i.png?resize=350%2C200&ssl=1","width":350,"height":200,"srcset":"https:\/\/i0.wp.com\/blogs.lyceecfadumene.fr\/cdr\/files\/2022\/06\/undraw_Co_workers_re_1i6i.png?resize=350%2C200&ssl=1 1x, https:\/\/i0.wp.com\/blogs.lyceecfadumene.fr\/cdr\/files\/2022\/06\/undraw_Co_workers_re_1i6i.png?resize=525%2C300&ssl=1 1.5x, https:\/\/i0.wp.com\/blogs.lyceecfadumene.fr\/cdr\/files\/2022\/06\/undraw_Co_workers_re_1i6i.png?resize=700%2C400&ssl=1 2x"},"classes":[]},{"id":1352,"url":"https:\/\/blogs.lyceecfadumene.fr\/cdr\/ressources-paysage\/","url_meta":{"origin":689,"position":2},"title":"Ressources paysage","author":"fdouan","date":"8 avril 2026","format":false,"excerpt":"Cette page contient des ressources pour le Paysage. Il y a des contenus et des exercices. Les \u00e9l\u00e8ves peuvent les utiliser en classe ou seuls. Les ressources sont class\u00e9es par niveau et parfois par sp\u00e9cialit\u00e9. Le type de support est indiqu\u00e9. Si le support sur lequel se trouve la ressource\u2026","rel":"","context":"Article similaire","block_context":{"text":"Article similaire","link":""},"img":{"alt_text":"","src":"https:\/\/i0.wp.com\/blogs.lyceecfadumene.fr\/cdr\/files\/2026\/04\/guy_dugas-chateau-de-villandry-1147841_1280-e1775639747172.jpg?fit=1200%2C534&ssl=1&resize=350%2C200","width":350,"height":200,"srcset":"https:\/\/i0.wp.com\/blogs.lyceecfadumene.fr\/cdr\/files\/2026\/04\/guy_dugas-chateau-de-villandry-1147841_1280-e1775639747172.jpg?fit=1200%2C534&ssl=1&resize=350%2C200 1x, https:\/\/i0.wp.com\/blogs.lyceecfadumene.fr\/cdr\/files\/2026\/04\/guy_dugas-chateau-de-villandry-1147841_1280-e1775639747172.jpg?fit=1200%2C534&ssl=1&resize=525%2C300 1.5x, https:\/\/i0.wp.com\/blogs.lyceecfadumene.fr\/cdr\/files\/2026\/04\/guy_dugas-chateau-de-villandry-1147841_1280-e1775639747172.jpg?fit=1200%2C534&ssl=1&resize=700%2C400 2x, https:\/\/i0.wp.com\/blogs.lyceecfadumene.fr\/cdr\/files\/2026\/04\/guy_dugas-chateau-de-villandry-1147841_1280-e1775639747172.jpg?fit=1200%2C534&ssl=1&resize=1050%2C600 3x"},"classes":[]},{"id":176,"url":"https:\/\/blogs.lyceecfadumene.fr\/cdr\/cap-fleuriste\/","url_meta":{"origin":689,"position":3},"title":"CAP Fleuriste","author":"fdouan","date":"21 juin 2022","format":false,"excerpt":"Cette page regroupe les ressources parcours ( soit les ressources de contenu ou d'exercices pouvant servir directement en cours ou en autonomie aux apprenants, pour en savoir plus, vous pouvez consulter le Lexique afin d'obtenir davantage de typologie de ressources ) concernant le CAP Fleuriste. Ces ressources sont class\u00e9es par\u2026","rel":"","context":"Article similaire","block_context":{"text":"Article similaire","link":""},"img":{"alt_text":"","src":"https:\/\/i0.wp.com\/blogs.lyceecfadumene.fr\/cdr\/files\/2022\/06\/CAP-Fleuriste-bannierebis.png?fit=1200%2C400&ssl=1&resize=350%2C200","width":350,"height":200,"srcset":"https:\/\/i0.wp.com\/blogs.lyceecfadumene.fr\/cdr\/files\/2022\/06\/CAP-Fleuriste-bannierebis.png?fit=1200%2C400&ssl=1&resize=350%2C200 1x, https:\/\/i0.wp.com\/blogs.lyceecfadumene.fr\/cdr\/files\/2022\/06\/CAP-Fleuriste-bannierebis.png?fit=1200%2C400&ssl=1&resize=525%2C300 1.5x, https:\/\/i0.wp.com\/blogs.lyceecfadumene.fr\/cdr\/files\/2022\/06\/CAP-Fleuriste-bannierebis.png?fit=1200%2C400&ssl=1&resize=700%2C400 2x, https:\/\/i0.wp.com\/blogs.lyceecfadumene.fr\/cdr\/files\/2022\/06\/CAP-Fleuriste-bannierebis.png?fit=1200%2C400&ssl=1&resize=1050%2C600 3x"},"classes":[]},{"id":1333,"url":"https:\/\/blogs.lyceecfadumene.fr\/cdr\/reconnaissance-des-vegetaux\/","url_meta":{"origin":689,"position":4},"title":"Reconnaissance des v\u00e9g\u00e9taux","author":"fdouan","date":"17 mars 2026","format":false,"excerpt":"Cette page contient des ressources pour la reconnaissance des v\u00e9g\u00e9taux. Il y a des contenus et des exercices. Les \u00e9l\u00e8ves peuvent les utiliser en classe ou seuls. Les ressources sont class\u00e9es par niveau et parfois par sp\u00e9cialit\u00e9. Le type de support est indiqu\u00e9. Si le support sur lequel se trouve\u2026","rel":"","context":"Article similaire","block_context":{"text":"Article similaire","link":""},"img":{"alt_text":"","src":"https:\/\/i0.wp.com\/blogs.lyceecfadumene.fr\/cdr\/files\/2026\/03\/Ressources-reco-des-vgtx.png?resize=350%2C200&ssl=1","width":350,"height":200,"srcset":"https:\/\/i0.wp.com\/blogs.lyceecfadumene.fr\/cdr\/files\/2026\/03\/Ressources-reco-des-vgtx.png?resize=350%2C200&ssl=1 1x, https:\/\/i0.wp.com\/blogs.lyceecfadumene.fr\/cdr\/files\/2026\/03\/Ressources-reco-des-vgtx.png?resize=525%2C300&ssl=1 1.5x, https:\/\/i0.wp.com\/blogs.lyceecfadumene.fr\/cdr\/files\/2026\/03\/Ressources-reco-des-vgtx.png?resize=700%2C400&ssl=1 2x, https:\/\/i0.wp.com\/blogs.lyceecfadumene.fr\/cdr\/files\/2026\/03\/Ressources-reco-des-vgtx.png?resize=1050%2C600&ssl=1 3x, https:\/\/i0.wp.com\/blogs.lyceecfadumene.fr\/cdr\/files\/2026\/03\/Ressources-reco-des-vgtx.png?resize=1400%2C800&ssl=1 4x"},"classes":[]},{"id":165,"url":"https:\/\/blogs.lyceecfadumene.fr\/cdr\/les-ressources-parcours\/niveau-3\/mathematiques\/","url_meta":{"origin":689,"position":5},"title":"Ressources Math\u00e9matiques","author":"fdouan","date":"21 juin 2022","format":false,"excerpt":"Cette page contient des ressources pour les math\u00e9matiques. Il y a des contenus et des exercices. Les \u00e9l\u00e8ves peuvent les utiliser en classe ou seuls. Les ressources sont class\u00e9es par niveau et parfois par sp\u00e9cialit\u00e9. Le type de support est indiqu\u00e9. Si le support sur lequel se trouve la ressource\u2026","rel":"","context":"Article similaire","block_context":{"text":"Article similaire","link":""},"img":{"alt_text":"","src":"https:\/\/i0.wp.com\/blogs.lyceecfadumene.fr\/cdr\/files\/2024\/08\/geometry-1023846_1280bis.jpg?fit=1150%2C350&ssl=1&resize=350%2C200","width":350,"height":200,"srcset":"https:\/\/i0.wp.com\/blogs.lyceecfadumene.fr\/cdr\/files\/2024\/08\/geometry-1023846_1280bis.jpg?fit=1150%2C350&ssl=1&resize=350%2C200 1x, https:\/\/i0.wp.com\/blogs.lyceecfadumene.fr\/cdr\/files\/2024\/08\/geometry-1023846_1280bis.jpg?fit=1150%2C350&ssl=1&resize=525%2C300 1.5x, https:\/\/i0.wp.com\/blogs.lyceecfadumene.fr\/cdr\/files\/2024\/08\/geometry-1023846_1280bis.jpg?fit=1150%2C350&ssl=1&resize=700%2C400 2x, https:\/\/i0.wp.com\/blogs.lyceecfadumene.fr\/cdr\/files\/2024\/08\/geometry-1023846_1280bis.jpg?fit=1150%2C350&ssl=1&resize=1050%2C600 3x"},"classes":[]}],"_links":{"self":[{"href":"https:\/\/blogs.lyceecfadumene.fr\/cdr\/wp-json\/wp\/v2\/pages\/689","targetHints":{"allow":["GET"]}}],"collection":[{"href":"https:\/\/blogs.lyceecfadumene.fr\/cdr\/wp-json\/wp\/v2\/pages"}],"about":[{"href":"https:\/\/blogs.lyceecfadumene.fr\/cdr\/wp-json\/wp\/v2\/types\/page"}],"author":[{"embeddable":true,"href":"https:\/\/blogs.lyceecfadumene.fr\/cdr\/wp-json\/wp\/v2\/users\/103"}],"replies":[{"embeddable":true,"href":"https:\/\/blogs.lyceecfadumene.fr\/cdr\/wp-json\/wp\/v2\/comments?post=689"}],"version-history":[{"count":14,"href":"https:\/\/blogs.lyceecfadumene.fr\/cdr\/wp-json\/wp\/v2\/pages\/689\/revisions"}],"predecessor-version":[{"id":928,"href":"https:\/\/blogs.lyceecfadumene.fr\/cdr\/wp-json\/wp\/v2\/pages\/689\/revisions\/928"}],"wp:attachment":[{"href":"https:\/\/blogs.lyceecfadumene.fr\/cdr\/wp-json\/wp\/v2\/media?parent=689"}],"curies":[{"name":"wp","href":"https:\/\/api.w.org\/{rel}","templated":true}]}}