{"id":1266,"date":"2026-03-10T16:58:06","date_gmt":"2026-03-10T15:58:06","guid":{"rendered":"https:\/\/blogs.lyceecfadumene.fr\/cdr\/?page_id=1266"},"modified":"2026-03-10T17:32:16","modified_gmt":"2026-03-10T16:32:16","slug":"histoire-geographie","status":"publish","type":"page","link":"https:\/\/blogs.lyceecfadumene.fr\/cdr\/histoire-geographie\/","title":{"rendered":"Histoire-g\u00e9ographie"},"content":{"rendered":"\n<figure class=\"wp-block-image size-large\"><img data-recalc-dims=\"1\" loading=\"lazy\" decoding=\"async\" width=\"1024\" height=\"341\" data-attachment-id=\"1267\" data-permalink=\"https:\/\/blogs.lyceecfadumene.fr\/cdr\/histoire-geographie\/ressources-histoire-geo\/\" data-orig-file=\"https:\/\/i0.wp.com\/blogs.lyceecfadumene.fr\/cdr\/files\/2026\/03\/Ressources-histoire-geo.png?fit=1500%2C500&amp;ssl=1\" data-orig-size=\"1500,500\" data-comments-opened=\"1\" data-image-meta=\"{&quot;aperture&quot;:&quot;0&quot;,&quot;credit&quot;:&quot;&quot;,&quot;camera&quot;:&quot;&quot;,&quot;caption&quot;:&quot;&quot;,&quot;created_timestamp&quot;:&quot;0&quot;,&quot;copyright&quot;:&quot;&quot;,&quot;focal_length&quot;:&quot;0&quot;,&quot;iso&quot;:&quot;0&quot;,&quot;shutter_speed&quot;:&quot;0&quot;,&quot;title&quot;:&quot;&quot;,&quot;orientation&quot;:&quot;0&quot;}\" data-image-title=\"Ressources histoire-geo\" data-image-description=\"\" data-image-caption=\"\" data-large-file=\"https:\/\/i0.wp.com\/blogs.lyceecfadumene.fr\/cdr\/files\/2026\/03\/Ressources-histoire-geo.png?fit=1024%2C341&amp;ssl=1\" src=\"https:\/\/i0.wp.com\/blogs.lyceecfadumene.fr\/cdr\/files\/2026\/03\/Ressources-histoire-geo-1024x341.png?resize=1024%2C341&#038;ssl=1\" alt=\"\" class=\"wp-image-1267\" srcset=\"https:\/\/i0.wp.com\/blogs.lyceecfadumene.fr\/cdr\/files\/2026\/03\/Ressources-histoire-geo.png?resize=1024%2C341&amp;ssl=1 1024w, https:\/\/i0.wp.com\/blogs.lyceecfadumene.fr\/cdr\/files\/2026\/03\/Ressources-histoire-geo.png?resize=400%2C133&amp;ssl=1 400w, https:\/\/i0.wp.com\/blogs.lyceecfadumene.fr\/cdr\/files\/2026\/03\/Ressources-histoire-geo.png?resize=768%2C256&amp;ssl=1 768w, https:\/\/i0.wp.com\/blogs.lyceecfadumene.fr\/cdr\/files\/2026\/03\/Ressources-histoire-geo.png?w=1500&amp;ssl=1 1500w\" sizes=\"auto, (max-width: 1000px) 100vw, 1000px\" \/><\/figure>\n\n\n\n<p>Cette page contient des ressources pour l&rsquo;<strong>Histoire-G\u00e9ographie<\/strong>. Il y a des contenus et des exercices. Les \u00e9l\u00e8ves peuvent les utiliser en classe ou seuls. Les ressources sont class\u00e9es par niveau et parfois par sp\u00e9cialit\u00e9. Le type de support est indiqu\u00e9.<\/p>\n\n\n\n<p>Si le support sur lequel se trouve la ressource est la plateforme de e-learning du CFA ou sur une plateforme \u00e0 laquelle l\u2019\u00e9tablissement est abonn\u00e9, n\u2019h\u00e9sitez pas \u00e0 demander l\u2019acc\u00e8s \u00e0 l\u2019animatrice du CDR.<\/p>\n\n\n\n<p class=\"has-text-align-center has-primary-color has-text-color has-link-color has-large-font-size wp-elements-fdc083f6c5b0ec65770cb5f74247ec7d\"><strong><strong><span style=\"text-decoration: underline\">Sommaire :<\/span><\/strong><\/strong><\/p>\n\n\n\n<ol class=\"wp-block-list\">\n<li><strong><a href=\"#hist-geo-tous-niv\" title=\"Tous niveaux\">Tous niveaux<\/a><\/strong><\/li>\n\n\n\n<li><strong><a href=\"#hist-geo-niv-3\" title=\"Niveau 3\">Niveau 3<\/a><\/strong><\/li>\n\n\n\n<li><strong><a href=\"#hist-geo-niv-4\" title=\"Niveau 4\">Niveau 4<\/a><\/strong><\/li>\n\n\n\n<li><strong><a href=\"#hist-geo-niv-5\" title=\"Niveau 5\">Niveau 5<\/a><\/strong><\/li>\n<\/ol>\n\n\n\n<figure class=\"wp-block-image alignwide size-large\" id=\"hist-geo-tous-niv\"><img data-recalc-dims=\"1\" loading=\"lazy\" decoding=\"async\" width=\"1024\" height=\"256\" data-attachment-id=\"1269\" data-permalink=\"https:\/\/blogs.lyceecfadumene.fr\/cdr\/histoire-geographie\/histoire-geographie-tous-niveauxv2\/\" data-orig-file=\"https:\/\/i0.wp.com\/blogs.lyceecfadumene.fr\/cdr\/files\/2026\/03\/Histoire-geographie-tous-niveauxv2.png?fit=1920%2C480&amp;ssl=1\" data-orig-size=\"1920,480\" data-comments-opened=\"1\" data-image-meta=\"{&quot;aperture&quot;:&quot;0&quot;,&quot;credit&quot;:&quot;&quot;,&quot;camera&quot;:&quot;&quot;,&quot;caption&quot;:&quot;&quot;,&quot;created_timestamp&quot;:&quot;0&quot;,&quot;copyright&quot;:&quot;&quot;,&quot;focal_length&quot;:&quot;0&quot;,&quot;iso&quot;:&quot;0&quot;,&quot;shutter_speed&quot;:&quot;0&quot;,&quot;title&quot;:&quot;&quot;,&quot;orientation&quot;:&quot;0&quot;}\" data-image-title=\"Histoire-g\u00e9ographie tous niveauxv2\" data-image-description=\"\" data-image-caption=\"\" data-large-file=\"https:\/\/i0.wp.com\/blogs.lyceecfadumene.fr\/cdr\/files\/2026\/03\/Histoire-geographie-tous-niveauxv2.png?fit=1024%2C256&amp;ssl=1\" src=\"https:\/\/i0.wp.com\/blogs.lyceecfadumene.fr\/cdr\/files\/2026\/03\/Histoire-geographie-tous-niveauxv2-1024x256.png?resize=1024%2C256&#038;ssl=1\" alt=\"\" class=\"wp-image-1269\" srcset=\"https:\/\/i0.wp.com\/blogs.lyceecfadumene.fr\/cdr\/files\/2026\/03\/Histoire-geographie-tous-niveauxv2.png?resize=1024%2C256&amp;ssl=1 1024w, https:\/\/i0.wp.com\/blogs.lyceecfadumene.fr\/cdr\/files\/2026\/03\/Histoire-geographie-tous-niveauxv2.png?resize=400%2C100&amp;ssl=1 400w, https:\/\/i0.wp.com\/blogs.lyceecfadumene.fr\/cdr\/files\/2026\/03\/Histoire-geographie-tous-niveauxv2.png?resize=768%2C192&amp;ssl=1 768w, https:\/\/i0.wp.com\/blogs.lyceecfadumene.fr\/cdr\/files\/2026\/03\/Histoire-geographie-tous-niveauxv2.png?resize=1536%2C384&amp;ssl=1 1536w, https:\/\/i0.wp.com\/blogs.lyceecfadumene.fr\/cdr\/files\/2026\/03\/Histoire-geographie-tous-niveauxv2.png?w=1920&amp;ssl=1 1920w\" sizes=\"auto, (max-width: 1000px) 100vw, 1000px\" \/><\/figure>\n\n\n\n<figure class=\"wp-block-table alignwide\"><table><thead><tr><th>Titre<\/th><th>Auteur<\/th><th>Type<\/th><th>Dur\u00e9e<\/th><th>Niv\/Pr\u00e9requis<\/th><th>Support<\/th><th>Ressource<\/th><\/tr><\/thead><tbody><tr><td>JDR R\u00e9volution Fran\u00e7aise<\/td><td>Nicolas Munck<\/td><td>Jeu de r\u00f4le\/histoire interactive ( adapt\u00e9 programme 4\u00e8me ) sur la R\u00e9volution fran\u00e7aise et l&rsquo;Empire<\/td><td>45 min<\/td><td>\/<\/td><td>Moiki \u2013 Histoire interactive ( \u00e0 choix ) en ligne<\/td><td><strong><a href=\"https:\/\/moiki.fr\/social-club\/n-munck\/revolutionfrancaise\/play\" target=\"_blank\" rel=\"noopener\" title=\"\">Lien vers le jeu<\/a><\/strong><\/td><\/tr><tr><td>Chapitre 1 &#8211; La Premi\u00e8re Guerre mondiale<\/td><td>lelivrescolaire.fr<\/td><td>Pr\u00e9sentation interactive sur la Premi\u00e8re Guerre mondiale ( avec informations\/timeline\/quiz )<\/td><td>30 min<\/td><td>\/<\/td><td>Genially<\/td><td><strong><a href=\"https:\/\/view.genially.com\/60ab947b25f57f0dbfcaf2b8\/interactive-content-hg3-chapitre-1\" target=\"_blank\" rel=\"noopener\" title=\"\">Lien vers la ressource<\/a><\/strong><\/td><\/tr><tr><td>Chapitre 2 &#8211; D\u00e9mocraties et totalitarismes dans l&rsquo;entre-deux-guerres<\/td><td>lelivrescolaire.fr<\/td><td>Pr\u00e9sentation interactive sur l&rsquo;entre deux guerre ( avec informations\/timeline\/quiz )<\/td><td>30 min<\/td><td>\/<\/td><td>Genially<\/td><td><strong><a href=\"https:\/\/view.genially.com\/60a3d6afe34eac0da5d9387e\/interactive-content-hg3-chapitre-2\" target=\"_blank\" rel=\"noopener\" title=\"\">Lien vers la ressource<\/a><\/strong><\/td><\/tr><tr><td>Chapitre 3 &#8211; La Seconde Guerre mondiale<\/td><td>lelivrescolaire.fr<\/td><td>Pr\u00e9sentation interactive sur la Seconde Guerre mondiale ( avec informations\/timeline\/quiz )<\/td><td>30 min<\/td><td>\/<\/td><td>Genially<\/td><td><strong><a href=\"https:\/\/view.genially.com\/60ab9a5192bc460ddb2be924\/interactive-content-hg3-chapitre-3\" target=\"_blank\" rel=\"noopener\" title=\"\">Lien vers la ressource<\/a><\/strong><\/td><\/tr><tr><td>Chapitre 4 &#8211; La France dans la Seconde Guerre mondiale<\/td><td>lelivrescolaire.fr<\/td><td>Pr\u00e9sentation interactive sur la France dans la Seconde Guerre mondiale ( avec informations\/timeline\/quiz )<\/td><td>30 min<\/td><td>\/<\/td><td>Genially<\/td><td><strong><a href=\"https:\/\/view.genially.com\/60ae16749d59b50d5cbd2593\/interactive-content-hg3-chapitre-4\" target=\"_blank\" rel=\"noopener\" title=\"\">Lien vers la ressource<\/a><\/strong><\/td><\/tr><tr><td>Chapitre 5 &#8211; La guerre froide<\/td><td>lelivrescolaire.fr<\/td><td>Pr\u00e9sentation interactive sur la Guerre Froide ( avec informations\/timeline\/quiz )<\/td><td>30 min<\/td><td>\/<\/td><td>Genially<\/td><td><strong><a href=\"https:\/\/view.genially.com\/60bf1b60385c9c0d4d949f6d\/interactive-content-hg-chapitre-5\" target=\"_blank\" rel=\"noopener\" title=\"\">Lien vers la ressource<\/a><\/strong><\/td><\/tr><tr><td>Chapitre 6 &#8211; De la d\u00e9colonisation aux nouveaux \u00c9tats<\/td><td>lelivrescolaire.fr<\/td><td>Pr\u00e9sentation interactive sur la D\u00e9conolonisation ( avec informations\/timeline\/quiz )<\/td><td>30 min<\/td><td>\/<\/td><td>Genially<\/td><td><strong><a href=\"https:\/\/view.genially.com\/60bf5d93fe0ac00d5fd13b99\/interactive-content-hg3-chapitre-6\" target=\"_blank\" rel=\"noopener\" title=\"\">Lien vers la ressource<\/a><\/strong><\/td><\/tr><tr><td>Chapitre 7 &#8211; La construction europ\u00e9enne<\/td><td>lelivrescolaire.fr<\/td><td>Pr\u00e9sentation interactive sur la Construction europ\u00e9enne ( avec informations\/timeline\/quiz )<\/td><td>30 min<\/td><td>\/<\/td><td>Genially<\/td><td><strong><a href=\"https:\/\/view.genially.com\/60bf78933a2a260d646f4997\/interactive-content-hg3-chapitre-7\" target=\"_blank\" rel=\"noopener\" title=\"\">Lien vers la ressource<\/a><\/strong><\/td><\/tr><tr><td>Chapitre 8 &#8211; Le monde apr\u00e8s 1989<\/td><td>lelivrescolaire.fr<\/td><td>Pr\u00e9sentation interactive sur le monde apr\u00e8s 1989 ( avec informations\/timeline\/quiz )<\/td><td>30 min<\/td><td>\/<\/td><td>Genially<\/td><td><strong><a href=\"https:\/\/view.genially.com\/60bf92c7fe0ac00d5fd140db\/interactive-content-hg3-chapitre-8\" target=\"_blank\" rel=\"noopener\" title=\"\">Lien vers la ressource<\/a><\/strong><\/td><\/tr><tr><td>Chapitre 9 &#8211; 1944-1947, refonder la R\u00e9publique<\/td><td>lelivrescolaire.fr<\/td><td>Pr\u00e9sentation interactive sur 1944-1947 ( avec informations\/timeline\/quiz )<\/td><td>30 min<\/td><td>\/<\/td><td>Genially<\/td><td><strong><a href=\"https:\/\/view.genially.com\/60c8c3cec9a33d0dd2ed39eb\/interactive-content-hg3-chapitre-9\" target=\"_blank\" rel=\"noopener\" title=\"\">Lien vers la ressource<\/a><\/strong><\/td><\/tr><tr><td>Chapitre 10 &#8211; La V<sup>e<\/sup> R\u00e9publique<\/td><td>lelivrescolaire.fr<\/td><td>Pr\u00e9sentation interactive sur la Ve R\u00e9publique ( avec informations\/timeline\/quiz )<\/td><td>30 min<\/td><td>\/<\/td><td>Genially<\/td><td><strong><a href=\"https:\/\/view.genially.com\/60d05946dd61f20dc43447c0\/interactive-content-hg3-chapitre-10\" target=\"_blank\" rel=\"noopener\" title=\"\">Lien vers la ressource<\/a><\/strong><\/td><\/tr><tr><td>Chapitre 11 &#8211; Femmes et hommes dans la soci\u00e9t\u00e9 des ann\u00e9es 1950 aux ann\u00e9es 1980<\/td><td>lelivrescolaire.fr<\/td><td>Pr\u00e9sentation interactive sur les ann\u00e9es 1950 \u00e0 1980 ( avec informations\/timeline\/quiz )<\/td><td>30 min<\/td><td>\/<\/td><td>Genially<\/td><td><strong><a href=\"https:\/\/view.genially.com\/60d09954d36a420dcb2d3237\/interactive-content-hg3-chapitre-11\" target=\"_blank\" rel=\"noopener\" title=\"\">Lien vers la ressource<\/a><\/strong><\/td><\/tr><tr><td>Chapitre 12 &#8211; Un territoire sous influence urbaine<\/td><td>lelivrescolaire.fr<\/td><td>Pr\u00e9sentation interactive ( avec informations\/timeline\/quiz )<\/td><td>30 min<\/td><td>\/<\/td><td>Genially<\/td><td><strong><a href=\"https:\/\/view.genially.com\/60a3d856c2c9160dae264c87\/interactive-content-hg3-chapitre-12\" target=\"_blank\" rel=\"noopener\" title=\"\">Lien vers la ressource<\/a><\/strong><\/td><\/tr><tr><td>Chapitre 13 &#8211; Les espaces productifs<\/td><td>lelivrescolaire.fr<\/td><td>Pr\u00e9sentation interactive sur les espaces productifs ( avec informations\/timeline\/quiz )<\/td><td>30 min<\/td><td>\/<\/td><td>Genially<\/td><td><strong><a href=\"https:\/\/view.genially.com\/60ae49be179a700d38f4ed30\/interactive-content-hg3-chapitre-13\" target=\"_blank\" rel=\"noopener\" title=\"\">Lien vers la ressource<\/a><\/strong><\/td><\/tr><tr><td>Chapitre 14 &#8211; Les espaces de faible densit\u00e9 et leurs atouts<\/td><td>lelivrescolaire.fr<\/td><td>Pr\u00e9sentation interactive ( avec informations\/timeline\/quiz )<\/td><td>30 min<\/td><td>\/<\/td><td>Genially<\/td><td><strong><a href=\"https:\/\/view.genially.com\/60b62bbf97bd950dde07fc87\/interactive-content-hg3-chapitre-14\" target=\"_blank\" rel=\"noopener\" title=\"\">Lien vers la ressource<\/a><\/strong><\/td><\/tr><tr><td>Chapitre 15 &#8211; Am\u00e9nager le territoire<\/td><td>lelivrescolaire.fr<\/td><td>Pr\u00e9sentation interactive sur l&rsquo;am\u00e9nagement du territoire ( avec informations\/timeline\/quiz )<\/td><td>30 min<\/td><td>\/<\/td><td>Genially<\/td><td><strong><a href=\"https:\/\/view.genially.com\/60c760494050460dba55535d\/interactive-content-hg3-chapitre-15\" target=\"_blank\" rel=\"noopener\" title=\"\">Lien vers la ressource<\/a><\/strong><\/td><\/tr><tr><td>Chapitre 16 &#8211; Am\u00e9nager les territoires ultramarins<\/td><td>lelivrescolaire.fr<\/td><td>Pr\u00e9sentation interactive sur l&rsquo;am\u00e9nagement des territoires ultramarins ( avec informations\/timeline\/quiz )<\/td><td>30 min<\/td><td>\/<\/td><td>Genially<\/td><td><strong><a href=\"https:\/\/view.genially.com\/60c89c2f1334910dc58d41dc\/interactive-content-hg3-chapitre-16\" target=\"_blank\" rel=\"noopener\" title=\"\">Lien vers la ressource<\/a><\/strong><\/td><\/tr><tr><td>Chapitre 17 &#8211; L&rsquo;Union europ\u00e9enne, un nouveau territoire d&rsquo;appartenance<\/td><td>lelivrescolaire.fr<\/td><td>Pr\u00e9sentation interactive sur l&rsquo;Union europ\u00e9enne ( avec informations\/timeline\/quiz )<\/td><td>30 min<\/td><td>\/<\/td><td>Genially<\/td><td><strong><a href=\"https:\/\/view.genially.com\/60d2ddf738f4b00da24ab15e\/interactive-content-hg3-chapitre-17\" target=\"_blank\" rel=\"noopener\" title=\"\">Lien vers la ressource<\/a><\/strong><\/td><\/tr><tr><td>Chapitre 18 &#8211; La France et l&rsquo;Europe dans le monde<\/td><td>lelivrescolaire.fr<\/td><td>Pr\u00e9sentation interactive sur la France et l&rsquo;Europe dans le Monde ( avec informations\/timeline\/quiz )<\/td><td>30 min<\/td><td>\/<\/td><td>Genially<\/td><td><strong><a href=\"https:\/\/view.genially.com\/60d2f87cf934aa0dd88181b9\/interactive-content-hg3-chapitre-18\" target=\"_blank\" rel=\"noopener\" title=\"Lien vers la ressource\">Lien vers la ressource<\/a><\/strong><\/td><\/tr><\/tbody><\/table><\/figure>\n\n\n\n<figure class=\"wp-block-image alignwide size-large\" id=\"hist-geo-niv-3\"><img data-recalc-dims=\"1\" loading=\"lazy\" decoding=\"async\" width=\"1024\" height=\"256\" data-attachment-id=\"1270\" data-permalink=\"https:\/\/blogs.lyceecfadumene.fr\/cdr\/histoire-geographie\/histoire-geographie-niv-3v2\/\" data-orig-file=\"https:\/\/i0.wp.com\/blogs.lyceecfadumene.fr\/cdr\/files\/2026\/03\/Histoire-geographie-niv-3v2.png?fit=1920%2C480&amp;ssl=1\" data-orig-size=\"1920,480\" data-comments-opened=\"1\" data-image-meta=\"{&quot;aperture&quot;:&quot;0&quot;,&quot;credit&quot;:&quot;&quot;,&quot;camera&quot;:&quot;&quot;,&quot;caption&quot;:&quot;&quot;,&quot;created_timestamp&quot;:&quot;0&quot;,&quot;copyright&quot;:&quot;&quot;,&quot;focal_length&quot;:&quot;0&quot;,&quot;iso&quot;:&quot;0&quot;,&quot;shutter_speed&quot;:&quot;0&quot;,&quot;title&quot;:&quot;&quot;,&quot;orientation&quot;:&quot;0&quot;}\" data-image-title=\"Histoire-g\u00e9ographie niv 3v2\" data-image-description=\"\" data-image-caption=\"\" data-large-file=\"https:\/\/i0.wp.com\/blogs.lyceecfadumene.fr\/cdr\/files\/2026\/03\/Histoire-geographie-niv-3v2.png?fit=1024%2C256&amp;ssl=1\" src=\"https:\/\/i0.wp.com\/blogs.lyceecfadumene.fr\/cdr\/files\/2026\/03\/Histoire-geographie-niv-3v2-1024x256.png?resize=1024%2C256&#038;ssl=1\" alt=\"\" class=\"wp-image-1270\" srcset=\"https:\/\/i0.wp.com\/blogs.lyceecfadumene.fr\/cdr\/files\/2026\/03\/Histoire-geographie-niv-3v2.png?resize=1024%2C256&amp;ssl=1 1024w, https:\/\/i0.wp.com\/blogs.lyceecfadumene.fr\/cdr\/files\/2026\/03\/Histoire-geographie-niv-3v2.png?resize=400%2C100&amp;ssl=1 400w, https:\/\/i0.wp.com\/blogs.lyceecfadumene.fr\/cdr\/files\/2026\/03\/Histoire-geographie-niv-3v2.png?resize=768%2C192&amp;ssl=1 768w, https:\/\/i0.wp.com\/blogs.lyceecfadumene.fr\/cdr\/files\/2026\/03\/Histoire-geographie-niv-3v2.png?resize=1536%2C384&amp;ssl=1 1536w, https:\/\/i0.wp.com\/blogs.lyceecfadumene.fr\/cdr\/files\/2026\/03\/Histoire-geographie-niv-3v2.png?w=1920&amp;ssl=1 1920w\" sizes=\"auto, (max-width: 1000px) 100vw, 1000px\" \/><\/figure>\n\n\n\n<figure class=\"wp-block-image alignwide size-large\" id=\"hist-geo-niv-4\"><img data-recalc-dims=\"1\" loading=\"lazy\" decoding=\"async\" width=\"1024\" height=\"256\" data-attachment-id=\"1271\" data-permalink=\"https:\/\/blogs.lyceecfadumene.fr\/cdr\/histoire-geographie\/histoire-geographie-niv-4v2\/\" data-orig-file=\"https:\/\/i0.wp.com\/blogs.lyceecfadumene.fr\/cdr\/files\/2026\/03\/Histoire-geographie-niv-4v2.png?fit=1920%2C480&amp;ssl=1\" data-orig-size=\"1920,480\" data-comments-opened=\"1\" data-image-meta=\"{&quot;aperture&quot;:&quot;0&quot;,&quot;credit&quot;:&quot;&quot;,&quot;camera&quot;:&quot;&quot;,&quot;caption&quot;:&quot;&quot;,&quot;created_timestamp&quot;:&quot;0&quot;,&quot;copyright&quot;:&quot;&quot;,&quot;focal_length&quot;:&quot;0&quot;,&quot;iso&quot;:&quot;0&quot;,&quot;shutter_speed&quot;:&quot;0&quot;,&quot;title&quot;:&quot;&quot;,&quot;orientation&quot;:&quot;0&quot;}\" data-image-title=\"Histoire-g\u00e9ographie niv 4v2\" data-image-description=\"\" data-image-caption=\"\" data-large-file=\"https:\/\/i0.wp.com\/blogs.lyceecfadumene.fr\/cdr\/files\/2026\/03\/Histoire-geographie-niv-4v2.png?fit=1024%2C256&amp;ssl=1\" src=\"https:\/\/i0.wp.com\/blogs.lyceecfadumene.fr\/cdr\/files\/2026\/03\/Histoire-geographie-niv-4v2-1024x256.png?resize=1024%2C256&#038;ssl=1\" alt=\"\" class=\"wp-image-1271\" srcset=\"https:\/\/i0.wp.com\/blogs.lyceecfadumene.fr\/cdr\/files\/2026\/03\/Histoire-geographie-niv-4v2.png?resize=1024%2C256&amp;ssl=1 1024w, https:\/\/i0.wp.com\/blogs.lyceecfadumene.fr\/cdr\/files\/2026\/03\/Histoire-geographie-niv-4v2.png?resize=400%2C100&amp;ssl=1 400w, https:\/\/i0.wp.com\/blogs.lyceecfadumene.fr\/cdr\/files\/2026\/03\/Histoire-geographie-niv-4v2.png?resize=768%2C192&amp;ssl=1 768w, https:\/\/i0.wp.com\/blogs.lyceecfadumene.fr\/cdr\/files\/2026\/03\/Histoire-geographie-niv-4v2.png?resize=1536%2C384&amp;ssl=1 1536w, https:\/\/i0.wp.com\/blogs.lyceecfadumene.fr\/cdr\/files\/2026\/03\/Histoire-geographie-niv-4v2.png?w=1920&amp;ssl=1 1920w\" sizes=\"auto, (max-width: 1000px) 100vw, 1000px\" \/><\/figure>\n\n\n\n<figure class=\"wp-block-table alignwide\"><table><thead><tr><th>Titre<\/th><th>Auteur<\/th><th>Type<\/th><th>Dur\u00e9e<\/th><th>Niv\/Pr\u00e9requis<\/th><th>Support<\/th><th>Ressource<\/th><\/tr><\/thead><tbody><tr><td>Test de positionnement niv4<\/td><td>MG<\/td><td>QCM autocorrectif<\/td><td>5-6 min<\/td><td>Niv 3<\/td><td>test sur Moodle<\/td><td>Ressource sur Moodle<em> ( demander acc\u00e8s animatrice CDR )<\/em><\/td><\/tr><\/tbody><\/table><\/figure>\n\n\n\n<figure class=\"wp-block-image alignwide size-large\" id=\"hist-geo-niv-5\"><img data-recalc-dims=\"1\" loading=\"lazy\" decoding=\"async\" width=\"1024\" height=\"256\" data-attachment-id=\"1272\" data-permalink=\"https:\/\/blogs.lyceecfadumene.fr\/cdr\/histoire-geographie\/histoire-geographie-niv-5v2\/\" data-orig-file=\"https:\/\/i0.wp.com\/blogs.lyceecfadumene.fr\/cdr\/files\/2026\/03\/Histoire-geographie-niv-5v2.png?fit=1920%2C480&amp;ssl=1\" data-orig-size=\"1920,480\" data-comments-opened=\"1\" data-image-meta=\"{&quot;aperture&quot;:&quot;0&quot;,&quot;credit&quot;:&quot;&quot;,&quot;camera&quot;:&quot;&quot;,&quot;caption&quot;:&quot;&quot;,&quot;created_timestamp&quot;:&quot;0&quot;,&quot;copyright&quot;:&quot;&quot;,&quot;focal_length&quot;:&quot;0&quot;,&quot;iso&quot;:&quot;0&quot;,&quot;shutter_speed&quot;:&quot;0&quot;,&quot;title&quot;:&quot;&quot;,&quot;orientation&quot;:&quot;0&quot;}\" data-image-title=\"Histoire-g\u00e9ographie niv 5v2\" data-image-description=\"\" data-image-caption=\"\" data-large-file=\"https:\/\/i0.wp.com\/blogs.lyceecfadumene.fr\/cdr\/files\/2026\/03\/Histoire-geographie-niv-5v2.png?fit=1024%2C256&amp;ssl=1\" src=\"https:\/\/i0.wp.com\/blogs.lyceecfadumene.fr\/cdr\/files\/2026\/03\/Histoire-geographie-niv-5v2-1024x256.png?resize=1024%2C256&#038;ssl=1\" alt=\"\" class=\"wp-image-1272\" srcset=\"https:\/\/i0.wp.com\/blogs.lyceecfadumene.fr\/cdr\/files\/2026\/03\/Histoire-geographie-niv-5v2.png?resize=1024%2C256&amp;ssl=1 1024w, https:\/\/i0.wp.com\/blogs.lyceecfadumene.fr\/cdr\/files\/2026\/03\/Histoire-geographie-niv-5v2.png?resize=400%2C100&amp;ssl=1 400w, https:\/\/i0.wp.com\/blogs.lyceecfadumene.fr\/cdr\/files\/2026\/03\/Histoire-geographie-niv-5v2.png?resize=768%2C192&amp;ssl=1 768w, https:\/\/i0.wp.com\/blogs.lyceecfadumene.fr\/cdr\/files\/2026\/03\/Histoire-geographie-niv-5v2.png?resize=1536%2C384&amp;ssl=1 1536w, https:\/\/i0.wp.com\/blogs.lyceecfadumene.fr\/cdr\/files\/2026\/03\/Histoire-geographie-niv-5v2.png?w=1920&amp;ssl=1 1920w\" sizes=\"auto, (max-width: 1000px) 100vw, 1000px\" \/><\/figure>\n\n\n\n<figure class=\"wp-block-table alignwide\"><table><thead><tr><th>Titre<\/th><th>Auteur<\/th><th>Type<\/th><th>Dur\u00e9e<\/th><th>Niv\/Pr\u00e9requis<\/th><th>Support<\/th><th>Ressource<\/th><\/tr><\/thead><tbody><tr><td>Test de positionnement niv5<\/td><td>MG<\/td><td>QCM autocorrectif<\/td><td>5-6 min<\/td><td>Niv 4<\/td><td>test sur Moodle<\/td><td>Ressource sur Moodle<em> ( demander acc\u00e8s animatrice CDR )<\/em><\/td><\/tr><\/tbody><\/table><\/figure>\n","protected":false},"excerpt":{"rendered":"<p>Cette page contient des ressources pour l&rsquo;Histoire-G\u00e9ographie. Il y a des contenus et des exercices. Les \u00e9l\u00e8ves peuvent les utiliser en classe ou seuls. Les ressources sont class\u00e9es par niveau et parfois par sp\u00e9cialit\u00e9. Le type de support est indiqu\u00e9. Si le support sur lequel se trouve la ressource est la plateforme de e-learning du [&hellip;]<\/p>\n","protected":false},"author":103,"featured_media":1268,"parent":0,"menu_order":0,"comment_status":"closed","ping_status":"closed","template":"","meta":{"footnotes":""},"class_list":["post-1266","page","type-page","status-publish","has-post-thumbnail","hentry"],"aioseo_notices":[],"jetpack_sharing_enabled":true,"jetpack-related-posts":[{"id":1352,"url":"https:\/\/blogs.lyceecfadumene.fr\/cdr\/ressources-paysage\/","url_meta":{"origin":1266,"position":0},"title":"Ressources paysage","author":"fdouan","date":"8 avril 2026","format":false,"excerpt":"Cette page contient des ressources pour le Paysage. Il y a des contenus et des exercices. Les \u00e9l\u00e8ves peuvent les utiliser en classe ou seuls. Les ressources sont class\u00e9es par niveau et parfois par sp\u00e9cialit\u00e9. Le type de support est indiqu\u00e9. Si le support sur lequel se trouve la ressource\u2026","rel":"","context":"Article similaire","block_context":{"text":"Article similaire","link":""},"img":{"alt_text":"","src":"https:\/\/i0.wp.com\/blogs.lyceecfadumene.fr\/cdr\/files\/2026\/04\/guy_dugas-chateau-de-villandry-1147841_1280-e1775639747172.jpg?fit=1200%2C534&ssl=1&resize=350%2C200","width":350,"height":200,"srcset":"https:\/\/i0.wp.com\/blogs.lyceecfadumene.fr\/cdr\/files\/2026\/04\/guy_dugas-chateau-de-villandry-1147841_1280-e1775639747172.jpg?fit=1200%2C534&ssl=1&resize=350%2C200 1x, https:\/\/i0.wp.com\/blogs.lyceecfadumene.fr\/cdr\/files\/2026\/04\/guy_dugas-chateau-de-villandry-1147841_1280-e1775639747172.jpg?fit=1200%2C534&ssl=1&resize=525%2C300 1.5x, https:\/\/i0.wp.com\/blogs.lyceecfadumene.fr\/cdr\/files\/2026\/04\/guy_dugas-chateau-de-villandry-1147841_1280-e1775639747172.jpg?fit=1200%2C534&ssl=1&resize=700%2C400 2x, https:\/\/i0.wp.com\/blogs.lyceecfadumene.fr\/cdr\/files\/2026\/04\/guy_dugas-chateau-de-villandry-1147841_1280-e1775639747172.jpg?fit=1200%2C534&ssl=1&resize=1050%2C600 3x"},"classes":[]},{"id":165,"url":"https:\/\/blogs.lyceecfadumene.fr\/cdr\/les-ressources-parcours\/niveau-3\/mathematiques\/","url_meta":{"origin":1266,"position":1},"title":"Ressources Math\u00e9matiques","author":"fdouan","date":"21 juin 2022","format":false,"excerpt":"Cette page contient des ressources pour les math\u00e9matiques. Il y a des contenus et des exercices. Les \u00e9l\u00e8ves peuvent les utiliser en classe ou seuls. Les ressources sont class\u00e9es par niveau et parfois par sp\u00e9cialit\u00e9. Le type de support est indiqu\u00e9. Si le support sur lequel se trouve la ressource\u2026","rel":"","context":"Article similaire","block_context":{"text":"Article similaire","link":""},"img":{"alt_text":"","src":"https:\/\/i0.wp.com\/blogs.lyceecfadumene.fr\/cdr\/files\/2024\/08\/geometry-1023846_1280bis.jpg?fit=1150%2C350&ssl=1&resize=350%2C200","width":350,"height":200,"srcset":"https:\/\/i0.wp.com\/blogs.lyceecfadumene.fr\/cdr\/files\/2024\/08\/geometry-1023846_1280bis.jpg?fit=1150%2C350&ssl=1&resize=350%2C200 1x, https:\/\/i0.wp.com\/blogs.lyceecfadumene.fr\/cdr\/files\/2024\/08\/geometry-1023846_1280bis.jpg?fit=1150%2C350&ssl=1&resize=525%2C300 1.5x, https:\/\/i0.wp.com\/blogs.lyceecfadumene.fr\/cdr\/files\/2024\/08\/geometry-1023846_1280bis.jpg?fit=1150%2C350&ssl=1&resize=700%2C400 2x, https:\/\/i0.wp.com\/blogs.lyceecfadumene.fr\/cdr\/files\/2024\/08\/geometry-1023846_1280bis.jpg?fit=1150%2C350&ssl=1&resize=1050%2C600 3x"},"classes":[]},{"id":1333,"url":"https:\/\/blogs.lyceecfadumene.fr\/cdr\/reconnaissance-des-vegetaux\/","url_meta":{"origin":1266,"position":2},"title":"Reconnaissance des v\u00e9g\u00e9taux","author":"fdouan","date":"17 mars 2026","format":false,"excerpt":"Cette page contient des ressources pour la reconnaissance des v\u00e9g\u00e9taux. Il y a des contenus et des exercices. Les \u00e9l\u00e8ves peuvent les utiliser en classe ou seuls. Les ressources sont class\u00e9es par niveau et parfois par sp\u00e9cialit\u00e9. Le type de support est indiqu\u00e9. Si le support sur lequel se trouve\u2026","rel":"","context":"Article similaire","block_context":{"text":"Article similaire","link":""},"img":{"alt_text":"","src":"https:\/\/i0.wp.com\/blogs.lyceecfadumene.fr\/cdr\/files\/2026\/03\/Ressources-reco-des-vgtx.png?resize=350%2C200&ssl=1","width":350,"height":200,"srcset":"https:\/\/i0.wp.com\/blogs.lyceecfadumene.fr\/cdr\/files\/2026\/03\/Ressources-reco-des-vgtx.png?resize=350%2C200&ssl=1 1x, https:\/\/i0.wp.com\/blogs.lyceecfadumene.fr\/cdr\/files\/2026\/03\/Ressources-reco-des-vgtx.png?resize=525%2C300&ssl=1 1.5x, https:\/\/i0.wp.com\/blogs.lyceecfadumene.fr\/cdr\/files\/2026\/03\/Ressources-reco-des-vgtx.png?resize=700%2C400&ssl=1 2x, https:\/\/i0.wp.com\/blogs.lyceecfadumene.fr\/cdr\/files\/2026\/03\/Ressources-reco-des-vgtx.png?resize=1050%2C600&ssl=1 3x, https:\/\/i0.wp.com\/blogs.lyceecfadumene.fr\/cdr\/files\/2026\/03\/Ressources-reco-des-vgtx.png?resize=1400%2C800&ssl=1 4x"},"classes":[]},{"id":90,"url":"https:\/\/blogs.lyceecfadumene.fr\/cdr\/les-ressources-parcours\/","url_meta":{"origin":1266,"position":3},"title":"Les ressources parcours","author":"fdouan","date":"17 juin 2022","format":false,"excerpt":"Les ressources parcours Sciences Math\u00e9matiques Biologie - \u00e9cologie - botanique Sciences humaines Fran\u00e7ais Histoire - g\u00e9ographie Anglais","rel":"","context":"Article similaire","block_context":{"text":"Article similaire","link":""},"img":{"alt_text":"","src":"https:\/\/i0.wp.com\/blogs.lyceecfadumene.fr\/cdr\/files\/2024\/08\/Ressources-maths.png?resize=350%2C200&ssl=1","width":350,"height":200,"srcset":"https:\/\/i0.wp.com\/blogs.lyceecfadumene.fr\/cdr\/files\/2024\/08\/Ressources-maths.png?resize=350%2C200&ssl=1 1x, https:\/\/i0.wp.com\/blogs.lyceecfadumene.fr\/cdr\/files\/2024\/08\/Ressources-maths.png?resize=525%2C300&ssl=1 1.5x, https:\/\/i0.wp.com\/blogs.lyceecfadumene.fr\/cdr\/files\/2024\/08\/Ressources-maths.png?resize=700%2C400&ssl=1 2x, https:\/\/i0.wp.com\/blogs.lyceecfadumene.fr\/cdr\/files\/2024\/08\/Ressources-maths.png?resize=1050%2C600&ssl=1 3x, https:\/\/i0.wp.com\/blogs.lyceecfadumene.fr\/cdr\/files\/2024\/08\/Ressources-maths.png?resize=1400%2C800&ssl=1 4x"},"classes":[]},{"id":239,"url":"https:\/\/blogs.lyceecfadumene.fr\/cdr\/biologie\/","url_meta":{"origin":1266,"position":4},"title":"Ressources Biologie-\u00e9cologie-botanique","author":"fdouan","date":"28 juin 2022","format":false,"excerpt":"Cette page contient des ressources pour la Biologie et l'Ecologie. Il y a des contenus et des exercices. Les \u00e9l\u00e8ves peuvent les utiliser en classe ou seuls. Les ressources sont class\u00e9es par niveau et parfois par sp\u00e9cialit\u00e9. Le type de support est indiqu\u00e9. Si le support sur lequel se trouve\u2026","rel":"","context":"Article similaire","block_context":{"text":"Article similaire","link":""},"img":{"alt_text":"","src":"https:\/\/i0.wp.com\/blogs.lyceecfadumene.fr\/cdr\/files\/2024\/08\/leaf-4719686_1280.jpg?fit=1200%2C328&ssl=1&resize=350%2C200","width":350,"height":200,"srcset":"https:\/\/i0.wp.com\/blogs.lyceecfadumene.fr\/cdr\/files\/2024\/08\/leaf-4719686_1280.jpg?fit=1200%2C328&ssl=1&resize=350%2C200 1x, https:\/\/i0.wp.com\/blogs.lyceecfadumene.fr\/cdr\/files\/2024\/08\/leaf-4719686_1280.jpg?fit=1200%2C328&ssl=1&resize=525%2C300 1.5x, https:\/\/i0.wp.com\/blogs.lyceecfadumene.fr\/cdr\/files\/2024\/08\/leaf-4719686_1280.jpg?fit=1200%2C328&ssl=1&resize=700%2C400 2x, https:\/\/i0.wp.com\/blogs.lyceecfadumene.fr\/cdr\/files\/2024\/08\/leaf-4719686_1280.jpg?fit=1200%2C328&ssl=1&resize=1050%2C600 3x"},"classes":[]},{"id":1232,"url":"https:\/\/blogs.lyceecfadumene.fr\/cdr\/francais\/","url_meta":{"origin":1266,"position":5},"title":"Fran\u00e7ais","author":"fdouan","date":"10 mars 2026","format":false,"excerpt":"Cette page contient des ressources pour le fran\u00e7ais. Il y a des contenus et des exercices. Les \u00e9l\u00e8ves peuvent les utiliser en classe ou seuls. Les ressources sont class\u00e9es par niveau et parfois par sp\u00e9cialit\u00e9. Le type de support est indiqu\u00e9. Si le support sur lequel se trouve la ressource\u2026","rel":"","context":"Article similaire","block_context":{"text":"Article similaire","link":""},"img":{"alt_text":"","src":"https:\/\/i0.wp.com\/blogs.lyceecfadumene.fr\/cdr\/files\/2026\/03\/4262159-books-4515917_1280-e1773151110804.jpg?fit=1200%2C446&ssl=1&resize=350%2C200","width":350,"height":200,"srcset":"https:\/\/i0.wp.com\/blogs.lyceecfadumene.fr\/cdr\/files\/2026\/03\/4262159-books-4515917_1280-e1773151110804.jpg?fit=1200%2C446&ssl=1&resize=350%2C200 1x, https:\/\/i0.wp.com\/blogs.lyceecfadumene.fr\/cdr\/files\/2026\/03\/4262159-books-4515917_1280-e1773151110804.jpg?fit=1200%2C446&ssl=1&resize=525%2C300 1.5x, https:\/\/i0.wp.com\/blogs.lyceecfadumene.fr\/cdr\/files\/2026\/03\/4262159-books-4515917_1280-e1773151110804.jpg?fit=1200%2C446&ssl=1&resize=700%2C400 2x, https:\/\/i0.wp.com\/blogs.lyceecfadumene.fr\/cdr\/files\/2026\/03\/4262159-books-4515917_1280-e1773151110804.jpg?fit=1200%2C446&ssl=1&resize=1050%2C600 3x"},"classes":[]}],"_links":{"self":[{"href":"https:\/\/blogs.lyceecfadumene.fr\/cdr\/wp-json\/wp\/v2\/pages\/1266","targetHints":{"allow":["GET"]}}],"collection":[{"href":"https:\/\/blogs.lyceecfadumene.fr\/cdr\/wp-json\/wp\/v2\/pages"}],"about":[{"href":"https:\/\/blogs.lyceecfadumene.fr\/cdr\/wp-json\/wp\/v2\/types\/page"}],"author":[{"embeddable":true,"href":"https:\/\/blogs.lyceecfadumene.fr\/cdr\/wp-json\/wp\/v2\/users\/103"}],"replies":[{"embeddable":true,"href":"https:\/\/blogs.lyceecfadumene.fr\/cdr\/wp-json\/wp\/v2\/comments?post=1266"}],"version-history":[{"count":8,"href":"https:\/\/blogs.lyceecfadumene.fr\/cdr\/wp-json\/wp\/v2\/pages\/1266\/revisions"}],"predecessor-version":[{"id":1288,"href":"https:\/\/blogs.lyceecfadumene.fr\/cdr\/wp-json\/wp\/v2\/pages\/1266\/revisions\/1288"}],"wp:featuredmedia":[{"embeddable":true,"href":"https:\/\/blogs.lyceecfadumene.fr\/cdr\/wp-json\/wp\/v2\/media\/1268"}],"wp:attachment":[{"href":"https:\/\/blogs.lyceecfadumene.fr\/cdr\/wp-json\/wp\/v2\/media?parent=1266"}],"curies":[{"name":"wp","href":"https:\/\/api.w.org\/{rel}","templated":true}]}}