{"id":1232,"date":"2026-03-10T14:11:35","date_gmt":"2026-03-10T13:11:35","guid":{"rendered":"https:\/\/blogs.lyceecfadumene.fr\/cdr\/?page_id=1232"},"modified":"2026-03-10T16:15:30","modified_gmt":"2026-03-10T15:15:30","slug":"francais","status":"publish","type":"page","link":"https:\/\/blogs.lyceecfadumene.fr\/cdr\/francais\/","title":{"rendered":"Fran\u00e7ais"},"content":{"rendered":"\n<figure class=\"wp-block-image size-large\"><img data-recalc-dims=\"1\" loading=\"lazy\" decoding=\"async\" width=\"1024\" height=\"341\" data-attachment-id=\"1233\" data-permalink=\"https:\/\/blogs.lyceecfadumene.fr\/cdr\/francais\/ressources-francais\/\" data-orig-file=\"https:\/\/i0.wp.com\/blogs.lyceecfadumene.fr\/cdr\/files\/2026\/03\/Ressources-francais.png?fit=1500%2C500&amp;ssl=1\" data-orig-size=\"1500,500\" data-comments-opened=\"1\" data-image-meta=\"{&quot;aperture&quot;:&quot;0&quot;,&quot;credit&quot;:&quot;&quot;,&quot;camera&quot;:&quot;&quot;,&quot;caption&quot;:&quot;&quot;,&quot;created_timestamp&quot;:&quot;0&quot;,&quot;copyright&quot;:&quot;&quot;,&quot;focal_length&quot;:&quot;0&quot;,&quot;iso&quot;:&quot;0&quot;,&quot;shutter_speed&quot;:&quot;0&quot;,&quot;title&quot;:&quot;&quot;,&quot;orientation&quot;:&quot;0&quot;}\" data-image-title=\"Ressources fran\u00e7ais\" data-image-description=\"\" data-image-caption=\"\" data-large-file=\"https:\/\/i0.wp.com\/blogs.lyceecfadumene.fr\/cdr\/files\/2026\/03\/Ressources-francais.png?fit=1024%2C341&amp;ssl=1\" src=\"https:\/\/i0.wp.com\/blogs.lyceecfadumene.fr\/cdr\/files\/2026\/03\/Ressources-francais-1024x341.png?resize=1024%2C341&#038;ssl=1\" alt=\"\" class=\"wp-image-1233\" srcset=\"https:\/\/i0.wp.com\/blogs.lyceecfadumene.fr\/cdr\/files\/2026\/03\/Ressources-francais.png?resize=1024%2C341&amp;ssl=1 1024w, https:\/\/i0.wp.com\/blogs.lyceecfadumene.fr\/cdr\/files\/2026\/03\/Ressources-francais.png?resize=400%2C133&amp;ssl=1 400w, https:\/\/i0.wp.com\/blogs.lyceecfadumene.fr\/cdr\/files\/2026\/03\/Ressources-francais.png?resize=768%2C256&amp;ssl=1 768w, https:\/\/i0.wp.com\/blogs.lyceecfadumene.fr\/cdr\/files\/2026\/03\/Ressources-francais.png?w=1500&amp;ssl=1 1500w\" sizes=\"auto, (max-width: 1000px) 100vw, 1000px\" \/><\/figure>\n\n\n\n<p>Cette page contient des ressources pour le <strong>fran\u00e7ais<\/strong>. Il y a des contenus et des exercices. Les \u00e9l\u00e8ves peuvent les utiliser en classe ou seuls. Les ressources sont class\u00e9es par niveau et parfois par sp\u00e9cialit\u00e9. Le type de support est indiqu\u00e9.<\/p>\n\n\n\n<p>Si le support sur lequel se trouve la ressource est la plateforme de e-learning du CFA ou sur une plateforme \u00e0 laquelle l\u2019\u00e9tablissement est abonn\u00e9, n\u2019h\u00e9sitez pas \u00e0 demander l\u2019acc\u00e8s \u00e0 l\u2019animatrice du CDR.<\/p>\n\n\n\n<p class=\"has-text-align-center has-primary-color has-text-color has-link-color has-large-font-size wp-elements-fdc083f6c5b0ec65770cb5f74247ec7d\"><strong><strong><span style=\"text-decoration: underline\">Sommaire :<\/span><\/strong><\/strong><\/p>\n\n\n\n<ol class=\"wp-block-list\">\n<li><strong><a href=\"#fr-tous-niveaux\" title=\"Tous niveaux\">Tous niveaux<\/a><\/strong><\/li>\n\n\n\n<li><strong><a href=\"#fr-allophones\" title=\"Allophones\">Allophones<\/a><\/strong><\/li>\n\n\n\n<li><strong><a href=\"#fr-niv3\" title=\"Niveau 3\">Niveau 3<\/a><\/strong><\/li>\n\n\n\n<li><strong><a href=\"#fr-niv4\" title=\"Niveau 4\">Niveau 4<\/a><\/strong><\/li>\n\n\n\n<li><strong><a href=\"#fr-niv5\" title=\"Niveau 5\">Niveau 5<\/a><\/strong><\/li>\n<\/ol>\n\n\n\n<figure class=\"wp-block-image alignwide size-large\" id=\"fr-tous-niveaux\"><img data-recalc-dims=\"1\" loading=\"lazy\" decoding=\"async\" width=\"1024\" height=\"256\" data-attachment-id=\"1234\" data-permalink=\"https:\/\/blogs.lyceecfadumene.fr\/cdr\/francais\/francais-tous-niveauxv2\/\" data-orig-file=\"https:\/\/i0.wp.com\/blogs.lyceecfadumene.fr\/cdr\/files\/2026\/03\/Francais-tous-niveauxv2.png?fit=1920%2C480&amp;ssl=1\" data-orig-size=\"1920,480\" data-comments-opened=\"1\" data-image-meta=\"{&quot;aperture&quot;:&quot;0&quot;,&quot;credit&quot;:&quot;&quot;,&quot;camera&quot;:&quot;&quot;,&quot;caption&quot;:&quot;&quot;,&quot;created_timestamp&quot;:&quot;0&quot;,&quot;copyright&quot;:&quot;&quot;,&quot;focal_length&quot;:&quot;0&quot;,&quot;iso&quot;:&quot;0&quot;,&quot;shutter_speed&quot;:&quot;0&quot;,&quot;title&quot;:&quot;&quot;,&quot;orientation&quot;:&quot;0&quot;}\" data-image-title=\"Fran\u00e7ais  tous niveauxv2\" data-image-description=\"\" data-image-caption=\"\" data-large-file=\"https:\/\/i0.wp.com\/blogs.lyceecfadumene.fr\/cdr\/files\/2026\/03\/Francais-tous-niveauxv2.png?fit=1024%2C256&amp;ssl=1\" src=\"https:\/\/i0.wp.com\/blogs.lyceecfadumene.fr\/cdr\/files\/2026\/03\/Francais-tous-niveauxv2-1024x256.png?resize=1024%2C256&#038;ssl=1\" alt=\"\" class=\"wp-image-1234\" srcset=\"https:\/\/i0.wp.com\/blogs.lyceecfadumene.fr\/cdr\/files\/2026\/03\/Francais-tous-niveauxv2.png?resize=1024%2C256&amp;ssl=1 1024w, https:\/\/i0.wp.com\/blogs.lyceecfadumene.fr\/cdr\/files\/2026\/03\/Francais-tous-niveauxv2.png?resize=400%2C100&amp;ssl=1 400w, https:\/\/i0.wp.com\/blogs.lyceecfadumene.fr\/cdr\/files\/2026\/03\/Francais-tous-niveauxv2.png?resize=768%2C192&amp;ssl=1 768w, https:\/\/i0.wp.com\/blogs.lyceecfadumene.fr\/cdr\/files\/2026\/03\/Francais-tous-niveauxv2.png?resize=1536%2C384&amp;ssl=1 1536w, https:\/\/i0.wp.com\/blogs.lyceecfadumene.fr\/cdr\/files\/2026\/03\/Francais-tous-niveauxv2.png?w=1920&amp;ssl=1 1920w\" sizes=\"auto, (max-width: 1000px) 100vw, 1000px\" \/><\/figure>\n\n\n\n<figure class=\"wp-block-table alignwide\"><table><thead><tr><th>Titre<\/th><th>Auteur<\/th><th>Type<\/th><th>Dur\u00e9e<\/th><th>Niv\/Pr\u00e9requis<\/th><th>Support<\/th><th>Ressource<\/th><\/tr><\/thead><tbody><tr><td>Test de positionnement en fran\u00e7ais<\/td><td>EVA ( ANLCI )<\/td><td>Compr\u00e9hension orale et \u00e9crite + expression \u00e9crite<\/td><td>20-40 min<\/td><td>Savoir lire ( niveau adaptatif<\/td><td>test en ligne avec r\u00e9sultats aupr\u00e8s de l&rsquo;animatrice CDR<\/td><td><strong><a href=\"https:\/\/jeu.eva.anlci.gouv.fr?code=BXJ22230\" target=\"_blank\" rel=\"noopener\" title=\"\">Lien vers le test de positionnement<\/a><\/strong><\/td><\/tr><tr><td>Fran\u00e7ais sans faute<\/td><td>Lorelingo<\/td><td>Exercices vari\u00e9es de compr\u00e9hension, d&rsquo;expression ( dict\u00e9es )<\/td><td>5 min\/jour<\/td><td>Aucun<\/td><td>Application<\/td><td><strong><a href=\"https:\/\/www.francaissansfautes.fr\/\" target=\"_blank\" rel=\"noopener\" title=\"\">Lien vers l&rsquo;outil<\/a><\/strong><\/td><\/tr><tr><td>Fran\u00e7aisfacile.com<\/td><td>Fran\u00e7aisfacile.com<\/td><td>Exercices vari\u00e9es de compr\u00e9hension et d&rsquo;expression \u00e9crites<\/td><td>2-3 min \/ exercice<\/td><td>Savoir lire<\/td><td>Site avec exercices en ligne<\/td><td><strong><a href=\"https:\/\/www.francaisfacile.com\/\" target=\"_blank\" rel=\"noopener\" title=\"\">Lien vers le site<\/a><\/strong><\/td><\/tr><tr><td>Ortholud<\/td><td>Ortholud<\/td><td>Exercices vari\u00e9es de compr\u00e9hension et d&rsquo;expression \u00e9crites<\/td><td>2-3 min \/ exercice<\/td><td>Savoir lire<\/td><td>Site avec exercices en ligne<\/td><td><strong><a href=\"https:\/\/www.ortholud.com\/index.html\" target=\"_blank\" rel=\"noopener\" title=\"\">Lien vers le site<\/a><\/strong><\/td><\/tr><\/tbody><\/table><\/figure>\n\n\n\n<figure class=\"wp-block-image alignwide size-large\" id=\"fr-allophones\"><img data-recalc-dims=\"1\" loading=\"lazy\" decoding=\"async\" width=\"1024\" height=\"256\" data-attachment-id=\"1235\" data-permalink=\"https:\/\/blogs.lyceecfadumene.fr\/cdr\/francais\/francais-allophones\/\" data-orig-file=\"https:\/\/i0.wp.com\/blogs.lyceecfadumene.fr\/cdr\/files\/2026\/03\/Francais-allophones.png?fit=1920%2C480&amp;ssl=1\" data-orig-size=\"1920,480\" data-comments-opened=\"1\" data-image-meta=\"{&quot;aperture&quot;:&quot;0&quot;,&quot;credit&quot;:&quot;&quot;,&quot;camera&quot;:&quot;&quot;,&quot;caption&quot;:&quot;&quot;,&quot;created_timestamp&quot;:&quot;0&quot;,&quot;copyright&quot;:&quot;&quot;,&quot;focal_length&quot;:&quot;0&quot;,&quot;iso&quot;:&quot;0&quot;,&quot;shutter_speed&quot;:&quot;0&quot;,&quot;title&quot;:&quot;&quot;,&quot;orientation&quot;:&quot;0&quot;}\" data-image-title=\"Fran\u00e7ais allophones\" data-image-description=\"\" data-image-caption=\"\" data-large-file=\"https:\/\/i0.wp.com\/blogs.lyceecfadumene.fr\/cdr\/files\/2026\/03\/Francais-allophones.png?fit=1024%2C256&amp;ssl=1\" src=\"https:\/\/i0.wp.com\/blogs.lyceecfadumene.fr\/cdr\/files\/2026\/03\/Francais-allophones-1024x256.png?resize=1024%2C256&#038;ssl=1\" alt=\"\" class=\"wp-image-1235\" srcset=\"https:\/\/i0.wp.com\/blogs.lyceecfadumene.fr\/cdr\/files\/2026\/03\/Francais-allophones.png?resize=1024%2C256&amp;ssl=1 1024w, https:\/\/i0.wp.com\/blogs.lyceecfadumene.fr\/cdr\/files\/2026\/03\/Francais-allophones.png?resize=400%2C100&amp;ssl=1 400w, https:\/\/i0.wp.com\/blogs.lyceecfadumene.fr\/cdr\/files\/2026\/03\/Francais-allophones.png?resize=768%2C192&amp;ssl=1 768w, https:\/\/i0.wp.com\/blogs.lyceecfadumene.fr\/cdr\/files\/2026\/03\/Francais-allophones.png?resize=1536%2C384&amp;ssl=1 1536w, https:\/\/i0.wp.com\/blogs.lyceecfadumene.fr\/cdr\/files\/2026\/03\/Francais-allophones.png?w=1920&amp;ssl=1 1920w\" sizes=\"auto, (max-width: 1000px) 100vw, 1000px\" \/><\/figure>\n\n\n\n<figure class=\"wp-block-table alignwide\"><table><thead><tr><th>Titre<\/th><th>Auteur<\/th><th>Type<\/th><th>Dur\u00e9e<\/th><th>Niv\/Pr\u00e9requis<\/th><th>Support<\/th><th>Ressource<\/th><\/tr><\/thead><tbody><tr><td>Exercice phon\u00e9tique : Opposition R [ \u0281 ] et L [ l ]<\/td><td>France Podcast<\/td><td>Compr\u00e9hension orale<\/td><td>5-6 min<\/td><td>Aucun<\/td><td>Audio + test en ligne<\/td><td><strong><a href=\"https:\/\/www.francepodcasts.com\/2022\/03\/14\/opposition-r-%ca%81-et-l-l\/\" target=\"_blank\" rel=\"noopener\" title=\"Lien vers l'exercice\">Lien vers l&rsquo;exercice<\/a><\/strong><\/td><\/tr><tr><td>Exercice phon\u00e9tique : Les accents<\/td><td>France Podcast<\/td><td>Compr\u00e9hension orale<\/td><td>5 min<\/td><td>Aucun<\/td><td>Audio + test en ligne<\/td><td><strong><a href=\"https:\/\/www.francepodcasts.com\/2022\/02\/18\/les-accents\/\" target=\"_blank\" rel=\"noopener\" title=\"Lien vers l'exercice\">Lien vers l&rsquo;exercice<\/a><\/strong><\/td><\/tr><tr><td>Exercice phon\u00e9tique : Les voyelles<\/td><td>France Podcast<\/td><td>Compr\u00e9hension orale<\/td><td>3 min<\/td><td>Aucun<\/td><td>Audio + test en ligne<\/td><td><strong><a href=\"https:\/\/www.francepodcasts.com\/2020\/01\/07\/les-voyelles\/\" target=\"_blank\" rel=\"noopener\" title=\"Lien vers l'exercice\">Lien vers l&rsquo;exercice<\/a><\/strong><\/td><\/tr><tr><td>Exercice phon\u00e9tique : La liaison<\/td><td>France Podcast<\/td><td>Compr\u00e9hension orale<\/td><td>3 min ( + 30 min de vid\u00e9os )<\/td><td>Aucun<\/td><td>Audio + test en ligne<\/td><td><strong><a href=\"https:\/\/www.francepodcasts.com\/2019\/12\/11\/la-liaison\/\" target=\"_blank\" rel=\"noopener\" title=\"\">Lien vers l&rsquo;exercice<\/a><\/strong><\/td><\/tr><tr><td>Fiches de production orale : description d\u2019image<\/td><td>France Podcast<\/td><td>Expression orale ou \u00e9crite<\/td><td>5-10 min par fiche<\/td><td>Bases du fran\u00e7ais parl\u00e9<\/td><td>Fiches de production orale<\/td><td><strong><a href=\"https:\/\/www.francepodcasts.com\/2020\/01\/29\/fiches-de-production-orale-description-image\/\" target=\"_blank\" rel=\"noopener\" title=\"\">Lien vers l&rsquo;exercice<\/a><\/strong><\/td><\/tr><tr><td>Compr\u00e9hension sur le th\u00e8me de la musique<\/td><td>TV5 Monde<\/td><td>Compr\u00e9hension orale<\/td><td>5-10 min<\/td><td>Bases du fran\u00e7ais parl\u00e9<\/td><td>Audio + test en ligne<\/td><td><strong><a href=\"https:\/\/apprendre.tv5monde.com\/fr\/exercices\/a1-debutant\/musique\" target=\"_blank\" rel=\"noopener\" title=\"\">Lien vers l&rsquo;exercice<\/a><\/strong><\/td><\/tr><tr><td>Compr\u00e9hension sur le th\u00e8me du voyage<\/td><td>TV5 Monde<\/td><td>Compr\u00e9hension orale<\/td><td>5-10 min<\/td><td>Bases du fran\u00e7ais parl\u00e9<\/td><td>Audio + test en ligne<\/td><td><strong><a href=\"https:\/\/apprendre.tv5monde.com\/fr\/exercices\/a1-debutant\/voyages\" target=\"_blank\" rel=\"noopener\" title=\"\">Lien vers l&rsquo;exercice<\/a><\/strong><\/td><\/tr><\/tbody><\/table><\/figure>\n\n\n\n<figure class=\"wp-block-image alignwide size-large\" id=\"fr-niv3\"><img data-recalc-dims=\"1\" loading=\"lazy\" decoding=\"async\" width=\"1024\" height=\"256\" data-attachment-id=\"1236\" data-permalink=\"https:\/\/blogs.lyceecfadumene.fr\/cdr\/francais\/francais-niv-3v2\/\" data-orig-file=\"https:\/\/i0.wp.com\/blogs.lyceecfadumene.fr\/cdr\/files\/2026\/03\/Francais-niv-3v2.png?fit=1920%2C480&amp;ssl=1\" data-orig-size=\"1920,480\" data-comments-opened=\"1\" data-image-meta=\"{&quot;aperture&quot;:&quot;0&quot;,&quot;credit&quot;:&quot;&quot;,&quot;camera&quot;:&quot;&quot;,&quot;caption&quot;:&quot;&quot;,&quot;created_timestamp&quot;:&quot;0&quot;,&quot;copyright&quot;:&quot;&quot;,&quot;focal_length&quot;:&quot;0&quot;,&quot;iso&quot;:&quot;0&quot;,&quot;shutter_speed&quot;:&quot;0&quot;,&quot;title&quot;:&quot;&quot;,&quot;orientation&quot;:&quot;0&quot;}\" data-image-title=\"Fran\u00e7ais  niv 3v2\" data-image-description=\"\" data-image-caption=\"\" data-large-file=\"https:\/\/i0.wp.com\/blogs.lyceecfadumene.fr\/cdr\/files\/2026\/03\/Francais-niv-3v2.png?fit=1024%2C256&amp;ssl=1\" src=\"https:\/\/i0.wp.com\/blogs.lyceecfadumene.fr\/cdr\/files\/2026\/03\/Francais-niv-3v2-1024x256.png?resize=1024%2C256&#038;ssl=1\" alt=\"\" class=\"wp-image-1236\" srcset=\"https:\/\/i0.wp.com\/blogs.lyceecfadumene.fr\/cdr\/files\/2026\/03\/Francais-niv-3v2.png?resize=1024%2C256&amp;ssl=1 1024w, https:\/\/i0.wp.com\/blogs.lyceecfadumene.fr\/cdr\/files\/2026\/03\/Francais-niv-3v2.png?resize=400%2C100&amp;ssl=1 400w, https:\/\/i0.wp.com\/blogs.lyceecfadumene.fr\/cdr\/files\/2026\/03\/Francais-niv-3v2.png?resize=768%2C192&amp;ssl=1 768w, https:\/\/i0.wp.com\/blogs.lyceecfadumene.fr\/cdr\/files\/2026\/03\/Francais-niv-3v2.png?resize=1536%2C384&amp;ssl=1 1536w, https:\/\/i0.wp.com\/blogs.lyceecfadumene.fr\/cdr\/files\/2026\/03\/Francais-niv-3v2.png?w=1920&amp;ssl=1 1920w\" sizes=\"auto, (max-width: 1000px) 100vw, 1000px\" \/><\/figure>\n\n\n\n<figure class=\"wp-block-image alignwide size-large\" id=\"fr-niv4\"><img data-recalc-dims=\"1\" loading=\"lazy\" decoding=\"async\" width=\"1024\" height=\"256\" data-attachment-id=\"1237\" data-permalink=\"https:\/\/blogs.lyceecfadumene.fr\/cdr\/francais\/francais-niv-4v2\/\" data-orig-file=\"https:\/\/i0.wp.com\/blogs.lyceecfadumene.fr\/cdr\/files\/2026\/03\/Francais-niv-4v2.png?fit=1920%2C480&amp;ssl=1\" data-orig-size=\"1920,480\" data-comments-opened=\"1\" data-image-meta=\"{&quot;aperture&quot;:&quot;0&quot;,&quot;credit&quot;:&quot;&quot;,&quot;camera&quot;:&quot;&quot;,&quot;caption&quot;:&quot;&quot;,&quot;created_timestamp&quot;:&quot;0&quot;,&quot;copyright&quot;:&quot;&quot;,&quot;focal_length&quot;:&quot;0&quot;,&quot;iso&quot;:&quot;0&quot;,&quot;shutter_speed&quot;:&quot;0&quot;,&quot;title&quot;:&quot;&quot;,&quot;orientation&quot;:&quot;0&quot;}\" data-image-title=\"Fran\u00e7ais  niv 4v2\" data-image-description=\"\" data-image-caption=\"\" data-large-file=\"https:\/\/i0.wp.com\/blogs.lyceecfadumene.fr\/cdr\/files\/2026\/03\/Francais-niv-4v2.png?fit=1024%2C256&amp;ssl=1\" src=\"https:\/\/i0.wp.com\/blogs.lyceecfadumene.fr\/cdr\/files\/2026\/03\/Francais-niv-4v2-1024x256.png?resize=1024%2C256&#038;ssl=1\" alt=\"\" class=\"wp-image-1237\" srcset=\"https:\/\/i0.wp.com\/blogs.lyceecfadumene.fr\/cdr\/files\/2026\/03\/Francais-niv-4v2.png?resize=1024%2C256&amp;ssl=1 1024w, https:\/\/i0.wp.com\/blogs.lyceecfadumene.fr\/cdr\/files\/2026\/03\/Francais-niv-4v2.png?resize=400%2C100&amp;ssl=1 400w, https:\/\/i0.wp.com\/blogs.lyceecfadumene.fr\/cdr\/files\/2026\/03\/Francais-niv-4v2.png?resize=768%2C192&amp;ssl=1 768w, https:\/\/i0.wp.com\/blogs.lyceecfadumene.fr\/cdr\/files\/2026\/03\/Francais-niv-4v2.png?resize=1536%2C384&amp;ssl=1 1536w, https:\/\/i0.wp.com\/blogs.lyceecfadumene.fr\/cdr\/files\/2026\/03\/Francais-niv-4v2.png?w=1920&amp;ssl=1 1920w\" sizes=\"auto, (max-width: 1000px) 100vw, 1000px\" \/><\/figure>\n\n\n\n<figure class=\"wp-block-table alignwide\"><table><thead><tr><th>Titre<\/th><th>Auteur<\/th><th>Type<\/th><th>Dur\u00e9e<\/th><th>Niv\/Pr\u00e9requis<\/th><th>Support<\/th><th>Ressource<\/th><\/tr><\/thead><tbody><tr><td>Test de positionnement niv4<\/td><td>B.M<\/td><td>QCM autocorrectif<\/td><td>5-6 min<\/td><td>Fran\u00e7ais niv 3<\/td><td>test sur Moodle<\/td><td>Ressource sur Moodle<em> ( demander acc\u00e8s animatrice CDR )<\/em><\/td><\/tr><\/tbody><\/table><\/figure>\n\n\n\n<figure class=\"wp-block-image alignwide size-large\" id=\"fr-niv5\"><img data-recalc-dims=\"1\" loading=\"lazy\" decoding=\"async\" width=\"1024\" height=\"256\" data-attachment-id=\"1238\" data-permalink=\"https:\/\/blogs.lyceecfadumene.fr\/cdr\/francais\/francais-niv-5v2\/\" data-orig-file=\"https:\/\/i0.wp.com\/blogs.lyceecfadumene.fr\/cdr\/files\/2026\/03\/Francais-niv-5v2.png?fit=1920%2C480&amp;ssl=1\" data-orig-size=\"1920,480\" data-comments-opened=\"1\" data-image-meta=\"{&quot;aperture&quot;:&quot;0&quot;,&quot;credit&quot;:&quot;&quot;,&quot;camera&quot;:&quot;&quot;,&quot;caption&quot;:&quot;&quot;,&quot;created_timestamp&quot;:&quot;0&quot;,&quot;copyright&quot;:&quot;&quot;,&quot;focal_length&quot;:&quot;0&quot;,&quot;iso&quot;:&quot;0&quot;,&quot;shutter_speed&quot;:&quot;0&quot;,&quot;title&quot;:&quot;&quot;,&quot;orientation&quot;:&quot;0&quot;}\" data-image-title=\"Fran\u00e7ais  niv 5v2\" data-image-description=\"\" data-image-caption=\"\" data-large-file=\"https:\/\/i0.wp.com\/blogs.lyceecfadumene.fr\/cdr\/files\/2026\/03\/Francais-niv-5v2.png?fit=1024%2C256&amp;ssl=1\" src=\"https:\/\/i0.wp.com\/blogs.lyceecfadumene.fr\/cdr\/files\/2026\/03\/Francais-niv-5v2-1024x256.png?resize=1024%2C256&#038;ssl=1\" alt=\"\" class=\"wp-image-1238\" srcset=\"https:\/\/i0.wp.com\/blogs.lyceecfadumene.fr\/cdr\/files\/2026\/03\/Francais-niv-5v2.png?resize=1024%2C256&amp;ssl=1 1024w, https:\/\/i0.wp.com\/blogs.lyceecfadumene.fr\/cdr\/files\/2026\/03\/Francais-niv-5v2.png?resize=400%2C100&amp;ssl=1 400w, https:\/\/i0.wp.com\/blogs.lyceecfadumene.fr\/cdr\/files\/2026\/03\/Francais-niv-5v2.png?resize=768%2C192&amp;ssl=1 768w, https:\/\/i0.wp.com\/blogs.lyceecfadumene.fr\/cdr\/files\/2026\/03\/Francais-niv-5v2.png?resize=1536%2C384&amp;ssl=1 1536w, https:\/\/i0.wp.com\/blogs.lyceecfadumene.fr\/cdr\/files\/2026\/03\/Francais-niv-5v2.png?w=1920&amp;ssl=1 1920w\" sizes=\"auto, (max-width: 1000px) 100vw, 1000px\" \/><\/figure>\n\n\n\n<figure class=\"wp-block-table alignwide\"><table><thead><tr><th>Titre<\/th><th>Auteur<\/th><th>Type<\/th><th>Dur\u00e9e<\/th><th>Niv\/Pr\u00e9requis<\/th><th>Support<\/th><th>Ressource<\/th><\/tr><\/thead><tbody><tr><td>Test de positionnement niv 5<\/td><td>B.M<\/td><td>QCM autocorrectif<\/td><td>5-6 min<\/td><td>Fran\u00e7ais niv 5<\/td><td>test sur Moodle<\/td><td>Ressource sur Moodle<em> ( demander acc\u00e8s animatrice CDR )<\/em><\/td><\/tr><\/tbody><\/table><\/figure>\n","protected":false},"excerpt":{"rendered":"<p>Cette page contient des ressources pour le fran\u00e7ais. Il y a des contenus et des exercices. Les \u00e9l\u00e8ves peuvent les utiliser en classe ou seuls. Les ressources sont class\u00e9es par niveau et parfois par sp\u00e9cialit\u00e9. Le type de support est indiqu\u00e9. Si le support sur lequel se trouve la ressource est la plateforme de e-learning [&hellip;]<\/p>\n","protected":false},"author":103,"featured_media":1251,"parent":0,"menu_order":0,"comment_status":"closed","ping_status":"closed","template":"","meta":{"footnotes":""},"class_list":["post-1232","page","type-page","status-publish","has-post-thumbnail","hentry"],"aioseo_notices":[],"jetpack_sharing_enabled":true,"jetpack-related-posts":[{"id":1352,"url":"https:\/\/blogs.lyceecfadumene.fr\/cdr\/ressources-paysage\/","url_meta":{"origin":1232,"position":0},"title":"Ressources paysage","author":"fdouan","date":"8 avril 2026","format":false,"excerpt":"Cette page contient des ressources pour le Paysage. Il y a des contenus et des exercices. Les \u00e9l\u00e8ves peuvent les utiliser en classe ou seuls. Les ressources sont class\u00e9es par niveau et parfois par sp\u00e9cialit\u00e9. Le type de support est indiqu\u00e9. Si le support sur lequel se trouve la ressource\u2026","rel":"","context":"Article similaire","block_context":{"text":"Article similaire","link":""},"img":{"alt_text":"","src":"https:\/\/i0.wp.com\/blogs.lyceecfadumene.fr\/cdr\/files\/2026\/04\/guy_dugas-chateau-de-villandry-1147841_1280-e1775639747172.jpg?fit=1200%2C534&ssl=1&resize=350%2C200","width":350,"height":200,"srcset":"https:\/\/i0.wp.com\/blogs.lyceecfadumene.fr\/cdr\/files\/2026\/04\/guy_dugas-chateau-de-villandry-1147841_1280-e1775639747172.jpg?fit=1200%2C534&ssl=1&resize=350%2C200 1x, https:\/\/i0.wp.com\/blogs.lyceecfadumene.fr\/cdr\/files\/2026\/04\/guy_dugas-chateau-de-villandry-1147841_1280-e1775639747172.jpg?fit=1200%2C534&ssl=1&resize=525%2C300 1.5x, https:\/\/i0.wp.com\/blogs.lyceecfadumene.fr\/cdr\/files\/2026\/04\/guy_dugas-chateau-de-villandry-1147841_1280-e1775639747172.jpg?fit=1200%2C534&ssl=1&resize=700%2C400 2x, https:\/\/i0.wp.com\/blogs.lyceecfadumene.fr\/cdr\/files\/2026\/04\/guy_dugas-chateau-de-villandry-1147841_1280-e1775639747172.jpg?fit=1200%2C534&ssl=1&resize=1050%2C600 3x"},"classes":[]},{"id":165,"url":"https:\/\/blogs.lyceecfadumene.fr\/cdr\/les-ressources-parcours\/niveau-3\/mathematiques\/","url_meta":{"origin":1232,"position":1},"title":"Ressources Math\u00e9matiques","author":"fdouan","date":"21 juin 2022","format":false,"excerpt":"Cette page contient des ressources pour les math\u00e9matiques. Il y a des contenus et des exercices. Les \u00e9l\u00e8ves peuvent les utiliser en classe ou seuls. Les ressources sont class\u00e9es par niveau et parfois par sp\u00e9cialit\u00e9. Le type de support est indiqu\u00e9. Si le support sur lequel se trouve la ressource\u2026","rel":"","context":"Article similaire","block_context":{"text":"Article similaire","link":""},"img":{"alt_text":"","src":"https:\/\/i0.wp.com\/blogs.lyceecfadumene.fr\/cdr\/files\/2024\/08\/geometry-1023846_1280bis.jpg?fit=1150%2C350&ssl=1&resize=350%2C200","width":350,"height":200,"srcset":"https:\/\/i0.wp.com\/blogs.lyceecfadumene.fr\/cdr\/files\/2024\/08\/geometry-1023846_1280bis.jpg?fit=1150%2C350&ssl=1&resize=350%2C200 1x, https:\/\/i0.wp.com\/blogs.lyceecfadumene.fr\/cdr\/files\/2024\/08\/geometry-1023846_1280bis.jpg?fit=1150%2C350&ssl=1&resize=525%2C300 1.5x, https:\/\/i0.wp.com\/blogs.lyceecfadumene.fr\/cdr\/files\/2024\/08\/geometry-1023846_1280bis.jpg?fit=1150%2C350&ssl=1&resize=700%2C400 2x, https:\/\/i0.wp.com\/blogs.lyceecfadumene.fr\/cdr\/files\/2024\/08\/geometry-1023846_1280bis.jpg?fit=1150%2C350&ssl=1&resize=1050%2C600 3x"},"classes":[]},{"id":1266,"url":"https:\/\/blogs.lyceecfadumene.fr\/cdr\/histoire-geographie\/","url_meta":{"origin":1232,"position":2},"title":"Histoire-g\u00e9ographie","author":"fdouan","date":"10 mars 2026","format":false,"excerpt":"Cette page contient des ressources pour l'Histoire-G\u00e9ographie. Il y a des contenus et des exercices. Les \u00e9l\u00e8ves peuvent les utiliser en classe ou seuls. Les ressources sont class\u00e9es par niveau et parfois par sp\u00e9cialit\u00e9. Le type de support est indiqu\u00e9. Si le support sur lequel se trouve la ressource est\u2026","rel":"","context":"Article similaire","block_context":{"text":"Article similaire","link":""},"img":{"alt_text":"","src":"https:\/\/i0.wp.com\/blogs.lyceecfadumene.fr\/cdr\/files\/2026\/03\/ohalso-map-5653496_1280-e1773157864569.jpg?fit=1200%2C474&ssl=1&resize=350%2C200","width":350,"height":200,"srcset":"https:\/\/i0.wp.com\/blogs.lyceecfadumene.fr\/cdr\/files\/2026\/03\/ohalso-map-5653496_1280-e1773157864569.jpg?fit=1200%2C474&ssl=1&resize=350%2C200 1x, https:\/\/i0.wp.com\/blogs.lyceecfadumene.fr\/cdr\/files\/2026\/03\/ohalso-map-5653496_1280-e1773157864569.jpg?fit=1200%2C474&ssl=1&resize=525%2C300 1.5x, https:\/\/i0.wp.com\/blogs.lyceecfadumene.fr\/cdr\/files\/2026\/03\/ohalso-map-5653496_1280-e1773157864569.jpg?fit=1200%2C474&ssl=1&resize=700%2C400 2x, https:\/\/i0.wp.com\/blogs.lyceecfadumene.fr\/cdr\/files\/2026\/03\/ohalso-map-5653496_1280-e1773157864569.jpg?fit=1200%2C474&ssl=1&resize=1050%2C600 3x"},"classes":[]},{"id":1333,"url":"https:\/\/blogs.lyceecfadumene.fr\/cdr\/reconnaissance-des-vegetaux\/","url_meta":{"origin":1232,"position":3},"title":"Reconnaissance des v\u00e9g\u00e9taux","author":"fdouan","date":"17 mars 2026","format":false,"excerpt":"Cette page contient des ressources pour la reconnaissance des v\u00e9g\u00e9taux. Il y a des contenus et des exercices. Les \u00e9l\u00e8ves peuvent les utiliser en classe ou seuls. Les ressources sont class\u00e9es par niveau et parfois par sp\u00e9cialit\u00e9. Le type de support est indiqu\u00e9. Si le support sur lequel se trouve\u2026","rel":"","context":"Article similaire","block_context":{"text":"Article similaire","link":""},"img":{"alt_text":"","src":"https:\/\/i0.wp.com\/blogs.lyceecfadumene.fr\/cdr\/files\/2026\/03\/Ressources-reco-des-vgtx.png?resize=350%2C200&ssl=1","width":350,"height":200,"srcset":"https:\/\/i0.wp.com\/blogs.lyceecfadumene.fr\/cdr\/files\/2026\/03\/Ressources-reco-des-vgtx.png?resize=350%2C200&ssl=1 1x, https:\/\/i0.wp.com\/blogs.lyceecfadumene.fr\/cdr\/files\/2026\/03\/Ressources-reco-des-vgtx.png?resize=525%2C300&ssl=1 1.5x, https:\/\/i0.wp.com\/blogs.lyceecfadumene.fr\/cdr\/files\/2026\/03\/Ressources-reco-des-vgtx.png?resize=700%2C400&ssl=1 2x, https:\/\/i0.wp.com\/blogs.lyceecfadumene.fr\/cdr\/files\/2026\/03\/Ressources-reco-des-vgtx.png?resize=1050%2C600&ssl=1 3x, https:\/\/i0.wp.com\/blogs.lyceecfadumene.fr\/cdr\/files\/2026\/03\/Ressources-reco-des-vgtx.png?resize=1400%2C800&ssl=1 4x"},"classes":[]},{"id":239,"url":"https:\/\/blogs.lyceecfadumene.fr\/cdr\/biologie\/","url_meta":{"origin":1232,"position":4},"title":"Ressources Biologie-\u00e9cologie-botanique","author":"fdouan","date":"28 juin 2022","format":false,"excerpt":"Cette page contient des ressources pour la Biologie et l'Ecologie. Il y a des contenus et des exercices. Les \u00e9l\u00e8ves peuvent les utiliser en classe ou seuls. Les ressources sont class\u00e9es par niveau et parfois par sp\u00e9cialit\u00e9. Le type de support est indiqu\u00e9. Si le support sur lequel se trouve\u2026","rel":"","context":"Article similaire","block_context":{"text":"Article similaire","link":""},"img":{"alt_text":"","src":"https:\/\/i0.wp.com\/blogs.lyceecfadumene.fr\/cdr\/files\/2024\/08\/leaf-4719686_1280.jpg?fit=1200%2C328&ssl=1&resize=350%2C200","width":350,"height":200,"srcset":"https:\/\/i0.wp.com\/blogs.lyceecfadumene.fr\/cdr\/files\/2024\/08\/leaf-4719686_1280.jpg?fit=1200%2C328&ssl=1&resize=350%2C200 1x, https:\/\/i0.wp.com\/blogs.lyceecfadumene.fr\/cdr\/files\/2024\/08\/leaf-4719686_1280.jpg?fit=1200%2C328&ssl=1&resize=525%2C300 1.5x, https:\/\/i0.wp.com\/blogs.lyceecfadumene.fr\/cdr\/files\/2024\/08\/leaf-4719686_1280.jpg?fit=1200%2C328&ssl=1&resize=700%2C400 2x, https:\/\/i0.wp.com\/blogs.lyceecfadumene.fr\/cdr\/files\/2024\/08\/leaf-4719686_1280.jpg?fit=1200%2C328&ssl=1&resize=1050%2C600 3x"},"classes":[]},{"id":144,"url":"https:\/\/blogs.lyceecfadumene.fr\/cdr\/les-ressources-parcours\/capa-jp\/","url_meta":{"origin":1232,"position":5},"title":"CAPA JP","author":"fdouan","date":"21 juin 2022","format":false,"excerpt":"Cette page regroupe les ressources parcours ( soit les ressources de contenu ou d'exercices pouvant servir directement en cours ou en autonomie aux apprenants, pour en savoir plus, vous pouvez consulter le Lexique afin d'obtenir davantage de typologie de ressources ) concernant le CAPA Jardinier Paysagiste. Ces ressources sont class\u00e9es\u2026","rel":"","context":"Article similaire","block_context":{"text":"Article similaire","link":""},"img":{"alt_text":"","src":"https:\/\/i0.wp.com\/blogs.lyceecfadumene.fr\/cdr\/files\/2022\/06\/CAPA-JP-banniere.png?fit=1200%2C400&ssl=1&resize=350%2C200","width":350,"height":200,"srcset":"https:\/\/i0.wp.com\/blogs.lyceecfadumene.fr\/cdr\/files\/2022\/06\/CAPA-JP-banniere.png?fit=1200%2C400&ssl=1&resize=350%2C200 1x, https:\/\/i0.wp.com\/blogs.lyceecfadumene.fr\/cdr\/files\/2022\/06\/CAPA-JP-banniere.png?fit=1200%2C400&ssl=1&resize=525%2C300 1.5x, https:\/\/i0.wp.com\/blogs.lyceecfadumene.fr\/cdr\/files\/2022\/06\/CAPA-JP-banniere.png?fit=1200%2C400&ssl=1&resize=700%2C400 2x, https:\/\/i0.wp.com\/blogs.lyceecfadumene.fr\/cdr\/files\/2022\/06\/CAPA-JP-banniere.png?fit=1200%2C400&ssl=1&resize=1050%2C600 3x"},"classes":[]}],"_links":{"self":[{"href":"https:\/\/blogs.lyceecfadumene.fr\/cdr\/wp-json\/wp\/v2\/pages\/1232","targetHints":{"allow":["GET"]}}],"collection":[{"href":"https:\/\/blogs.lyceecfadumene.fr\/cdr\/wp-json\/wp\/v2\/pages"}],"about":[{"href":"https:\/\/blogs.lyceecfadumene.fr\/cdr\/wp-json\/wp\/v2\/types\/page"}],"author":[{"embeddable":true,"href":"https:\/\/blogs.lyceecfadumene.fr\/cdr\/wp-json\/wp\/v2\/users\/103"}],"replies":[{"embeddable":true,"href":"https:\/\/blogs.lyceecfadumene.fr\/cdr\/wp-json\/wp\/v2\/comments?post=1232"}],"version-history":[{"count":10,"href":"https:\/\/blogs.lyceecfadumene.fr\/cdr\/wp-json\/wp\/v2\/pages\/1232\/revisions"}],"predecessor-version":[{"id":1257,"href":"https:\/\/blogs.lyceecfadumene.fr\/cdr\/wp-json\/wp\/v2\/pages\/1232\/revisions\/1257"}],"wp:featuredmedia":[{"embeddable":true,"href":"https:\/\/blogs.lyceecfadumene.fr\/cdr\/wp-json\/wp\/v2\/media\/1251"}],"wp:attachment":[{"href":"https:\/\/blogs.lyceecfadumene.fr\/cdr\/wp-json\/wp\/v2\/media?parent=1232"}],"curies":[{"name":"wp","href":"https:\/\/api.w.org\/{rel}","templated":true}]}}